{"id":8664,"date":"2024-07-16T10:28:07","date_gmt":"2024-07-16T08:28:07","guid":{"rendered":"https:\/\/iicbelgrado.esteri.it\/gli_eventi\/archivio-eventi\/"},"modified":"2024-08-05T19:58:46","modified_gmt":"2024-08-05T17:58:46","slug":"archivio-eventi","status":"publish","type":"page","link":"https:\/\/iicbelgrado.esteri.it\/sr\/gli_eventi\/archivio-eventi\/","title":{"rendered":"Arhiva doga\u0111aja"},"content":{"rendered":"        <div class=\"row\">\n\t\t\t<!-- Ricerca sedi post -->\n\t\t\t<div class=\"col-12 mt-4\">\n\t\t\t  <div class=\"callout callout-highlight note ricerca-esteri p-4\">\n                    <div class=\"callout-title\">\n                        <svg class=\"icon\">\n                            <use xlink:href=\"https:\/\/iicbelgrado.esteri.it\/wp-content\/themes\/sedi-tema\/assets\/svg\/sprites.svg#it-search\"><\/use>\n                        <\/svg>Unesi parametre za pretragu                    <\/div>\n                    <form id=\"searchFormPost\" name=\"form-search-post\" class=\"form-row align-items-center\" action=\"https:\/\/iicbelgrado.esteri.it\/sr\/wp-json\/wp\/v2\/pages\/8664\/\" method=\"GET\"> \n                        <!-- <div class=\"form-group pt-5\"> -->\n                            <!-- <input type=\"hidden\" id=\"lang\" name=\"lang\" value=\"\"> --> <!-- <\/div> -->\n\n                        <div class=\"it-datepicker-wrapper\">\n                            <div class=\"row\">\n                                <div class=\"form-group col-md-6\">\n                                    <label class=\"active\" for=\"date-init\">Od<\/label>\n                                    <input class=\"form-control\" name=\"date-init\" id=\"date-init\" type=\"date\" placeholder=\"gg\/mm\/aaaa\" value=\"\"lang=\"en-EN\">  \n                                <\/div>\n                                <div class=\"form-group col-md-6\">\n                                    <label class=\"active\" for=\"date-end\">Do<\/label>\n                                    <input class=\"form-control\" name=\"date-end\" id=\"date-end\" type=\"date\" placeholder=\"gg\/mm\/aaaa\" value=\"\">\n                                <\/div>\n                            <\/div>\n                        <\/div>\n                        <div class=\"form-group col-md-12 mt-3\">\n                            <label for=\"searchText\">Slobodna pretraga<\/label>\n                            <input type=\"text\" name=\"searchText\" class=\"form-control\" id=\"searchText\" value=\"\">\n                        <\/div>\n                        <div class=\"form-group col-md-4 offset-md-8 text-end\">\n                            <a href=\"https:\/\/iicbelgrado.esteri.it\/sr\/gli_eventi\/archivio-eventi\/\" title=\"Form reset\" id=\"resetImput\" class=\"btn btn-outline-primary btn-xs\">Reset<\/a>\n                            <button type=\"submit\" class=\"btn btn-primary btn-xs\">Prika\u017ei rezultate<\/button>\n                        <\/div>\n                    <\/form>\n\t\t\t\t<\/div>\n\t\t\t<\/div>\n\t\t<\/div>\n                    \n            <div class=\"row\">\n                            <div class=\"col-12 mt-3\">\n                <!--start card-->\n                <div class=\"card-wrapper card-space\">\n                    <div class=\"card card-bg card-big border-bottom-card\">\n                        <div class=\"card-body row\">\n                                                    <div class=\"col-sm-3\">\n                                <div class=\"img-responsive\">\n                                    <figure class=\"img-wrapper\">\n                                        <a href=\"https:\/\/iicbelgrado.esteri.it\/sr\/gli_eventi\/calendario\/koncert-klarinetiste-nikole-marjanova\/\" title=\"Pro\u010ditajte \u010dlanak: Koncert klarinetiste Nikole Marjanova\">\n                                                                                            <img loading=\"lazy\" decoding=\"async\" width=\"240\" height=\"300\" src=\"https:\/\/iicbelgrado.esteri.it\/wp-content\/uploads\/2026\/07\/Nikola-Marjanov-240x300.jpeg\" srcset=\"https:\/\/iicbelgrado.esteri.it\/wp-content\/uploads\/2026\/07\/Nikola-Marjanov.jpeg 1080w, https:\/\/iicbelgrado.esteri.it\/wp-content\/uploads\/2026\/07\/Nikola-Marjanov-240x300.jpeg 240w, https:\/\/iicbelgrado.esteri.it\/wp-content\/uploads\/2026\/07\/Nikola-Marjanov-819x1024.jpeg 819w, https:\/\/iicbelgrado.esteri.it\/wp-content\/uploads\/2026\/07\/Nikola-Marjanov-768x960.jpeg 768w\" sizes=\"auto, (max-width: 1080px) 100vw, 1080px\"  title=\"Nikola Marjanov\" alt=\"\" class=\"img-fluid\">\n                                                                                    <\/a>\n                                    <\/figure>\n                                <\/div>\n                            <\/div>\n                            <div class=\"col-sm-9\">\n                                                            <div class=\"category-top\">\n                                    <span class=\"fw-bold text-danger\">Zavr\u0161eno<\/span>                                                                        <span class=\"data\">\n                                        <svg class=\"icon icon-secondary\">\n                                            <use xlink:href=\"https:\/\/iicbelgrado.esteri.it\/wp-content\/themes\/sedi-tema\/assets\/svg\/sprites.svg#it-calendar\"><\/use>\n                                        <\/svg> \u041f\u043e\u043d \u0430\u0432\u0433 10 2026                                    <\/span>\n                                                                    <\/div>\n                            <h5 class=\"card-title big-heading text-uppercase\"><a class=\"text-body text-decoration-none\" href=\"https:\/\/iicbelgrado.esteri.it\/sr\/gli_eventi\/calendario\/koncert-klarinetiste-nikole-marjanova\/\" title=\"Koncert klarinetiste Nikole Marjanova\">Koncert klarinetiste Nikole Marjanova<\/a><\/h5>\n                            <p class=\"card-text\">U ponedeljak, 10. avgusta 2026. u 20.00 \u010dasova u Italijanskom institutu za kulturu u Beogradu odr\u017ea\u0107e se koncert iz ciklusa \u201eMladi u Italiji\u201c koji organizuje Muzi\u010dka omladina Beograda u okviru projekta \u201eMladi za mlade\u201c. Nastupi\u0107e klarinetista Nikola Marjanov koji \u0107e izvesti dela Berija, Donicetija, Komadine, Stravinskog, Keurisa i Vidmana. Za vi\u0161e informacija: https:\/\/www.muzicka-omladina.org\/sr\/pocetna\/<\/p>\n                                <a title=\"Koncert klarinetiste Nikole Marjanova\" class=\"read-more\" href=\"https:\/\/iicbelgrado.esteri.it\/sr\/gli_eventi\/calendario\/koncert-klarinetiste-nikole-marjanova\/\">\n                                    <span class=\"text\">Pro\u010ditaj vi\u0161e<\/span>\n                                    <svg class=\"icon\">\n                                    <use xlink:href=\"https:\/\/iicbelgrado.esteri.it\/wp-content\/themes\/sedi-tema\/assets\/svg\/sprites.svg#it-arrow-right\"><\/use>\n                                    <\/svg>\n                                <\/a>\n                                                        <\/div>\n                                                    <\/div>\n                    <\/div>\n                <\/div>\n                <!--end card-->\n                <\/div><!-- col-12 .mt-3-->\n                            <div class=\"col-12 mt-3\">\n                <!--start card-->\n                <div class=\"card-wrapper card-space\">\n                    <div class=\"card card-bg card-big border-bottom-card\">\n                        <div class=\"card-body row\">\n                                                    <div class=\"col-sm-3\">\n                                <div class=\"img-responsive\">\n                                    <figure class=\"img-wrapper\">\n                                        <a href=\"https:\/\/iicbelgrado.esteri.it\/sr\/gli_eventi\/calendario\/resital-italijanskog-pijaniste-antonija-di-kristofana-u-arandelovcu\/\" title=\"Pro\u010ditajte \u010dlanak: Resital italijanskog pijaniste Antonija di Kristofana u Aran\u0111elovcu\">\n                                                                                            <img loading=\"lazy\" decoding=\"async\" width=\"234\" height=\"300\" src=\"https:\/\/iicbelgrado.esteri.it\/wp-content\/uploads\/2026\/07\/Mermer-i-zvuci-234x300.jpg\" srcset=\"https:\/\/iicbelgrado.esteri.it\/wp-content\/uploads\/2026\/07\/Mermer-i-zvuci.jpg 1080w, https:\/\/iicbelgrado.esteri.it\/wp-content\/uploads\/2026\/07\/Mermer-i-zvuci-234x300.jpg 234w, https:\/\/iicbelgrado.esteri.it\/wp-content\/uploads\/2026\/07\/Mermer-i-zvuci-798x1024.jpg 798w, https:\/\/iicbelgrado.esteri.it\/wp-content\/uploads\/2026\/07\/Mermer-i-zvuci-768x985.jpg 768w\" sizes=\"auto, (max-width: 1080px) 100vw, 1080px\"  title=\"Mermer i zvuci\" alt=\"\" class=\"img-fluid\">\n                                                                                    <\/a>\n                                    <\/figure>\n                                <\/div>\n                            <\/div>\n                            <div class=\"col-sm-9\">\n                                                            <div class=\"category-top\">\n                                    <span class=\"fw-bold text-danger\">Zavr\u0161eno<\/span>                                                                        <span class=\"data\">\n                                        <svg class=\"icon icon-secondary\">\n                                            <use xlink:href=\"https:\/\/iicbelgrado.esteri.it\/wp-content\/themes\/sedi-tema\/assets\/svg\/sprites.svg#it-calendar\"><\/use>\n                                        <\/svg> \u0421\u0443\u0431 \u0430\u0432\u0433 01 2026                                    <\/span>\n                                                                    <\/div>\n                            <h5 class=\"card-title big-heading text-uppercase\"><a class=\"text-body text-decoration-none\" href=\"https:\/\/iicbelgrado.esteri.it\/sr\/gli_eventi\/calendario\/resital-italijanskog-pijaniste-antonija-di-kristofana-u-arandelovcu\/\" title=\"Resital italijanskog pijaniste Antonija di Kristofana u Aran\u0111elovcu\">Resital italijanskog pijaniste Antonija di Kristofana u Aran\u0111elovcu<\/a><\/h5>\n                            <p class=\"card-text\">U okviru 61. Smotre umetnosti \u201eMermer i zvuci\u201c, u subotu 1. avgusta u 21.00 \u010das na otvorenoj sceni parka Bukovi\u010dke banje u Aran\u0111elovcu odr\u017ea\u0107e se resital italijanskog pijaniste Antonija di Kristofana pod nazivom \u201eMelodije letnje no\u0107i\u201c, koji se organizuje u saradnji sa Italijanskim institutom za kulturu u Beogradu. Antonio di Kristofano je jedan od najcenjenijih [&hellip;]<\/p>\n                                <a title=\"Resital italijanskog pijaniste Antonija di Kristofana u Aran\u0111elovcu\" class=\"read-more\" href=\"https:\/\/iicbelgrado.esteri.it\/sr\/gli_eventi\/calendario\/resital-italijanskog-pijaniste-antonija-di-kristofana-u-arandelovcu\/\">\n                                    <span class=\"text\">Pro\u010ditaj vi\u0161e<\/span>\n                                    <svg class=\"icon\">\n                                    <use xlink:href=\"https:\/\/iicbelgrado.esteri.it\/wp-content\/themes\/sedi-tema\/assets\/svg\/sprites.svg#it-arrow-right\"><\/use>\n                                    <\/svg>\n                                <\/a>\n                                                        <\/div>\n                                                    <\/div>\n                    <\/div>\n                <\/div>\n                <!--end card-->\n                <\/div><!-- col-12 .mt-3-->\n                            <div class=\"col-12 mt-3\">\n                <!--start card-->\n                <div class=\"card-wrapper card-space\">\n                    <div class=\"card card-bg card-big border-bottom-card\">\n                        <div class=\"card-body row\">\n                                                    <div class=\"col-sm-3\">\n                                <div class=\"img-responsive\">\n                                    <figure class=\"img-wrapper\">\n                                        <a href=\"https:\/\/iicbelgrado.esteri.it\/sr\/gli_eventi\/calendario\/projekcija-filma-do-ludila-u-podgorici\/\" title=\"Pro\u010ditajte \u010dlanak: Italijansko ve\u010de na Festivalu \u201eOhridsko leto\u201c\">\n                                                                                            <img loading=\"lazy\" decoding=\"async\" width=\"300\" height=\"169\" src=\"https:\/\/iicbelgrado.esteri.it\/wp-content\/uploads\/2026\/06\/cristiana-pegoraro-pianist-016-scaled-1-300x169.jpg\" srcset=\"https:\/\/iicbelgrado.esteri.it\/wp-content\/uploads\/2026\/06\/cristiana-pegoraro-pianist-016-scaled-1.jpg 1920w, https:\/\/iicbelgrado.esteri.it\/wp-content\/uploads\/2026\/06\/cristiana-pegoraro-pianist-016-scaled-1-300x169.jpg 300w, https:\/\/iicbelgrado.esteri.it\/wp-content\/uploads\/2026\/06\/cristiana-pegoraro-pianist-016-scaled-1-1024x577.jpg 1024w, https:\/\/iicbelgrado.esteri.it\/wp-content\/uploads\/2026\/06\/cristiana-pegoraro-pianist-016-scaled-1-768x432.jpg 768w\" sizes=\"auto, (max-width: 1920px) 100vw, 1920px\"  title=\"cristiana-pegoraro-pianist-016-scaled\" alt=\"\" class=\"img-fluid\">\n                                                                                    <\/a>\n                                    <\/figure>\n                                <\/div>\n                            <\/div>\n                            <div class=\"col-sm-9\">\n                                                            <div class=\"category-top\">\n                                    <span class=\"fw-bold text-danger\">Zavr\u0161eno<\/span>                                                                        <span class=\"data\">\n                                        <svg class=\"icon icon-secondary\">\n                                            <use xlink:href=\"https:\/\/iicbelgrado.esteri.it\/wp-content\/themes\/sedi-tema\/assets\/svg\/sprites.svg#it-calendar\"><\/use>\n                                        <\/svg> \u0421\u0440\u0435 \u0458\u0443\u043b 29 2026                                    <\/span>\n                                                                    <\/div>\n                            <h5 class=\"card-title big-heading text-uppercase\"><a class=\"text-body text-decoration-none\" href=\"https:\/\/iicbelgrado.esteri.it\/sr\/gli_eventi\/calendario\/projekcija-filma-do-ludila-u-podgorici\/\" title=\"Italijansko ve\u010de na Festivalu \u201eOhridsko leto\u201c\">Italijansko ve\u010de na Festivalu \u201eOhridsko leto\u201c<\/a><\/h5>\n                            <p class=\"card-text\">U okviru 66. izdanja Festivala \u201eOhridsko leto\u201c, Ambasada Italije u Skoplju i Italijanski institut za kulturu u Beogradu predstavljaju Italijansko ve\u010de na kom \u0107e nastupiti pijanistkinja Kristijana Pegoraro. Koncert \u0107e se odr\u017eati u sredu, 29. jula u 21.00 \u010das u Crkvi Sv. Sofije na Ohridu. Kristijana Pegoraro izve\u0161\u0107e kompozicije inspirisane ljubavlju u njenim razli\u010ditim izrazima [&hellip;]<\/p>\n                                <a title=\"Italijansko ve\u010de na Festivalu \u201eOhridsko leto\u201c\" class=\"read-more\" href=\"https:\/\/iicbelgrado.esteri.it\/sr\/gli_eventi\/calendario\/projekcija-filma-do-ludila-u-podgorici\/\">\n                                    <span class=\"text\">Pro\u010ditaj vi\u0161e<\/span>\n                                    <svg class=\"icon\">\n                                    <use xlink:href=\"https:\/\/iicbelgrado.esteri.it\/wp-content\/themes\/sedi-tema\/assets\/svg\/sprites.svg#it-arrow-right\"><\/use>\n                                    <\/svg>\n                                <\/a>\n                                                        <\/div>\n                                                    <\/div>\n                    <\/div>\n                <\/div>\n                <!--end card-->\n                <\/div><!-- col-12 .mt-3-->\n                            <div class=\"col-12 mt-3\">\n                <!--start card-->\n                <div class=\"card-wrapper card-space\">\n                    <div class=\"card card-bg card-big border-bottom-card\">\n                        <div class=\"card-body row\">\n                                                    <div class=\"col-sm-3\">\n                                <div class=\"img-responsive\">\n                                    <figure class=\"img-wrapper\">\n                                        <a href=\"https:\/\/iicbelgrado.esteri.it\/sr\/gli_eventi\/calendario\/koncerti-orkestra-italija-srbija-u-beogradu-i-novom-sadu\/\" title=\"Pro\u010ditajte \u010dlanak: Koncerti Orkestra Italija-Srbija u Beogradu i Novom Sadu\">\n                                                                                            <img loading=\"lazy\" decoding=\"async\" width=\"212\" height=\"300\" src=\"https:\/\/iicbelgrado.esteri.it\/wp-content\/uploads\/2026\/07\/0-2026-07-Italia-Serbia-POSTER-UNICO-ENG-New-3-212x300.jpg\" srcset=\"https:\/\/iicbelgrado.esteri.it\/wp-content\/uploads\/2026\/07\/0-2026-07-Italia-Serbia-POSTER-UNICO-ENG-New-3-scaled.jpg 1810w, https:\/\/iicbelgrado.esteri.it\/wp-content\/uploads\/2026\/07\/0-2026-07-Italia-Serbia-POSTER-UNICO-ENG-New-3-212x300.jpg 212w, https:\/\/iicbelgrado.esteri.it\/wp-content\/uploads\/2026\/07\/0-2026-07-Italia-Serbia-POSTER-UNICO-ENG-New-3-724x1024.jpg 724w, https:\/\/iicbelgrado.esteri.it\/wp-content\/uploads\/2026\/07\/0-2026-07-Italia-Serbia-POSTER-UNICO-ENG-New-3-768x1086.jpg 768w\" sizes=\"auto, (max-width: 1810px) 100vw, 1810px\"  title=\"0 2026 07 Italia Serbia &#8211; POSTER UNICO &#8211; ENG &#8211; New 3\" alt=\"\" class=\"img-fluid\">\n                                                                                    <\/a>\n                                    <\/figure>\n                                <\/div>\n                            <\/div>\n                            <div class=\"col-sm-9\">\n                                                            <div class=\"category-top\">\n                                    <span class=\"fw-bold text-danger\">Zavr\u0161eno<\/span>                                                                        <span class=\"data\">\n                                        <svg class=\"icon icon-secondary\">\n                                            <use xlink:href=\"https:\/\/iicbelgrado.esteri.it\/wp-content\/themes\/sedi-tema\/assets\/svg\/sprites.svg#it-calendar\"><\/use>\n                                        <\/svg> \u041f\u0435\u0442 \u0458\u0443\u043b 24 2026<svg class=\"icon icon-xs icon-secondary me-1 ms-1\"><use href=\"https:\/\/iicbelgrado.esteri.it\/wp-content\/themes\/sedi-tema\/assets\/svg\/sprites.svg#it-arrow-right\"><\/use><\/svg>\u0421\u0443\u0431 \u0458\u0443\u043b 25 2026                                    <\/span>\n                                                                    <\/div>\n                            <h5 class=\"card-title big-heading text-uppercase\"><a class=\"text-body text-decoration-none\" href=\"https:\/\/iicbelgrado.esteri.it\/sr\/gli_eventi\/calendario\/koncerti-orkestra-italija-srbija-u-beogradu-i-novom-sadu\/\" title=\"Koncerti Orkestra Italija-Srbija u Beogradu i Novom Sadu\">Koncerti Orkestra Italija-Srbija u Beogradu i Novom Sadu<\/a><\/h5>\n                            <p class=\"card-text\">Konzervatorijum \u201e\u0110uzepe Tartini\u201c iz Trsta, Fakultet muzi\u010dke umetnosti Univerziteta umetnosti u Beogradu i Akademija umetnosti u Novom Sadu, u saradnji sa Italijanskim institutom za kulturu u Beogradu, predstavljaju letnju turneju Orkestra Italija-Srbija pod nazivom \u201eKo se boji stra\u0161nog vuka? Mitovi, bajke i legende u muzici\u201c. Nakon dva odr\u017eana koncerta u Italiji, Orkestar \u0107e pod dirigentskom [&hellip;]<\/p>\n                                <a title=\"Koncerti Orkestra Italija-Srbija u Beogradu i Novom Sadu\" class=\"read-more\" href=\"https:\/\/iicbelgrado.esteri.it\/sr\/gli_eventi\/calendario\/koncerti-orkestra-italija-srbija-u-beogradu-i-novom-sadu\/\">\n                                    <span class=\"text\">Pro\u010ditaj vi\u0161e<\/span>\n                                    <svg class=\"icon\">\n                                    <use xlink:href=\"https:\/\/iicbelgrado.esteri.it\/wp-content\/themes\/sedi-tema\/assets\/svg\/sprites.svg#it-arrow-right\"><\/use>\n                                    <\/svg>\n                                <\/a>\n                                                        <\/div>\n                                                    <\/div>\n                    <\/div>\n                <\/div>\n                <!--end card-->\n                <\/div><!-- col-12 .mt-3-->\n                            <div class=\"col-12 mt-3\">\n                <!--start card-->\n                <div class=\"card-wrapper card-space\">\n                    <div class=\"card card-bg card-big border-bottom-card\">\n                        <div class=\"card-body row\">\n                                                    <div class=\"col-sm-3\">\n                                <div class=\"img-responsive\">\n                                    <figure class=\"img-wrapper\">\n                                        <a href=\"https:\/\/iicbelgrado.esteri.it\/sr\/gli_eventi\/calendario\/koncert-flautistkinje-andrijane-gvozdenovic\/\" title=\"Pro\u010ditajte \u010dlanak: Koncert flautistkinje Andrijane Gvozdenovi\u0107\">\n                                                                                            <img loading=\"lazy\" decoding=\"async\" width=\"240\" height=\"300\" src=\"https:\/\/iicbelgrado.esteri.it\/wp-content\/uploads\/2026\/07\/andrijana-gvozdenovic-240x300.png\" srcset=\"https:\/\/iicbelgrado.esteri.it\/wp-content\/uploads\/2026\/07\/andrijana-gvozdenovic.png 1080w, https:\/\/iicbelgrado.esteri.it\/wp-content\/uploads\/2026\/07\/andrijana-gvozdenovic-240x300.png 240w, https:\/\/iicbelgrado.esteri.it\/wp-content\/uploads\/2026\/07\/andrijana-gvozdenovic-819x1024.png 819w, https:\/\/iicbelgrado.esteri.it\/wp-content\/uploads\/2026\/07\/andrijana-gvozdenovic-768x960.png 768w\" sizes=\"auto, (max-width: 1080px) 100vw, 1080px\"  title=\"andrijana gvozdenovic\" alt=\"\" class=\"img-fluid\">\n                                                                                    <\/a>\n                                    <\/figure>\n                                <\/div>\n                            <\/div>\n                            <div class=\"col-sm-9\">\n                                                            <div class=\"category-top\">\n                                    <span class=\"fw-bold text-danger\">Zavr\u0161eno<\/span>                                                                        <span class=\"data\">\n                                        <svg class=\"icon icon-secondary\">\n                                            <use xlink:href=\"https:\/\/iicbelgrado.esteri.it\/wp-content\/themes\/sedi-tema\/assets\/svg\/sprites.svg#it-calendar\"><\/use>\n                                        <\/svg> \u041f\u043e\u043d \u0458\u0443\u043b 20 2026                                    <\/span>\n                                                                    <\/div>\n                            <h5 class=\"card-title big-heading text-uppercase\"><a class=\"text-body text-decoration-none\" href=\"https:\/\/iicbelgrado.esteri.it\/sr\/gli_eventi\/calendario\/koncert-flautistkinje-andrijane-gvozdenovic\/\" title=\"Koncert flautistkinje Andrijane Gvozdenovi\u0107\">Koncert flautistkinje Andrijane Gvozdenovi\u0107<\/a><\/h5>\n                            <p class=\"card-text\">U ponedeljak, 20. jula 2026. u 20.00 \u010dasova u Italijanskom institutu za kulturu u Beogradu odr\u017ea\u0107e se koncert iz ciklusa \u201eMladi u Italiji\u201c koji organizuje Muzi\u010dka omladina Beograda u okviru projekta \u201eMladi za mlade\u201c. Nastupi\u0107e flautistkinja Andrijana Gvozdenovi\u0107, uz klavirsku pratnju Jelene Nik\u0161i\u0107, koja \u0107e izvesti dela Vivaldija, Baha, Mocarta, Grgina i Morlakija. Za vi\u0161e [&hellip;]<\/p>\n                                <a title=\"Koncert flautistkinje Andrijane Gvozdenovi\u0107\" class=\"read-more\" href=\"https:\/\/iicbelgrado.esteri.it\/sr\/gli_eventi\/calendario\/koncert-flautistkinje-andrijane-gvozdenovic\/\">\n                                    <span class=\"text\">Pro\u010ditaj vi\u0161e<\/span>\n                                    <svg class=\"icon\">\n                                    <use xlink:href=\"https:\/\/iicbelgrado.esteri.it\/wp-content\/themes\/sedi-tema\/assets\/svg\/sprites.svg#it-arrow-right\"><\/use>\n                                    <\/svg>\n                                <\/a>\n                                                        <\/div>\n                                                    <\/div>\n                    <\/div>\n                <\/div>\n                <!--end card-->\n                <\/div><!-- col-12 .mt-3-->\n                            <div class=\"col-12 mt-3\">\n                <!--start card-->\n                <div class=\"card-wrapper card-space\">\n                    <div class=\"card card-bg card-big border-bottom-card\">\n                        <div class=\"card-body row\">\n                                                    <div class=\"col-sm-3\">\n                                <div class=\"img-responsive\">\n                                    <figure class=\"img-wrapper\">\n                                        <a href=\"https:\/\/iicbelgrado.esteri.it\/sr\/gli_eventi\/calendario\/izlozba-fotografija-jesti-ocima-u-vrscu\/\" title=\"Pro\u010ditajte \u010dlanak: Izlo\u017eba fotografija \u201eJesti o\u010dima\u201c u Vr\u0161cu\">\n                                                                                            <img loading=\"lazy\" decoding=\"async\" width=\"240\" height=\"300\" src=\"https:\/\/iicbelgrado.esteri.it\/wp-content\/uploads\/2026\/06\/1080x1350-240x300.jpg\" srcset=\"https:\/\/iicbelgrado.esteri.it\/wp-content\/uploads\/2026\/06\/1080x1350.jpg 1920w, https:\/\/iicbelgrado.esteri.it\/wp-content\/uploads\/2026\/06\/1080x1350-240x300.jpg 240w, https:\/\/iicbelgrado.esteri.it\/wp-content\/uploads\/2026\/06\/1080x1350-819x1024.jpg 819w, https:\/\/iicbelgrado.esteri.it\/wp-content\/uploads\/2026\/06\/1080x1350-768x960.jpg 768w\" sizes=\"auto, (max-width: 1920px) 100vw, 1920px\"  title=\"1080&#215;1350\" alt=\"\" class=\"img-fluid\">\n                                                                                    <\/a>\n                                    <\/figure>\n                                <\/div>\n                            <\/div>\n                            <div class=\"col-sm-9\">\n                                                            <div class=\"category-top\">\n                                    <span class=\"fw-bold text-danger\">Zavr\u0161eno<\/span>                                                                        <span class=\"data\">\n                                        <svg class=\"icon icon-secondary\">\n                                            <use xlink:href=\"https:\/\/iicbelgrado.esteri.it\/wp-content\/themes\/sedi-tema\/assets\/svg\/sprites.svg#it-calendar\"><\/use>\n                                        <\/svg> \u041f\u0435\u0442 \u0458\u0443\u043b 17 2026<svg class=\"icon icon-xs icon-secondary me-1 ms-1\"><use href=\"https:\/\/iicbelgrado.esteri.it\/wp-content\/themes\/sedi-tema\/assets\/svg\/sprites.svg#it-arrow-right\"><\/use><\/svg>\u041d\u0435\u0434 \u0458\u0443\u043b 26 2026                                    <\/span>\n                                                                    <\/div>\n                            <h5 class=\"card-title big-heading text-uppercase\"><a class=\"text-body text-decoration-none\" href=\"https:\/\/iicbelgrado.esteri.it\/sr\/gli_eventi\/calendario\/izlozba-fotografija-jesti-ocima-u-vrscu\/\" title=\"Izlo\u017eba fotografija \u201eJesti o\u010dima\u201c u Vr\u0161cu\">Izlo\u017eba fotografija \u201eJesti o\u010dima\u201c u Vr\u0161cu<\/a><\/h5>\n                            <p class=\"card-text\">U okviru manifestacije Vr\u0161a\u010dko kulturno leto, Kulturni centar Vr\u0161ac i Italijanski institut za kulturu u Beogradu predstavljaju izlo\u017ebu fotografija \u201eJesti o\u010dima\u201c, organizovanu u saradnji sa Ambasadom Italije u Beogradu, koja \u0107e biti otvorena za posetioce od 17. do 26. jula 2026. godine u Galeriji Doma vojske u Vr\u0161cu. Ova izlo\u017eba predstavlja put koji transformi\u0161e na\u010din [&hellip;]<\/p>\n                                <a title=\"Izlo\u017eba fotografija \u201eJesti o\u010dima\u201c u Vr\u0161cu\" class=\"read-more\" href=\"https:\/\/iicbelgrado.esteri.it\/sr\/gli_eventi\/calendario\/izlozba-fotografija-jesti-ocima-u-vrscu\/\">\n                                    <span class=\"text\">Pro\u010ditaj vi\u0161e<\/span>\n                                    <svg class=\"icon\">\n                                    <use xlink:href=\"https:\/\/iicbelgrado.esteri.it\/wp-content\/themes\/sedi-tema\/assets\/svg\/sprites.svg#it-arrow-right\"><\/use>\n                                    <\/svg>\n                                <\/a>\n                                                        <\/div>\n                                                    <\/div>\n                    <\/div>\n                <\/div>\n                <!--end card-->\n                <\/div><!-- col-12 .mt-3-->\n                            <div class=\"col-12 mt-3\">\n                <!--start card-->\n                <div class=\"card-wrapper card-space\">\n                    <div class=\"card card-bg card-big border-bottom-card\">\n                        <div class=\"card-body row\">\n                                                    <div class=\"col-sm-3\">\n                                <div class=\"img-responsive\">\n                                    <figure class=\"img-wrapper\">\n                                        <a href=\"https:\/\/iicbelgrado.esteri.it\/sr\/gli_eventi\/calendario\/projekcija-filma-do-ludila-u-podgorici-2\/\" title=\"Pro\u010ditajte \u010dlanak: Projekcija filma \u201eDo ludila\u201c u Podgorici\">\n                                                                                            <img loading=\"lazy\" decoding=\"async\" width=\"240\" height=\"300\" src=\"https:\/\/iicbelgrado.esteri.it\/wp-content\/uploads\/2026\/06\/do-ludila-ig-fid-240x300.png\" srcset=\"https:\/\/iicbelgrado.esteri.it\/wp-content\/uploads\/2026\/06\/do-ludila-ig-fid.png 1081w, https:\/\/iicbelgrado.esteri.it\/wp-content\/uploads\/2026\/06\/do-ludila-ig-fid-240x300.png 240w, https:\/\/iicbelgrado.esteri.it\/wp-content\/uploads\/2026\/06\/do-ludila-ig-fid-819x1024.png 819w, https:\/\/iicbelgrado.esteri.it\/wp-content\/uploads\/2026\/06\/do-ludila-ig-fid-768x960.png 768w\" sizes=\"auto, (max-width: 1081px) 100vw, 1081px\"  title=\"do ludila ig fid\" alt=\"\" class=\"img-fluid\">\n                                                                                    <\/a>\n                                    <\/figure>\n                                <\/div>\n                            <\/div>\n                            <div class=\"col-sm-9\">\n                                                            <div class=\"category-top\">\n                                    <span class=\"fw-bold text-danger\">Zavr\u0161eno<\/span>                                                                        <span class=\"data\">\n                                        <svg class=\"icon icon-secondary\">\n                                            <use xlink:href=\"https:\/\/iicbelgrado.esteri.it\/wp-content\/themes\/sedi-tema\/assets\/svg\/sprites.svg#it-calendar\"><\/use>\n                                        <\/svg> \u041f\u043e\u043d \u0458\u0443\u043b 06 2026                                    <\/span>\n                                                                    <\/div>\n                            <h5 class=\"card-title big-heading text-uppercase\"><a class=\"text-body text-decoration-none\" href=\"https:\/\/iicbelgrado.esteri.it\/sr\/gli_eventi\/calendario\/projekcija-filma-do-ludila-u-podgorici-2\/\" title=\"Projekcija filma \u201eDo ludila\u201c u Podgorici\">Projekcija filma \u201eDo ludila\u201c u Podgorici<\/a><\/h5>\n                            <p class=\"card-text\">U okviru manifestacije \u201ePodgori\u010dko kulturno leto\u201c, koju organizuje Sekretarijat za kulturu Glavnog grada Podgorica, Ambasada Italije u Podgorici u saradnji sa Italijanskim institutom za kulturu u Beogradu predstavlja projekciju filma \u201eDo ludila\u201c (2025). Ova komedija u re\u017eiji Paola \u0110enovezea, sa Edoardom Leom i Pilar Foljati me\u0111u glavnim ulogama, bi\u0107e prikazana u ponedeljak, 6. jula u [&hellip;]<\/p>\n                                <a title=\"Projekcija filma \u201eDo ludila\u201c u Podgorici\" class=\"read-more\" href=\"https:\/\/iicbelgrado.esteri.it\/sr\/gli_eventi\/calendario\/projekcija-filma-do-ludila-u-podgorici-2\/\">\n                                    <span class=\"text\">Pro\u010ditaj vi\u0161e<\/span>\n                                    <svg class=\"icon\">\n                                    <use xlink:href=\"https:\/\/iicbelgrado.esteri.it\/wp-content\/themes\/sedi-tema\/assets\/svg\/sprites.svg#it-arrow-right\"><\/use>\n                                    <\/svg>\n                                <\/a>\n                                                        <\/div>\n                                                    <\/div>\n                    <\/div>\n                <\/div>\n                <!--end card-->\n                <\/div><!-- col-12 .mt-3-->\n                            <div class=\"col-12 mt-3\">\n                <!--start card-->\n                <div class=\"card-wrapper card-space\">\n                    <div class=\"card card-bg card-big border-bottom-card\">\n                        <div class=\"card-body row\">\n                                                    <div class=\"col-sm-3\">\n                                <div class=\"img-responsive\">\n                                    <figure class=\"img-wrapper\">\n                                        <a href=\"https:\/\/iicbelgrado.esteri.it\/sr\/gli_eventi\/calendario\/medunarodni-festival-kratkog-igranog-filma-basta-fest-u-bajinoj-basti\/\" title=\"Pro\u010ditajte \u010dlanak: Me\u0111unarodni festival kratkog igranog filma \u201eBa\u0161ta Fest\u201c u Bajinoj Ba\u0161ti\">\n                                                                                            <img loading=\"lazy\" decoding=\"async\" width=\"214\" height=\"300\" src=\"https:\/\/iicbelgrado.esteri.it\/wp-content\/uploads\/2026\/06\/BF13plakat-S-web-214x300.jpg\" srcset=\"https:\/\/iicbelgrado.esteri.it\/wp-content\/uploads\/2026\/06\/BF13plakat-S-web.jpg 1080w, https:\/\/iicbelgrado.esteri.it\/wp-content\/uploads\/2026\/06\/BF13plakat-S-web-214x300.jpg 214w, https:\/\/iicbelgrado.esteri.it\/wp-content\/uploads\/2026\/06\/BF13plakat-S-web-731x1024.jpg 731w, https:\/\/iicbelgrado.esteri.it\/wp-content\/uploads\/2026\/06\/BF13plakat-S-web-768x1075.jpg 768w\" sizes=\"auto, (max-width: 1080px) 100vw, 1080px\"  title=\"BF13plakat-S-web\" alt=\"\" class=\"img-fluid\">\n                                                                                    <\/a>\n                                    <\/figure>\n                                <\/div>\n                            <\/div>\n                            <div class=\"col-sm-9\">\n                                                            <div class=\"category-top\">\n                                    <span class=\"fw-bold text-danger\">Zavr\u0161eno<\/span>                                                                        <span class=\"data\">\n                                        <svg class=\"icon icon-secondary\">\n                                            <use xlink:href=\"https:\/\/iicbelgrado.esteri.it\/wp-content\/themes\/sedi-tema\/assets\/svg\/sprites.svg#it-calendar\"><\/use>\n                                        <\/svg> \u0427\u0435\u0442 \u0458\u0443\u043b 02 2026<svg class=\"icon icon-xs icon-secondary me-1 ms-1\"><use href=\"https:\/\/iicbelgrado.esteri.it\/wp-content\/themes\/sedi-tema\/assets\/svg\/sprites.svg#it-arrow-right\"><\/use><\/svg>\u041d\u0435\u0434 \u0458\u0443\u043b 05 2026                                    <\/span>\n                                                                    <\/div>\n                            <h5 class=\"card-title big-heading text-uppercase\"><a class=\"text-body text-decoration-none\" href=\"https:\/\/iicbelgrado.esteri.it\/sr\/gli_eventi\/calendario\/medunarodni-festival-kratkog-igranog-filma-basta-fest-u-bajinoj-basti\/\" title=\"Me\u0111unarodni festival kratkog igranog filma \u201eBa\u0161ta Fest\u201c u Bajinoj Ba\u0161ti\">Me\u0111unarodni festival kratkog igranog filma \u201eBa\u0161ta Fest\u201c u Bajinoj Ba\u0161ti<\/a><\/h5>\n                            <p class=\"card-text\">Od 2. do 5. jula 2026. godine u Bajinoj Ba\u0161ti odr\u017ea\u0107e se 13. izdanje Me\u0111unarodnog festivala kratkog igranog filma \u201eBa\u0161ta Fest\u201c, ove godine pod sloganom \u201e\u010cukni u drvo\u201c. Italijanski institut za kulturu u Beogradu predstavlja u\u010de\u0161\u0107e Gvida Kazalea, osniva\u010da kulturnog udru\u017eenja \u201eAdriatic Movie\u201c i umetni\u010dkog direktora festivala \u201eAdriatic Film Festival\u201c u Peskari, koji \u0107e biti [&hellip;]<\/p>\n                                <a title=\"Me\u0111unarodni festival kratkog igranog filma \u201eBa\u0161ta Fest\u201c u Bajinoj Ba\u0161ti\" class=\"read-more\" href=\"https:\/\/iicbelgrado.esteri.it\/sr\/gli_eventi\/calendario\/medunarodni-festival-kratkog-igranog-filma-basta-fest-u-bajinoj-basti\/\">\n                                    <span class=\"text\">Pro\u010ditaj vi\u0161e<\/span>\n                                    <svg class=\"icon\">\n                                    <use xlink:href=\"https:\/\/iicbelgrado.esteri.it\/wp-content\/themes\/sedi-tema\/assets\/svg\/sprites.svg#it-arrow-right\"><\/use>\n                                    <\/svg>\n                                <\/a>\n                                                        <\/div>\n                                                    <\/div>\n                    <\/div>\n                <\/div>\n                <!--end card-->\n                <\/div><!-- col-12 .mt-3-->\n                            <div class=\"col-12 mt-3\">\n                <!--start card-->\n                <div class=\"card-wrapper card-space\">\n                    <div class=\"card card-bg card-big border-bottom-card\">\n                        <div class=\"card-body row\">\n                                                    <div class=\"col-sm-3\">\n                                <div class=\"img-responsive\">\n                                    <figure class=\"img-wrapper\">\n                                        <a href=\"https:\/\/iicbelgrado.esteri.it\/sr\/gli_eventi\/calendario\/okrugli-sto-strip-made-in-italy-edukacija-i-secanje\/\" title=\"Pro\u010ditajte \u010dlanak: Okrugli sto \u201eSTRIP MADE IN ITALY \u2013 Edukacija i se\u0107anje\u201c \u2013 ODLO\u017dENO DO DALJNJEG\">\n                                                                                            <img loading=\"lazy\" decoding=\"async\" width=\"300\" height=\"300\" src=\"https:\/\/iicbelgrado.esteri.it\/wp-content\/uploads\/2026\/06\/grafica-rinvio-SRB-300x300.jpg\" srcset=\"https:\/\/iicbelgrado.esteri.it\/wp-content\/uploads\/2026\/06\/grafica-rinvio-SRB.jpg 1920w, https:\/\/iicbelgrado.esteri.it\/wp-content\/uploads\/2026\/06\/grafica-rinvio-SRB-300x300.jpg 300w, https:\/\/iicbelgrado.esteri.it\/wp-content\/uploads\/2026\/06\/grafica-rinvio-SRB-1024x1024.jpg 1024w, https:\/\/iicbelgrado.esteri.it\/wp-content\/uploads\/2026\/06\/grafica-rinvio-SRB-150x150.jpg 150w, https:\/\/iicbelgrado.esteri.it\/wp-content\/uploads\/2026\/06\/grafica-rinvio-SRB-768x768.jpg 768w\" sizes=\"auto, (max-width: 1920px) 100vw, 1920px\"  title=\"grafica rinvio SRB\" alt=\"\" class=\"img-fluid\">\n                                                                                    <\/a>\n                                    <\/figure>\n                                <\/div>\n                            <\/div>\n                            <div class=\"col-sm-9\">\n                                                            <div class=\"category-top\">\n                                    <span class=\"fw-bold text-danger\">Zavr\u0161eno<\/span>                                                                        <span class=\"data\">\n                                        <svg class=\"icon icon-secondary\">\n                                            <use xlink:href=\"https:\/\/iicbelgrado.esteri.it\/wp-content\/themes\/sedi-tema\/assets\/svg\/sprites.svg#it-calendar\"><\/use>\n                                        <\/svg> \u0423\u0442\u043e \u0458\u0443\u043d 30 2026                                    <\/span>\n                                                                    <\/div>\n                            <h5 class=\"card-title big-heading text-uppercase\"><a class=\"text-body text-decoration-none\" href=\"https:\/\/iicbelgrado.esteri.it\/sr\/gli_eventi\/calendario\/okrugli-sto-strip-made-in-italy-edukacija-i-secanje\/\" title=\"Okrugli sto \u201eSTRIP MADE IN ITALY \u2013 Edukacija i se\u0107anje\u201c \u2013 ODLO\u017dENO DO DALJNJEG\">Okrugli sto \u201eSTRIP MADE IN ITALY \u2013 Edukacija i se\u0107anje\u201c \u2013 ODLO\u017dENO DO DALJNJEG<\/a><\/h5>\n                            <p class=\"card-text\">Obave\u0161tavamo vas da je okrugli sto \u201eSTRIP MADE IN ITALY \u2013 Edukacija i se\u0107anje\u201c, koji je trebalo da se odr\u017ei u utorak, 30. juna 2026. u 18.00 \u010dasova u Muzeju Jugoslavije, ODLO\u017dEN DO DALJNJEG zbog iznenadne spre\u010denosti gosta iz Italije. Hvala na razumevanju. &#8212; U okviru izlo\u017ebe \u201eSTRIP MADE IN ITALY \u2013 Generacije\u201c, koju organizuju [&hellip;]<\/p>\n                                <a title=\"Okrugli sto \u201eSTRIP MADE IN ITALY \u2013 Edukacija i se\u0107anje\u201c \u2013 ODLO\u017dENO DO DALJNJEG\" class=\"read-more\" href=\"https:\/\/iicbelgrado.esteri.it\/sr\/gli_eventi\/calendario\/okrugli-sto-strip-made-in-italy-edukacija-i-secanje\/\">\n                                    <span class=\"text\">Pro\u010ditaj vi\u0161e<\/span>\n                                    <svg class=\"icon\">\n                                    <use xlink:href=\"https:\/\/iicbelgrado.esteri.it\/wp-content\/themes\/sedi-tema\/assets\/svg\/sprites.svg#it-arrow-right\"><\/use>\n                                    <\/svg>\n                                <\/a>\n                                                        <\/div>\n                                                    <\/div>\n                    <\/div>\n                <\/div>\n                <!--end card-->\n                <\/div><!-- col-12 .mt-3-->\n                            <div class=\"col-12 mt-3\">\n                <!--start card-->\n                <div class=\"card-wrapper card-space\">\n                    <div class=\"card card-bg card-big border-bottom-card\">\n                        <div class=\"card-body row\">\n                                                    <div class=\"col-sm-3\">\n                                <div class=\"img-responsive\">\n                                    <figure class=\"img-wrapper\">\n                                        <a href=\"https:\/\/iicbelgrado.esteri.it\/sr\/gli_eventi\/calendario\/koncert-klasicne-muzike\/\" title=\"Pro\u010ditajte \u010dlanak: Koncert klasi\u010dne muzike\">\n                                                                                            <img loading=\"lazy\" decoding=\"async\" width=\"212\" height=\"300\" src=\"https:\/\/iicbelgrado.esteri.it\/wp-content\/uploads\/2026\/06\/locandina-Nurdor-212x300.jpg\" srcset=\"https:\/\/iicbelgrado.esteri.it\/wp-content\/uploads\/2026\/06\/locandina-Nurdor.jpg 1414w, https:\/\/iicbelgrado.esteri.it\/wp-content\/uploads\/2026\/06\/locandina-Nurdor-212x300.jpg 212w, https:\/\/iicbelgrado.esteri.it\/wp-content\/uploads\/2026\/06\/locandina-Nurdor-724x1024.jpg 724w, https:\/\/iicbelgrado.esteri.it\/wp-content\/uploads\/2026\/06\/locandina-Nurdor-768x1086.jpg 768w\" sizes=\"auto, (max-width: 1414px) 100vw, 1414px\"  title=\"locandina Nurdor\" alt=\"\" class=\"img-fluid\">\n                                                                                    <\/a>\n                                    <\/figure>\n                                <\/div>\n                            <\/div>\n                            <div class=\"col-sm-9\">\n                                                            <div class=\"category-top\">\n                                    <span class=\"fw-bold text-danger\">Zavr\u0161eno<\/span>                                                                        <span class=\"data\">\n                                        <svg class=\"icon icon-secondary\">\n                                            <use xlink:href=\"https:\/\/iicbelgrado.esteri.it\/wp-content\/themes\/sedi-tema\/assets\/svg\/sprites.svg#it-calendar\"><\/use>\n                                        <\/svg> \u041f\u043e\u043d \u0458\u0443\u043d 29 2026                                    <\/span>\n                                                                    <\/div>\n                            <h5 class=\"card-title big-heading text-uppercase\"><a class=\"text-body text-decoration-none\" href=\"https:\/\/iicbelgrado.esteri.it\/sr\/gli_eventi\/calendario\/koncert-klasicne-muzike\/\" title=\"Koncert klasi\u010dne muzike\">Koncert klasi\u010dne muzike<\/a><\/h5>\n                            <p class=\"card-text\">U ponedeljak, 29. juna u 20.00 \u010dasova u Italijanskom institutu za kulturu u Beogradu odr\u017ea\u0107e se koncert klasi\u010dne muzike, u organizaciji Nacionalnog udru\u017eenja roditelja dece obolele od raka (NURDOR). Nastupi\u0107e Milana Andra\u0161evi\u0107 (sopran) i Darko Jusufovi\u0107 (bas), uz klavirsku pratnju Jelene Polovi\u0107 \u0160iljeg i Stevana Trifunovi\u0107a. Na programu koncerta su dela Vivaldija, Verdija, Rosinija, Mocarta, [&hellip;]<\/p>\n                                <a title=\"Koncert klasi\u010dne muzike\" class=\"read-more\" href=\"https:\/\/iicbelgrado.esteri.it\/sr\/gli_eventi\/calendario\/koncert-klasicne-muzike\/\">\n                                    <span class=\"text\">Pro\u010ditaj vi\u0161e<\/span>\n                                    <svg class=\"icon\">\n                                    <use xlink:href=\"https:\/\/iicbelgrado.esteri.it\/wp-content\/themes\/sedi-tema\/assets\/svg\/sprites.svg#it-arrow-right\"><\/use>\n                                    <\/svg>\n                                <\/a>\n                                                        <\/div>\n                                                    <\/div>\n                    <\/div>\n                <\/div>\n                <!--end card-->\n                <\/div><!-- col-12 .mt-3-->\n            \n            <div class=\"col-md-12 mt-4 pb-4\">\n                <nav class=\"navigation col-md-12\" aria-label=\"Navigation\">\n                    <h2 class=\"screen-reader-text visually-hidden\">Strani\u010dne memorije<\/h2>\n                    <div class=\"nav-links\">\n                    <span aria-current=\"page\" class=\"page-numbers current\">1<\/span>\n<a class=\"page-numbers\" href=\"https:\/\/iicbelgrado.esteri.it\/sr\/wp-json\/wp\/v2\/pages\/8664\/?pag=2\">2<\/a>\n<a class=\"page-numbers\" href=\"https:\/\/iicbelgrado.esteri.it\/sr\/wp-json\/wp\/v2\/pages\/8664\/?pag=3\">3<\/a>\n<span class=\"page-numbers dots\">&hellip;<\/span>\n<a class=\"page-numbers\" href=\"https:\/\/iicbelgrado.esteri.it\/sr\/wp-json\/wp\/v2\/pages\/8664\/?pag=200\">200<\/a>\n<a class=\"next page-numbers\" href=\"https:\/\/iicbelgrado.esteri.it\/sr\/wp-json\/wp\/v2\/pages\/8664\/?pag=2\"><svg class=\"icon icon-primary\"><use xlink:href=\"https:\/\/iicbelgrado.esteri.it\/wp-content\/themes\/sedi-tema\/assets\/svg\/sprites.svg#it-chevron-right\"><\/use><\/svg>\n                                    <span class=\"visually-hidden\">Slede\u0107a stranica<\/span><\/a>                    <\/div>\n                <\/nav>\n            <\/div>   <!--.col-md-12 -->\n              <\/div><!--.row -->\n              \n<p>&nbsp;<\/p>\n","protected":false},"excerpt":{"rendered":"&nbsp;","protected":false},"author":1,"featured_media":0,"parent":116,"menu_order":0,"comment_status":"closed","ping_status":"closed","template":"","meta":{"footnotes":""},"class_list":["post-8664","page","type-page","status-publish","hentry"],"_links":{"self":[{"href":"https:\/\/iicbelgrado.esteri.it\/sr\/wp-json\/wp\/v2\/pages\/8664","targetHints":{"allow":["GET"]}}],"collection":[{"href":"https:\/\/iicbelgrado.esteri.it\/sr\/wp-json\/wp\/v2\/pages"}],"about":[{"href":"https:\/\/iicbelgrado.esteri.it\/sr\/wp-json\/wp\/v2\/types\/page"}],"author":[{"embeddable":true,"href":"https:\/\/iicbelgrado.esteri.it\/sr\/wp-json\/wp\/v2\/users\/1"}],"replies":[{"embeddable":true,"href":"https:\/\/iicbelgrado.esteri.it\/sr\/wp-json\/wp\/v2\/comments?post=8664"}],"version-history":[{"count":1,"href":"https:\/\/iicbelgrado.esteri.it\/sr\/wp-json\/wp\/v2\/pages\/8664\/revisions"}],"predecessor-version":[{"id":8677,"href":"https:\/\/iicbelgrado.esteri.it\/sr\/wp-json\/wp\/v2\/pages\/8664\/revisions\/8677"}],"up":[{"embeddable":true,"href":"https:\/\/iicbelgrado.esteri.it\/sr\/wp-json\/wp\/v2\/pages\/116"}],"wp:attachment":[{"href":"https:\/\/iicbelgrado.esteri.it\/sr\/wp-json\/wp\/v2\/media?parent=8664"}],"curies":[{"name":"wp","href":"https:\/\/api.w.org\/{rel}","templated":true}]}}