{"id":8664,"date":"2024-07-16T10:28:07","date_gmt":"2024-07-16T08:28:07","guid":{"rendered":"https:\/\/iicbelgrado.esteri.it\/gli_eventi\/archivio-eventi\/"},"modified":"2024-08-05T19:58:46","modified_gmt":"2024-08-05T17:58:46","slug":"archivio-eventi","status":"publish","type":"page","link":"https:\/\/iicbelgrado.esteri.it\/sr\/gli_eventi\/archivio-eventi\/","title":{"rendered":"Arhiva doga\u0111aja"},"content":{"rendered":"        <div class=\"row\">\n\t\t\t<!-- Ricerca sedi post -->\n\t\t\t<div class=\"col-12 mt-4\">\n\t\t\t  <div class=\"callout callout-highlight note ricerca-esteri p-4\">\n                    <div class=\"callout-title\">\n                        <svg class=\"icon\">\n                            <use xlink:href=\"https:\/\/iicbelgrado.esteri.it\/wp-content\/themes\/sedi-tema\/assets\/svg\/sprites.svg#it-search\"><\/use>\n                        <\/svg>Unesi parametre za pretragu                    <\/div>\n                    <form id=\"searchFormPost\" name=\"form-search-post\" class=\"form-row align-items-center\" action=\"https:\/\/iicbelgrado.esteri.it\/sr\/wp-json\/wp\/v2\/pages\/8664\/\" method=\"GET\"> \n                        <!-- <div class=\"form-group pt-5\"> -->\n                            <!-- <input type=\"hidden\" id=\"lang\" name=\"lang\" value=\"\"> --> <!-- <\/div> -->\n\n                        <div class=\"it-datepicker-wrapper\">\n                            <div class=\"row\">\n                                <div class=\"form-group col-md-6\">\n                                    <label class=\"active\" for=\"date-init\">Od<\/label>\n                                    <input class=\"form-control\" name=\"date-init\" id=\"date-init\" type=\"date\" placeholder=\"gg\/mm\/aaaa\" value=\"\"lang=\"en-EN\">  \n                                <\/div>\n                                <div class=\"form-group col-md-6\">\n                                    <label class=\"active\" for=\"date-end\">Do<\/label>\n                                    <input class=\"form-control\" name=\"date-end\" id=\"date-end\" type=\"date\" placeholder=\"gg\/mm\/aaaa\" value=\"\">\n                                <\/div>\n                            <\/div>\n                        <\/div>\n                        <div class=\"form-group col-md-12 mt-3\">\n                            <label for=\"searchText\">Slobodna pretraga<\/label>\n                            <input type=\"text\" name=\"searchText\" class=\"form-control\" id=\"searchText\" value=\"\">\n                        <\/div>\n                        <div class=\"form-group col-md-4 offset-md-8 text-end\">\n                            <a href=\"https:\/\/iicbelgrado.esteri.it\/sr\/gli_eventi\/archivio-eventi\/\" title=\"Form reset\" id=\"resetImput\" class=\"btn btn-outline-primary btn-xs\">Reset<\/a>\n                            <button type=\"submit\" class=\"btn btn-primary btn-xs\">Prika\u017ei rezultate<\/button>\n                        <\/div>\n                    <\/form>\n\t\t\t\t<\/div>\n\t\t\t<\/div>\n\t\t<\/div>\n                    \n            <div class=\"row\">\n                            <div class=\"col-12 mt-3\">\n                <!--start card-->\n                <div class=\"card-wrapper card-space\">\n                    <div class=\"card card-bg card-big border-bottom-card\">\n                        <div class=\"card-body row\">\n                                                    <div class=\"col-sm-3\">\n                                <div class=\"img-responsive\">\n                                    <figure class=\"img-wrapper\">\n                                        <a href=\"https:\/\/iicbelgrado.esteri.it\/sr\/gli_eventi\/calendario\/concerto-degli-studenti-di-canto-lirico-della-facolta-di-musica-di-belgrado\/\" title=\"Pro\u010ditajte \u010dlanak: Koncert studenata solo pevanja sa Fakulteta muzi\u010dke umetnosti u Beogradu\">\n                                                                                            <img loading=\"lazy\" decoding=\"async\" width=\"212\" height=\"300\" src=\"https:\/\/iicbelgrado.esteri.it\/wp-content\/uploads\/2026\/04\/plakat-fmu-212x300.jpg\" srcset=\"https:\/\/iicbelgrado.esteri.it\/wp-content\/uploads\/2026\/04\/plakat-fmu-scaled.jpg 1810w, https:\/\/iicbelgrado.esteri.it\/wp-content\/uploads\/2026\/04\/plakat-fmu-212x300.jpg 212w, https:\/\/iicbelgrado.esteri.it\/wp-content\/uploads\/2026\/04\/plakat-fmu-724x1024.jpg 724w, https:\/\/iicbelgrado.esteri.it\/wp-content\/uploads\/2026\/04\/plakat-fmu-768x1086.jpg 768w\" sizes=\"auto, (max-width: 1810px) 100vw, 1810px\"  title=\"plakat fmu\" alt=\"\" class=\"img-fluid\">\n                                                                                    <\/a>\n                                    <\/figure>\n                                <\/div>\n                            <\/div>\n                            <div class=\"col-sm-9\">\n                                                            <div class=\"category-top\">\n                                    <span class=\"fw-bold text-danger\">Zavr\u0161eno<\/span>                                                                        <span class=\"data\">\n                                        <svg class=\"icon icon-secondary\">\n                                            <use xlink:href=\"https:\/\/iicbelgrado.esteri.it\/wp-content\/themes\/sedi-tema\/assets\/svg\/sprites.svg#it-calendar\"><\/use>\n                                        <\/svg> \u0427\u0435\u0442 \u0430\u043f\u0440 30 2026                                    <\/span>\n                                                                    <\/div>\n                            <h5 class=\"card-title big-heading text-uppercase\"><a class=\"text-body text-decoration-none\" href=\"https:\/\/iicbelgrado.esteri.it\/sr\/gli_eventi\/calendario\/concerto-degli-studenti-di-canto-lirico-della-facolta-di-musica-di-belgrado\/\" title=\"Koncert studenata solo pevanja sa Fakulteta muzi\u010dke umetnosti u Beogradu\">Koncert studenata solo pevanja sa Fakulteta muzi\u010dke umetnosti u Beogradu<\/a><\/h5>\n                            <p class=\"card-text\">U \u010detvrtak, 30. aprila, u 19.00 \u010dasova u Italijanskom institutu za kulturu u Beogradu, odr\u017ea\u0107e se koncert studenata solo pevanja sa Fakulteta muzi\u010dke umetnosti u Beogradu. Na programu: Mocart, Rosini, Doniceti, Katalani, Ponkijeli, Rahmanjinov. &nbsp;<\/p>\n                                <a title=\"Koncert studenata solo pevanja sa Fakulteta muzi\u010dke umetnosti u Beogradu\" class=\"read-more\" href=\"https:\/\/iicbelgrado.esteri.it\/sr\/gli_eventi\/calendario\/concerto-degli-studenti-di-canto-lirico-della-facolta-di-musica-di-belgrado\/\">\n                                    <span class=\"text\">Pro\u010ditaj vi\u0161e<\/span>\n                                    <svg class=\"icon\">\n                                    <use xlink:href=\"https:\/\/iicbelgrado.esteri.it\/wp-content\/themes\/sedi-tema\/assets\/svg\/sprites.svg#it-arrow-right\"><\/use>\n                                    <\/svg>\n                                <\/a>\n                                                        <\/div>\n                                                    <\/div>\n                    <\/div>\n                <\/div>\n                <!--end card-->\n                <\/div><!-- col-12 .mt-3-->\n                            <div class=\"col-12 mt-3\">\n                <!--start card-->\n                <div class=\"card-wrapper card-space\">\n                    <div class=\"card card-bg card-big border-bottom-card\">\n                        <div class=\"card-body row\">\n                                                    <div class=\"col-sm-3\">\n                                <div class=\"img-responsive\">\n                                    <figure class=\"img-wrapper\">\n                                        <a href=\"https:\/\/iicbelgrado.esteri.it\/sr\/gli_eventi\/calendario\/koncert-studenata-solo-pevanja-sa-fakulteta-muzicke-umetnosti-u-beogradu-4\/\" title=\"Pro\u010ditajte \u010dlanak: Koncert studenata solo pevanja sa Fakulteta muzi\u010dke umetnosti u Beogradu\">\n                                                                                            <img loading=\"lazy\" decoding=\"async\" width=\"240\" height=\"300\" src=\"https:\/\/iicbelgrado.esteri.it\/wp-content\/uploads\/2026\/04\/solo-pevaci-240x300.jpg\" srcset=\"https:\/\/iicbelgrado.esteri.it\/wp-content\/uploads\/2026\/04\/solo-pevaci.jpg 1080w, https:\/\/iicbelgrado.esteri.it\/wp-content\/uploads\/2026\/04\/solo-pevaci-240x300.jpg 240w, https:\/\/iicbelgrado.esteri.it\/wp-content\/uploads\/2026\/04\/solo-pevaci-819x1024.jpg 819w, https:\/\/iicbelgrado.esteri.it\/wp-content\/uploads\/2026\/04\/solo-pevaci-768x960.jpg 768w\" sizes=\"auto, (max-width: 1080px) 100vw, 1080px\"  title=\"solo pevaci\" alt=\"\" class=\"img-fluid\">\n                                                                                    <\/a>\n                                    <\/figure>\n                                <\/div>\n                            <\/div>\n                            <div class=\"col-sm-9\">\n                                                            <div class=\"category-top\">\n                                    <span class=\"fw-bold text-danger\">Zavr\u0161eno<\/span>                                                                        <span class=\"data\">\n                                        <svg class=\"icon icon-secondary\">\n                                            <use xlink:href=\"https:\/\/iicbelgrado.esteri.it\/wp-content\/themes\/sedi-tema\/assets\/svg\/sprites.svg#it-calendar\"><\/use>\n                                        <\/svg> \u0427\u0435\u0442 \u0430\u043f\u0440 30 2026                                    <\/span>\n                                                                    <\/div>\n                            <h5 class=\"card-title big-heading text-uppercase\"><a class=\"text-body text-decoration-none\" href=\"https:\/\/iicbelgrado.esteri.it\/sr\/gli_eventi\/calendario\/koncert-studenata-solo-pevanja-sa-fakulteta-muzicke-umetnosti-u-beogradu-4\/\" title=\"Koncert studenata solo pevanja sa Fakulteta muzi\u010dke umetnosti u Beogradu\">Koncert studenata solo pevanja sa Fakulteta muzi\u010dke umetnosti u Beogradu<\/a><\/h5>\n                            <p class=\"card-text\">U \u010detvrtak, 30. aprila, u 19.00 \u010dasova u Italijanskom institutu za kulturu u Beogradu, odr\u017ea\u0107e se koncert studenata solo pevanja sa Fakulteta muzi\u010dke umetnosti u Beogradu. Na programu: Mocart, Rosini, Doniceti, Katalani, Ponkijeli, Rahmanjinov.<\/p>\n                                <a title=\"Koncert studenata solo pevanja sa Fakulteta muzi\u010dke umetnosti u Beogradu\" class=\"read-more\" href=\"https:\/\/iicbelgrado.esteri.it\/sr\/gli_eventi\/calendario\/koncert-studenata-solo-pevanja-sa-fakulteta-muzicke-umetnosti-u-beogradu-4\/\">\n                                    <span class=\"text\">Pro\u010ditaj vi\u0161e<\/span>\n                                    <svg class=\"icon\">\n                                    <use xlink:href=\"https:\/\/iicbelgrado.esteri.it\/wp-content\/themes\/sedi-tema\/assets\/svg\/sprites.svg#it-arrow-right\"><\/use>\n                                    <\/svg>\n                                <\/a>\n                                                        <\/div>\n                                                    <\/div>\n                    <\/div>\n                <\/div>\n                <!--end card-->\n                <\/div><!-- col-12 .mt-3-->\n                            <div class=\"col-12 mt-3\">\n                <!--start card-->\n                <div class=\"card-wrapper card-space\">\n                    <div class=\"card card-bg card-big border-bottom-card\">\n                        <div class=\"card-body row\">\n                                                    <div class=\"col-sm-3\">\n                                <div class=\"img-responsive\">\n                                    <figure class=\"img-wrapper\">\n                                        <a href=\"https:\/\/iicbelgrado.esteri.it\/sr\/gli_eventi\/calendario\/koncert-ucenika-muzicke-skole-davorin-jenko\/\" title=\"Pro\u010ditajte \u010dlanak: Koncert u\u010denika Muzi\u010dke \u0161kole \u201eDavorin Jenko\u201c\">\n                                                                                            <img loading=\"lazy\" decoding=\"async\" width=\"212\" height=\"300\" src=\"https:\/\/iicbelgrado.esteri.it\/wp-content\/uploads\/2026\/04\/75-\u0433\u043e\u0434\u0438\u043d\u0430_\u0418\u0442\u0430\u043b\u0438\u0458\u0430\u043d\u0441\u043a\u0438-\u0438\u043d\u0441\u0442\u0438\u0442\u0443\u0442_28.04.2026-212x300.jpg\" srcset=\"https:\/\/iicbelgrado.esteri.it\/wp-content\/uploads\/2026\/04\/75-\u0433\u043e\u0434\u0438\u043d\u0430_\u0418\u0442\u0430\u043b\u0438\u0458\u0430\u043d\u0441\u043a\u0438-\u0438\u043d\u0441\u0442\u0438\u0442\u0443\u0442_28.04.2026.jpg 1755w, https:\/\/iicbelgrado.esteri.it\/wp-content\/uploads\/2026\/04\/75-\u0433\u043e\u0434\u0438\u043d\u0430_\u0418\u0442\u0430\u043b\u0438\u0458\u0430\u043d\u0441\u043a\u0438-\u0438\u043d\u0441\u0442\u0438\u0442\u0443\u0442_28.04.2026-212x300.jpg 212w, https:\/\/iicbelgrado.esteri.it\/wp-content\/uploads\/2026\/04\/75-\u0433\u043e\u0434\u0438\u043d\u0430_\u0418\u0442\u0430\u043b\u0438\u0458\u0430\u043d\u0441\u043a\u0438-\u0438\u043d\u0441\u0442\u0438\u0442\u0443\u0442_28.04.2026-725x1024.jpg 725w, https:\/\/iicbelgrado.esteri.it\/wp-content\/uploads\/2026\/04\/75-\u0433\u043e\u0434\u0438\u043d\u0430_\u0418\u0442\u0430\u043b\u0438\u0458\u0430\u043d\u0441\u043a\u0438-\u0438\u043d\u0441\u0442\u0438\u0442\u0443\u0442_28.04.2026-768x1085.jpg 768w\" sizes=\"auto, (max-width: 1755px) 100vw, 1755px\"  title=\"75 \u0433\u043e\u0434\u0438\u043d\u0430\" alt=\"\" class=\"img-fluid\">\n                                                                                    <\/a>\n                                    <\/figure>\n                                <\/div>\n                            <\/div>\n                            <div class=\"col-sm-9\">\n                                                            <div class=\"category-top\">\n                                    <span class=\"fw-bold text-danger\">Zavr\u0161eno<\/span>                                                                        <span class=\"data\">\n                                        <svg class=\"icon icon-secondary\">\n                                            <use xlink:href=\"https:\/\/iicbelgrado.esteri.it\/wp-content\/themes\/sedi-tema\/assets\/svg\/sprites.svg#it-calendar\"><\/use>\n                                        <\/svg> \u0423\u0442\u043e \u0430\u043f\u0440 28 2026                                    <\/span>\n                                                                    <\/div>\n                            <h5 class=\"card-title big-heading text-uppercase\"><a class=\"text-body text-decoration-none\" href=\"https:\/\/iicbelgrado.esteri.it\/sr\/gli_eventi\/calendario\/koncert-ucenika-muzicke-skole-davorin-jenko\/\" title=\"Koncert u\u010denika Muzi\u010dke \u0161kole \u201eDavorin Jenko\u201c\">Koncert u\u010denika Muzi\u010dke \u0161kole \u201eDavorin Jenko\u201c<\/a><\/h5>\n                            <p class=\"card-text\">Povodom 75 godina postojanja, Muzi\u010dka \u0161kola \u201eDavorin Jenko\u201c predstavlja koncert u\u010denika ove \u0161kole koji se odr\u017eava u utorak, 28. aprila u 19.00 \u010dasova u Italijanskom institutu za kulturu u Beogradu. Program koncerta obuhvata kompozicije Paganinija, Skarlatija, Roze, Baha, Bramsa i drugih.<\/p>\n                                <a title=\"Koncert u\u010denika Muzi\u010dke \u0161kole \u201eDavorin Jenko\u201c\" class=\"read-more\" href=\"https:\/\/iicbelgrado.esteri.it\/sr\/gli_eventi\/calendario\/koncert-ucenika-muzicke-skole-davorin-jenko\/\">\n                                    <span class=\"text\">Pro\u010ditaj vi\u0161e<\/span>\n                                    <svg class=\"icon\">\n                                    <use xlink:href=\"https:\/\/iicbelgrado.esteri.it\/wp-content\/themes\/sedi-tema\/assets\/svg\/sprites.svg#it-arrow-right\"><\/use>\n                                    <\/svg>\n                                <\/a>\n                                                        <\/div>\n                                                    <\/div>\n                    <\/div>\n                <\/div>\n                <!--end card-->\n                <\/div><!-- col-12 .mt-3-->\n                            <div class=\"col-12 mt-3\">\n                <!--start card-->\n                <div class=\"card-wrapper card-space\">\n                    <div class=\"card card-bg card-big border-bottom-card\">\n                        <div class=\"card-body row\">\n                                                    <div class=\"col-sm-3\">\n                                <div class=\"img-responsive\">\n                                    <figure class=\"img-wrapper\">\n                                        <a href=\"https:\/\/iicbelgrado.esteri.it\/sr\/gli_eventi\/calendario\/projekcija-dokumentarnog-filma-cartapesta-il-carnevale-di-fano-il-film-u-kragujevcu\/\" title=\"Pro\u010ditajte \u010dlanak: Projekcija dokumentarnog filma \u201eCartapesta. Il Carnevale di Fano \u2013 il Film\u201c u Kragujevcu\">\n                                                                                            <img loading=\"lazy\" decoding=\"async\" width=\"214\" height=\"300\" src=\"https:\/\/iicbelgrado.esteri.it\/wp-content\/uploads\/2026\/03\/Kragujevac2-214x300.jpg\" srcset=\"https:\/\/iicbelgrado.esteri.it\/wp-content\/uploads\/2026\/03\/Kragujevac2.jpg 1417w, https:\/\/iicbelgrado.esteri.it\/wp-content\/uploads\/2026\/03\/Kragujevac2-214x300.jpg 214w, https:\/\/iicbelgrado.esteri.it\/wp-content\/uploads\/2026\/03\/Kragujevac2-731x1024.jpg 731w, https:\/\/iicbelgrado.esteri.it\/wp-content\/uploads\/2026\/03\/Kragujevac2-768x1075.jpg 768w\" sizes=\"auto, (max-width: 1417px) 100vw, 1417px\"  title=\"Kragujevac2\" alt=\"\" class=\"img-fluid\">\n                                                                                    <\/a>\n                                    <\/figure>\n                                <\/div>\n                            <\/div>\n                            <div class=\"col-sm-9\">\n                                                            <div class=\"category-top\">\n                                    <span class=\"fw-bold text-danger\">Zavr\u0161eno<\/span>                                                                        <span class=\"data\">\n                                        <svg class=\"icon icon-secondary\">\n                                            <use xlink:href=\"https:\/\/iicbelgrado.esteri.it\/wp-content\/themes\/sedi-tema\/assets\/svg\/sprites.svg#it-calendar\"><\/use>\n                                        <\/svg> \u041f\u043e\u043d \u0430\u043f\u0440 27 2026                                    <\/span>\n                                                                    <\/div>\n                            <h5 class=\"card-title big-heading text-uppercase\"><a class=\"text-body text-decoration-none\" href=\"https:\/\/iicbelgrado.esteri.it\/sr\/gli_eventi\/calendario\/projekcija-dokumentarnog-filma-cartapesta-il-carnevale-di-fano-il-film-u-kragujevcu\/\" title=\"Projekcija dokumentarnog filma \u201eCartapesta. Il Carnevale di Fano \u2013 il Film\u201c u Kragujevcu\">Projekcija dokumentarnog filma \u201eCartapesta. Il Carnevale di Fano \u2013 il Film\u201c u Kragujevcu<\/a><\/h5>\n                            <p class=\"card-text\">\u201eKarneval je lebde\u0107i grad, u kom se\u00a0 \u010dovek mo\u017ee kretati me\u0111u njegovim senkama bez straha\u201c, napisao je Italo Kalvino u knjizi \u201eNevidljivi gradovi\u201c, a njegovoj neverovatnoj vitalnosti, reditelj Andrea Lodoviketi posvetio je dokumentarni film pod nazivom \u201eCartapesta: il Carnevale di Fano \u2013 il Film\u201c. To je delo koje slavi vekovnu tradiciju, kroz kolektivnu ma\u0161tu sa\u010dinjenu [&hellip;]<\/p>\n                                <a title=\"Projekcija dokumentarnog filma \u201eCartapesta. Il Carnevale di Fano \u2013 il Film\u201c u Kragujevcu\" class=\"read-more\" href=\"https:\/\/iicbelgrado.esteri.it\/sr\/gli_eventi\/calendario\/projekcija-dokumentarnog-filma-cartapesta-il-carnevale-di-fano-il-film-u-kragujevcu\/\">\n                                    <span class=\"text\">Pro\u010ditaj vi\u0161e<\/span>\n                                    <svg class=\"icon\">\n                                    <use xlink:href=\"https:\/\/iicbelgrado.esteri.it\/wp-content\/themes\/sedi-tema\/assets\/svg\/sprites.svg#it-arrow-right\"><\/use>\n                                    <\/svg>\n                                <\/a>\n                                                        <\/div>\n                                                    <\/div>\n                    <\/div>\n                <\/div>\n                <!--end card-->\n                <\/div><!-- col-12 .mt-3-->\n                            <div class=\"col-12 mt-3\">\n                <!--start card-->\n                <div class=\"card-wrapper card-space\">\n                    <div class=\"card card-bg card-big border-bottom-card\">\n                        <div class=\"card-body row\">\n                                                    <div class=\"col-sm-3\">\n                                <div class=\"img-responsive\">\n                                    <figure class=\"img-wrapper\">\n                                        <a href=\"https:\/\/iicbelgrado.esteri.it\/sr\/gli_eventi\/calendario\/medunarodna-naucna-konferencija-euromuse-muzeji-muzika-i-publika-ka-inkluzivnoj-i-podacima-vodenoj-kulturnoj-praksi\/\" title=\"Pro\u010ditajte \u010dlanak: Me\u0111unarodna nau\u010dna konferencija EUROMUSE \u2013 \u201eMuzeji, muzika i publika: ka inkluzivnoj i podacima vo\u0111enoj kulturnoj praksi\u201d\">\n                                                                                            <img loading=\"lazy\" decoding=\"async\" width=\"300\" height=\"150\" src=\"https:\/\/iicbelgrado.esteri.it\/wp-content\/uploads\/2026\/04\/Euromuse-Program-WEB-final-1-300x150.jpg\" srcset=\"https:\/\/iicbelgrado.esteri.it\/wp-content\/uploads\/2026\/04\/Euromuse-Program-WEB-final-1.jpg 1920w, https:\/\/iicbelgrado.esteri.it\/wp-content\/uploads\/2026\/04\/Euromuse-Program-WEB-final-1-300x150.jpg 300w, https:\/\/iicbelgrado.esteri.it\/wp-content\/uploads\/2026\/04\/Euromuse-Program-WEB-final-1-1024x511.jpg 1024w, https:\/\/iicbelgrado.esteri.it\/wp-content\/uploads\/2026\/04\/Euromuse-Program-WEB-final-1-768x384.jpg 768w\" sizes=\"auto, (max-width: 1920px) 100vw, 1920px\"  title=\"Euromuse-Program-WEB-final-1\" alt=\"\" class=\"img-fluid\">\n                                                                                    <\/a>\n                                    <\/figure>\n                                <\/div>\n                            <\/div>\n                            <div class=\"col-sm-9\">\n                                                            <div class=\"category-top\">\n                                    <span class=\"fw-bold text-danger\">Zavr\u0161eno<\/span>                                                                        <span class=\"data\">\n                                        <svg class=\"icon icon-secondary\">\n                                            <use xlink:href=\"https:\/\/iicbelgrado.esteri.it\/wp-content\/themes\/sedi-tema\/assets\/svg\/sprites.svg#it-calendar\"><\/use>\n                                        <\/svg> \u0421\u0443\u0431 \u0430\u043f\u0440 25 2026<svg class=\"icon icon-xs icon-secondary me-1 ms-1\"><use href=\"https:\/\/iicbelgrado.esteri.it\/wp-content\/themes\/sedi-tema\/assets\/svg\/sprites.svg#it-arrow-right\"><\/use><\/svg>\u041d\u0435\u0434 \u0430\u043f\u0440 26 2026                                    <\/span>\n                                                                    <\/div>\n                            <h5 class=\"card-title big-heading text-uppercase\"><a class=\"text-body text-decoration-none\" href=\"https:\/\/iicbelgrado.esteri.it\/sr\/gli_eventi\/calendario\/medunarodna-naucna-konferencija-euromuse-muzeji-muzika-i-publika-ka-inkluzivnoj-i-podacima-vodenoj-kulturnoj-praksi\/\" title=\"Me\u0111unarodna nau\u010dna konferencija EUROMUSE \u2013 \u201eMuzeji, muzika i publika: ka inkluzivnoj i podacima vo\u0111enoj kulturnoj praksi\u201d\">Me\u0111unarodna nau\u010dna konferencija EUROMUSE \u2013 \u201eMuzeji, muzika i publika: ka inkluzivnoj i podacima vo\u0111enoj kulturnoj praksi\u201d<\/a><\/h5>\n                            <p class=\"card-text\">U subotu, 25. i nedelju, 26. aprila 2026. godine na Fakultetu za medije i komunikacije, u Muzeju nauke i tehnike i u Etnografskom muzeju u Beogradu odr\u017ea\u0107e se me\u0111unarodna nau\u010dna konferencija EUROMUSE \u2013 \u201eMuzeji, muzika i publika: ka inkluzivnoj i podacima vo\u0111enoj kulturnoj praksi\u201d. Konferencija okuplja stru\u010dnjake iz oblasti muzeologije, muzike i studija zvuka, psihologije, [&hellip;]<\/p>\n                                <a title=\"Me\u0111unarodna nau\u010dna konferencija EUROMUSE \u2013 \u201eMuzeji, muzika i publika: ka inkluzivnoj i podacima vo\u0111enoj kulturnoj praksi\u201d\" class=\"read-more\" href=\"https:\/\/iicbelgrado.esteri.it\/sr\/gli_eventi\/calendario\/medunarodna-naucna-konferencija-euromuse-muzeji-muzika-i-publika-ka-inkluzivnoj-i-podacima-vodenoj-kulturnoj-praksi\/\">\n                                    <span class=\"text\">Pro\u010ditaj vi\u0161e<\/span>\n                                    <svg class=\"icon\">\n                                    <use xlink:href=\"https:\/\/iicbelgrado.esteri.it\/wp-content\/themes\/sedi-tema\/assets\/svg\/sprites.svg#it-arrow-right\"><\/use>\n                                    <\/svg>\n                                <\/a>\n                                                        <\/div>\n                                                    <\/div>\n                    <\/div>\n                <\/div>\n                <!--end card-->\n                <\/div><!-- col-12 .mt-3-->\n                            <div class=\"col-12 mt-3\">\n                <!--start card-->\n                <div class=\"card-wrapper card-space\">\n                    <div class=\"card card-bg card-big border-bottom-card\">\n                        <div class=\"card-body row\">\n                                                    <div class=\"col-sm-3\">\n                                <div class=\"img-responsive\">\n                                    <figure class=\"img-wrapper\">\n                                        <a href=\"https:\/\/iicbelgrado.esteri.it\/sr\/gli_eventi\/calendario\/koncert-i-masterklas-vita-nikole-paradiza-u-leskovcu\/\" title=\"Pro\u010ditajte \u010dlanak: Koncert i masterklas Vita Nikole Paradiza u Leskovcu\">\n                                                                                            <img loading=\"lazy\" decoding=\"async\" width=\"212\" height=\"300\" src=\"https:\/\/iicbelgrado.esteri.it\/wp-content\/uploads\/2026\/04\/Vito-Nicola-Paradiso-212x300.png\" srcset=\"https:\/\/iicbelgrado.esteri.it\/wp-content\/uploads\/2026\/04\/Vito-Nicola-Paradiso.png 1149w, https:\/\/iicbelgrado.esteri.it\/wp-content\/uploads\/2026\/04\/Vito-Nicola-Paradiso-212x300.png 212w, https:\/\/iicbelgrado.esteri.it\/wp-content\/uploads\/2026\/04\/Vito-Nicola-Paradiso-724x1024.png 724w, https:\/\/iicbelgrado.esteri.it\/wp-content\/uploads\/2026\/04\/Vito-Nicola-Paradiso-768x1086.png 768w\" sizes=\"auto, (max-width: 1149px) 100vw, 1149px\"  title=\"Vito Nicola Paradiso\" alt=\"\" class=\"img-fluid\">\n                                                                                    <\/a>\n                                    <\/figure>\n                                <\/div>\n                            <\/div>\n                            <div class=\"col-sm-9\">\n                                                            <div class=\"category-top\">\n                                    <span class=\"fw-bold text-danger\">Zavr\u0161eno<\/span>                                                                        <span class=\"data\">\n                                        <svg class=\"icon icon-secondary\">\n                                            <use xlink:href=\"https:\/\/iicbelgrado.esteri.it\/wp-content\/themes\/sedi-tema\/assets\/svg\/sprites.svg#it-calendar\"><\/use>\n                                        <\/svg> \u041f\u0435\u0442 \u0430\u043f\u0440 24 2026                                    <\/span>\n                                                                    <\/div>\n                            <h5 class=\"card-title big-heading text-uppercase\"><a class=\"text-body text-decoration-none\" href=\"https:\/\/iicbelgrado.esteri.it\/sr\/gli_eventi\/calendario\/koncert-i-masterklas-vita-nikole-paradiza-u-leskovcu\/\" title=\"Koncert i masterklas Vita Nikole Paradiza u Leskovcu\">Koncert i masterklas Vita Nikole Paradiza u Leskovcu<\/a><\/h5>\n                            <p class=\"card-text\">U okviru XVIII izdanja Internacionalnog festivala gitare, koji od 23. do 25. aprila 2026. godine organizuje Muzi\u010dka \u0161kola \u201eStanislav Bini\u010dki\u201d iz Leskovca, Guitar Art Festival i Italijanski institut za kulturu u Beogradu predstavljaju u\u010de\u0161\u0107e italijanskog \u00a0gitariste, kompozitora i pedagoga Vita Nikole Paradiza. Maestro Paradizo \u0107e nastupiti kao solista i u ulozi dirigenta Gitarskog orkestra muzi\u010dkih [&hellip;]<\/p>\n                                <a title=\"Koncert i masterklas Vita Nikole Paradiza u Leskovcu\" class=\"read-more\" href=\"https:\/\/iicbelgrado.esteri.it\/sr\/gli_eventi\/calendario\/koncert-i-masterklas-vita-nikole-paradiza-u-leskovcu\/\">\n                                    <span class=\"text\">Pro\u010ditaj vi\u0161e<\/span>\n                                    <svg class=\"icon\">\n                                    <use xlink:href=\"https:\/\/iicbelgrado.esteri.it\/wp-content\/themes\/sedi-tema\/assets\/svg\/sprites.svg#it-arrow-right\"><\/use>\n                                    <\/svg>\n                                <\/a>\n                                                        <\/div>\n                                                    <\/div>\n                    <\/div>\n                <\/div>\n                <!--end card-->\n                <\/div><!-- col-12 .mt-3-->\n                            <div class=\"col-12 mt-3\">\n                <!--start card-->\n                <div class=\"card-wrapper card-space\">\n                    <div class=\"card card-bg card-big border-bottom-card\">\n                        <div class=\"card-body row\">\n                                                    <div class=\"col-sm-3\">\n                                <div class=\"img-responsive\">\n                                    <figure class=\"img-wrapper\">\n                                        <a href=\"https:\/\/iicbelgrado.esteri.it\/sr\/gli_eventi\/calendario\/gala-koncert-simfonijski-dijalog-klasika-film-tango-i-soul\/\" title=\"Pro\u010ditajte \u010dlanak: Gala koncert \u201eSimfonijski dijalog: klasika, film, tango i soul\u201c &#8211; OTKAZANO\">\n                                                                                            <img loading=\"lazy\" decoding=\"async\" width=\"240\" height=\"300\" src=\"https:\/\/iicbelgrado.esteri.it\/wp-content\/uploads\/2026\/04\/Gala-koncert_Instagram-Post-1080-x-1350px-srp-OTKAZANO-240x300.jpg\" srcset=\"https:\/\/iicbelgrado.esteri.it\/wp-content\/uploads\/2026\/04\/Gala-koncert_Instagram-Post-1080-x-1350px-srp-OTKAZANO.jpg 1080w, https:\/\/iicbelgrado.esteri.it\/wp-content\/uploads\/2026\/04\/Gala-koncert_Instagram-Post-1080-x-1350px-srp-OTKAZANO-240x300.jpg 240w, https:\/\/iicbelgrado.esteri.it\/wp-content\/uploads\/2026\/04\/Gala-koncert_Instagram-Post-1080-x-1350px-srp-OTKAZANO-819x1024.jpg 819w, https:\/\/iicbelgrado.esteri.it\/wp-content\/uploads\/2026\/04\/Gala-koncert_Instagram-Post-1080-x-1350px-srp-OTKAZANO-768x960.jpg 768w\" sizes=\"auto, (max-width: 1080px) 100vw, 1080px\"  title=\"Gala-koncert_Instagram-Post-1080-x-1350px-srp-OTKAZANO\" alt=\"\" class=\"img-fluid\">\n                                                                                    <\/a>\n                                    <\/figure>\n                                <\/div>\n                            <\/div>\n                            <div class=\"col-sm-9\">\n                                                            <div class=\"category-top\">\n                                    <span class=\"fw-bold text-danger\">Zavr\u0161eno<\/span>                                                                        <span class=\"data\">\n                                        <svg class=\"icon icon-secondary\">\n                                            <use xlink:href=\"https:\/\/iicbelgrado.esteri.it\/wp-content\/themes\/sedi-tema\/assets\/svg\/sprites.svg#it-calendar\"><\/use>\n                                        <\/svg> \u0427\u0435\u0442 \u0430\u043f\u0440 23 2026                                    <\/span>\n                                                                    <\/div>\n                            <h5 class=\"card-title big-heading text-uppercase\"><a class=\"text-body text-decoration-none\" href=\"https:\/\/iicbelgrado.esteri.it\/sr\/gli_eventi\/calendario\/gala-koncert-simfonijski-dijalog-klasika-film-tango-i-soul\/\" title=\"Gala koncert \u201eSimfonijski dijalog: klasika, film, tango i soul\u201c &#8211; OTKAZANO\">Gala koncert \u201eSimfonijski dijalog: klasika, film, tango i soul\u201c &#8211; OTKAZANO<\/a><\/h5>\n                            <p class=\"card-text\">Agencija Fabrika predstavlja Gala koncert \u201eSimfonijski dijalog: klasika, film, tango i soul\u201c, poseban doga\u0111aj koji spaja razli\u010dite \u017eanrove i izraze, na programu u \u010detvrtak, 23. aprila u 20.00 \u010dasova u Velikoj dvorani Kolar\u010deve zadu\u017ebine. Nastupaju violinista Alesandro Kvarta, dirigent Jakopo Sipari di Peskaseroli i d\u017eez\/soul solistkinja Bojana Stamenov, u pratnji benda \u201eAlessandro Quarta 5et\u201c i [&hellip;]<\/p>\n                                <a title=\"Gala koncert \u201eSimfonijski dijalog: klasika, film, tango i soul\u201c &#8211; OTKAZANO\" class=\"read-more\" href=\"https:\/\/iicbelgrado.esteri.it\/sr\/gli_eventi\/calendario\/gala-koncert-simfonijski-dijalog-klasika-film-tango-i-soul\/\">\n                                    <span class=\"text\">Pro\u010ditaj vi\u0161e<\/span>\n                                    <svg class=\"icon\">\n                                    <use xlink:href=\"https:\/\/iicbelgrado.esteri.it\/wp-content\/themes\/sedi-tema\/assets\/svg\/sprites.svg#it-arrow-right\"><\/use>\n                                    <\/svg>\n                                <\/a>\n                                                        <\/div>\n                                                    <\/div>\n                    <\/div>\n                <\/div>\n                <!--end card-->\n                <\/div><!-- col-12 .mt-3-->\n                            <div class=\"col-12 mt-3\">\n                <!--start card-->\n                <div class=\"card-wrapper card-space\">\n                    <div class=\"card card-bg card-big border-bottom-card\">\n                        <div class=\"card-body row\">\n                                                    <div class=\"col-sm-3\">\n                                <div class=\"img-responsive\">\n                                    <figure class=\"img-wrapper\">\n                                        <a href=\"https:\/\/iicbelgrado.esteri.it\/sr\/gli_eventi\/calendario\/koncert-pijaniste-bruna-franceska-leonea\/\" title=\"Pro\u010ditajte \u010dlanak: Koncert pijaniste Bruna Fran\u010deska Leonea\">\n                                                                                            <img loading=\"lazy\" decoding=\"async\" width=\"300\" height=\"300\" src=\"https:\/\/iicbelgrado.esteri.it\/wp-content\/uploads\/2026\/03\/BFL-300x300.jpg\" srcset=\"https:\/\/iicbelgrado.esteri.it\/wp-content\/uploads\/2026\/03\/BFL.jpg 1920w, https:\/\/iicbelgrado.esteri.it\/wp-content\/uploads\/2026\/03\/BFL-300x300.jpg 300w, https:\/\/iicbelgrado.esteri.it\/wp-content\/uploads\/2026\/03\/BFL-1024x1024.jpg 1024w, https:\/\/iicbelgrado.esteri.it\/wp-content\/uploads\/2026\/03\/BFL-150x150.jpg 150w, https:\/\/iicbelgrado.esteri.it\/wp-content\/uploads\/2026\/03\/BFL-768x768.jpg 768w\" sizes=\"auto, (max-width: 1920px) 100vw, 1920px\"  title=\"BFL\" alt=\"\" class=\"img-fluid\">\n                                                                                    <\/a>\n                                    <\/figure>\n                                <\/div>\n                            <\/div>\n                            <div class=\"col-sm-9\">\n                                                            <div class=\"category-top\">\n                                    <span class=\"fw-bold text-danger\">Zavr\u0161eno<\/span>                                                                        <span class=\"data\">\n                                        <svg class=\"icon icon-secondary\">\n                                            <use xlink:href=\"https:\/\/iicbelgrado.esteri.it\/wp-content\/themes\/sedi-tema\/assets\/svg\/sprites.svg#it-calendar\"><\/use>\n                                        <\/svg> \u0423\u0442\u043e \u0430\u043f\u0440 21 2026                                    <\/span>\n                                                                    <\/div>\n                            <h5 class=\"card-title big-heading text-uppercase\"><a class=\"text-body text-decoration-none\" href=\"https:\/\/iicbelgrado.esteri.it\/sr\/gli_eventi\/calendario\/koncert-pijaniste-bruna-franceska-leonea\/\" title=\"Koncert pijaniste Bruna Fran\u010deska Leonea\">Koncert pijaniste Bruna Fran\u010deska Leonea<\/a><\/h5>\n                            <p class=\"card-text\">U utorak, 21. aprila u 18.00 \u010dasova u Italijanskom institutu za kulturu u Beogradu odr\u017ea\u0107e se koncert italijanskog pijaniste Bruna Fran\u010deska Leonea, koji se organizuje u saradnji sa takmi\u010denjem \u201eSirmium Music Fest\u201c u Sremskoj Mitrovici \u010dije deseto izdanje je na programu od 20. do 26. aprila 2026. Program koncerta obuhvata kompozicije Betovena, Rahmanjinova, Balakireva i [&hellip;]<\/p>\n                                <a title=\"Koncert pijaniste Bruna Fran\u010deska Leonea\" class=\"read-more\" href=\"https:\/\/iicbelgrado.esteri.it\/sr\/gli_eventi\/calendario\/koncert-pijaniste-bruna-franceska-leonea\/\">\n                                    <span class=\"text\">Pro\u010ditaj vi\u0161e<\/span>\n                                    <svg class=\"icon\">\n                                    <use xlink:href=\"https:\/\/iicbelgrado.esteri.it\/wp-content\/themes\/sedi-tema\/assets\/svg\/sprites.svg#it-arrow-right\"><\/use>\n                                    <\/svg>\n                                <\/a>\n                                                        <\/div>\n                                                    <\/div>\n                    <\/div>\n                <\/div>\n                <!--end card-->\n                <\/div><!-- col-12 .mt-3-->\n                            <div class=\"col-12 mt-3\">\n                <!--start card-->\n                <div class=\"card-wrapper card-space\">\n                    <div class=\"card card-bg card-big border-bottom-card\">\n                        <div class=\"card-body row\">\n                                                    <div class=\"col-sm-3\">\n                                <div class=\"img-responsive\">\n                                    <figure class=\"img-wrapper\">\n                                        <a href=\"https:\/\/iicbelgrado.esteri.it\/sr\/gli_eventi\/calendario\/koncert-pijaniste-aljose-keserovica\/\" title=\"Pro\u010ditajte \u010dlanak: Koncert pijaniste Aljo\u0161e Keserovi\u0107a\">\n                                                                                            <img loading=\"lazy\" decoding=\"async\" width=\"240\" height=\"300\" src=\"https:\/\/iicbelgrado.esteri.it\/wp-content\/uploads\/2026\/04\/aljosa-keserovic-240x300.png\" srcset=\"https:\/\/iicbelgrado.esteri.it\/wp-content\/uploads\/2026\/04\/aljosa-keserovic.png 1080w, https:\/\/iicbelgrado.esteri.it\/wp-content\/uploads\/2026\/04\/aljosa-keserovic-240x300.png 240w, https:\/\/iicbelgrado.esteri.it\/wp-content\/uploads\/2026\/04\/aljosa-keserovic-819x1024.png 819w, https:\/\/iicbelgrado.esteri.it\/wp-content\/uploads\/2026\/04\/aljosa-keserovic-768x960.png 768w\" sizes=\"auto, (max-width: 1080px) 100vw, 1080px\"  title=\"aljos\u030ca keserovic\" alt=\"\" class=\"img-fluid\">\n                                                                                    <\/a>\n                                    <\/figure>\n                                <\/div>\n                            <\/div>\n                            <div class=\"col-sm-9\">\n                                                            <div class=\"category-top\">\n                                    <span class=\"fw-bold text-danger\">Zavr\u0161eno<\/span>                                                                        <span class=\"data\">\n                                        <svg class=\"icon icon-secondary\">\n                                            <use xlink:href=\"https:\/\/iicbelgrado.esteri.it\/wp-content\/themes\/sedi-tema\/assets\/svg\/sprites.svg#it-calendar\"><\/use>\n                                        <\/svg> \u041f\u043e\u043d \u0430\u043f\u0440 20 2026                                    <\/span>\n                                                                    <\/div>\n                            <h5 class=\"card-title big-heading text-uppercase\"><a class=\"text-body text-decoration-none\" href=\"https:\/\/iicbelgrado.esteri.it\/sr\/gli_eventi\/calendario\/koncert-pijaniste-aljose-keserovica\/\" title=\"Koncert pijaniste Aljo\u0161e Keserovi\u0107a\">Koncert pijaniste Aljo\u0161e Keserovi\u0107a<\/a><\/h5>\n                            <p class=\"card-text\">U ponedeljak, 20. aprila 2026. u 20.00 \u010dasova u Italijanskom institutu za kulturu u Beogradu odr\u017ea\u0107e se koncert iz ciklusa \u201eMladi u Italiji\u201c koji organizuje Muzi\u010dka omladina Beograda u okviru projekta \u201eMladi za mlade\u201c. Nastupi\u0107e pijanista Aljo\u0161a Keserovi\u0107 koji \u0107e izvesti dela Buzonija, Skarlatija, \u0160umana i Rahmanjinova. Za vi\u0161e informacija: https:\/\/www.muzicka-omladina.org\/sr\/pocetna\/<\/p>\n                                <a title=\"Koncert pijaniste Aljo\u0161e Keserovi\u0107a\" class=\"read-more\" href=\"https:\/\/iicbelgrado.esteri.it\/sr\/gli_eventi\/calendario\/koncert-pijaniste-aljose-keserovica\/\">\n                                    <span class=\"text\">Pro\u010ditaj vi\u0161e<\/span>\n                                    <svg class=\"icon\">\n                                    <use xlink:href=\"https:\/\/iicbelgrado.esteri.it\/wp-content\/themes\/sedi-tema\/assets\/svg\/sprites.svg#it-arrow-right\"><\/use>\n                                    <\/svg>\n                                <\/a>\n                                                        <\/div>\n                                                    <\/div>\n                    <\/div>\n                <\/div>\n                <!--end card-->\n                <\/div><!-- col-12 .mt-3-->\n                            <div class=\"col-12 mt-3\">\n                <!--start card-->\n                <div class=\"card-wrapper card-space\">\n                    <div class=\"card card-bg card-big border-bottom-card\">\n                        <div class=\"card-body row\">\n                                                    <div class=\"col-sm-3\">\n                                <div class=\"img-responsive\">\n                                    <figure class=\"img-wrapper\">\n                                        <a href=\"https:\/\/iicbelgrado.esteri.it\/sr\/gli_eventi\/calendario\/prvo-izdanje-evropskog-knjizevnog-festivala-knjiga-na-sceni\/\" title=\"Pro\u010ditajte \u010dlanak: Prvo izdanje Evropskog knji\u017eevnog festivala \u201eKnjiga na (s)ceni\u201c\">\n                                                                                            <img loading=\"lazy\" decoding=\"async\" width=\"240\" height=\"300\" src=\"https:\/\/iicbelgrado.esteri.it\/wp-content\/uploads\/2026\/04\/Milan-Milos-i-Melanija-240x300.jpg\" srcset=\"https:\/\/iicbelgrado.esteri.it\/wp-content\/uploads\/2026\/04\/Milan-Milos-i-Melanija.jpg 1080w, https:\/\/iicbelgrado.esteri.it\/wp-content\/uploads\/2026\/04\/Milan-Milos-i-Melanija-240x300.jpg 240w, https:\/\/iicbelgrado.esteri.it\/wp-content\/uploads\/2026\/04\/Milan-Milos-i-Melanija-819x1024.jpg 819w, https:\/\/iicbelgrado.esteri.it\/wp-content\/uploads\/2026\/04\/Milan-Milos-i-Melanija-768x960.jpg 768w\" sizes=\"auto, (max-width: 1080px) 100vw, 1080px\"  title=\"Milan,-Milos-i-Melanija\" alt=\"\" class=\"img-fluid\">\n                                                                                    <\/a>\n                                    <\/figure>\n                                <\/div>\n                            <\/div>\n                            <div class=\"col-sm-9\">\n                                                            <div class=\"category-top\">\n                                    <span class=\"fw-bold text-danger\">Zavr\u0161eno<\/span>                                                                        <span class=\"data\">\n                                        <svg class=\"icon icon-secondary\">\n                                            <use xlink:href=\"https:\/\/iicbelgrado.esteri.it\/wp-content\/themes\/sedi-tema\/assets\/svg\/sprites.svg#it-calendar\"><\/use>\n                                        <\/svg> \u0421\u0443\u0431 \u0430\u043f\u0440 18 2026                                    <\/span>\n                                                                    <\/div>\n                            <h5 class=\"card-title big-heading text-uppercase\"><a class=\"text-body text-decoration-none\" href=\"https:\/\/iicbelgrado.esteri.it\/sr\/gli_eventi\/calendario\/prvo-izdanje-evropskog-knjizevnog-festivala-knjiga-na-sceni\/\" title=\"Prvo izdanje Evropskog knji\u017eevnog festivala \u201eKnjiga na (s)ceni\u201c\">Prvo izdanje Evropskog knji\u017eevnog festivala \u201eKnjiga na (s)ceni\u201c<\/a><\/h5>\n                            <p class=\"card-text\">Od 17. do 19. aprila 2026. godine, \u010ce\u0161ki dom u Beogradu ugosti\u0107e prvo izdanje Evropskog knji\u017eevnog festivala \u201eKnjiga na (s)ceni&#8220;, u organizaciji mre\u017ee EUNIC Srbija i izdava\u010dke ku\u0107e Blum. Festival ima ambiciju da savremenu evropsku knji\u017eevnost vrati u sam centar javnog prostora, podsti\u010du\u0107i dijalog izme\u0111u autora, izdava\u010da i publike. Bogat program, koji izlazi iz okvira [&hellip;]<\/p>\n                                <a title=\"Prvo izdanje Evropskog knji\u017eevnog festivala \u201eKnjiga na (s)ceni\u201c\" class=\"read-more\" href=\"https:\/\/iicbelgrado.esteri.it\/sr\/gli_eventi\/calendario\/prvo-izdanje-evropskog-knjizevnog-festivala-knjiga-na-sceni\/\">\n                                    <span class=\"text\">Pro\u010ditaj vi\u0161e<\/span>\n                                    <svg class=\"icon\">\n                                    <use xlink:href=\"https:\/\/iicbelgrado.esteri.it\/wp-content\/themes\/sedi-tema\/assets\/svg\/sprites.svg#it-arrow-right\"><\/use>\n                                    <\/svg>\n                                <\/a>\n                                                        <\/div>\n                                                    <\/div>\n                    <\/div>\n                <\/div>\n                <!--end card-->\n                <\/div><!-- col-12 .mt-3-->\n            \n            <div class=\"col-md-12 mt-4 pb-4\">\n                <nav class=\"navigation col-md-12\" aria-label=\"Navigation\">\n                    <h2 class=\"screen-reader-text visually-hidden\">Strani\u010dne memorije<\/h2>\n                    <div class=\"nav-links\">\n                    <span aria-current=\"page\" class=\"page-numbers current\">1<\/span>\n<a class=\"page-numbers\" href=\"https:\/\/iicbelgrado.esteri.it\/sr\/wp-json\/wp\/v2\/pages\/8664\/?pag=2\">2<\/a>\n<a class=\"page-numbers\" href=\"https:\/\/iicbelgrado.esteri.it\/sr\/wp-json\/wp\/v2\/pages\/8664\/?pag=3\">3<\/a>\n<span class=\"page-numbers dots\">&hellip;<\/span>\n<a class=\"page-numbers\" href=\"https:\/\/iicbelgrado.esteri.it\/sr\/wp-json\/wp\/v2\/pages\/8664\/?pag=195\">195<\/a>\n<a class=\"next page-numbers\" href=\"https:\/\/iicbelgrado.esteri.it\/sr\/wp-json\/wp\/v2\/pages\/8664\/?pag=2\"><svg class=\"icon icon-primary\"><use xlink:href=\"https:\/\/iicbelgrado.esteri.it\/wp-content\/themes\/sedi-tema\/assets\/svg\/sprites.svg#it-chevron-right\"><\/use><\/svg>\n                                    <span class=\"visually-hidden\">Slede\u0107a stranica<\/span><\/a>                    <\/div>\n                <\/nav>\n            <\/div>   <!--.col-md-12 -->\n              <\/div><!--.row -->\n              \n<p>&nbsp;<\/p>\n","protected":false},"excerpt":{"rendered":"&nbsp;","protected":false},"author":1,"featured_media":0,"parent":116,"menu_order":0,"comment_status":"closed","ping_status":"closed","template":"","meta":{"footnotes":""},"class_list":["post-8664","page","type-page","status-publish","hentry"],"_links":{"self":[{"href":"https:\/\/iicbelgrado.esteri.it\/sr\/wp-json\/wp\/v2\/pages\/8664","targetHints":{"allow":["GET"]}}],"collection":[{"href":"https:\/\/iicbelgrado.esteri.it\/sr\/wp-json\/wp\/v2\/pages"}],"about":[{"href":"https:\/\/iicbelgrado.esteri.it\/sr\/wp-json\/wp\/v2\/types\/page"}],"author":[{"embeddable":true,"href":"https:\/\/iicbelgrado.esteri.it\/sr\/wp-json\/wp\/v2\/users\/1"}],"replies":[{"embeddable":true,"href":"https:\/\/iicbelgrado.esteri.it\/sr\/wp-json\/wp\/v2\/comments?post=8664"}],"version-history":[{"count":1,"href":"https:\/\/iicbelgrado.esteri.it\/sr\/wp-json\/wp\/v2\/pages\/8664\/revisions"}],"predecessor-version":[{"id":8677,"href":"https:\/\/iicbelgrado.esteri.it\/sr\/wp-json\/wp\/v2\/pages\/8664\/revisions\/8677"}],"up":[{"embeddable":true,"href":"https:\/\/iicbelgrado.esteri.it\/sr\/wp-json\/wp\/v2\/pages\/116"}],"wp:attachment":[{"href":"https:\/\/iicbelgrado.esteri.it\/sr\/wp-json\/wp\/v2\/media?parent=8664"}],"curies":[{"name":"wp","href":"https:\/\/api.w.org\/{rel}","templated":true}]}}