{"id":125,"date":"2023-04-03T20:31:58","date_gmt":"2023-04-03T18:31:58","guid":{"rendered":"https:\/\/iicbelgrado.esteri.it\/news\/"},"modified":"2023-07-10T16:58:34","modified_gmt":"2023-07-10T14:58:34","slug":"news","status":"publish","type":"page","link":"https:\/\/iicbelgrado.esteri.it\/sr\/news\/","title":{"rendered":"Vesti"},"content":{"rendered":"        <div class=\"row\">\n\t\t\t<!-- Ricerca sedi post -->\n\t\t\t<div class=\"col-12 mt-4\">\n\t\t\t  <div class=\"callout callout-highlight note ricerca-esteri p-4\">\n                    <div class=\"callout-title\">\n                        <svg class=\"icon\">\n                            <use xlink:href=\"https:\/\/iicbelgrado.esteri.it\/wp-content\/themes\/sedi-tema\/assets\/svg\/sprites.svg#it-search\"><\/use>\n                        <\/svg>Unesi parametre za pretragu                    <\/div>\n                    <form id=\"searchFormPost\" name=\"form-search-post\" class=\"form-row align-items-center\" action=\"https:\/\/iicbelgrado.esteri.it\/sr\/wp-json\/wp\/v2\/pages\/125\/\" method=\"GET\"> \n                        <!-- <div class=\"form-group pt-5\"> -->\n                            <!-- <input type=\"hidden\" id=\"lang\" name=\"lang\" value=\"\"> --> <!-- <\/div> -->\n\n                        <div class=\"it-datepicker-wrapper\">\n                            <div class=\"row\">\n                                <div class=\"form-group col-md-6\">\n                                    <label class=\"active\" for=\"date-init\">Od<\/label>\n                                    <input class=\"form-control\" name=\"date-init\" id=\"date-init\" type=\"date\" placeholder=\"gg\/mm\/aaaa\" value=\"\"lang=\"en-EN\">  \n                                <\/div>\n                                <div class=\"form-group col-md-6\">\n                                    <label class=\"active\" for=\"date-end\">Do<\/label>\n                                    <input class=\"form-control\" name=\"date-end\" id=\"date-end\" type=\"date\" placeholder=\"gg\/mm\/aaaa\" value=\"\">\n                                <\/div>\n                            <\/div>\n                        <\/div>\n                        <div class=\"form-group col-md-12 mt-3\">\n                            <label for=\"searchText\">Slobodna pretraga<\/label>\n                            <input type=\"text\" name=\"searchText\" class=\"form-control\" id=\"searchText\" value=\"\">\n                        <\/div>\n                        <div class=\"form-group col-md-4 offset-md-8 text-end\">\n                            <a href=\"https:\/\/iicbelgrado.esteri.it\/sr\/news\/\" title=\"Form reset\" id=\"resetImput\" class=\"btn btn-outline-primary btn-xs\">Reset<\/a>\n                            <button type=\"submit\" class=\"btn btn-primary btn-xs\">Prika\u017ei rezultate<\/button>\n                        <\/div>\n                    <\/form>\n\t\t\t\t<\/div>\n\t\t\t<\/div>\n\t\t<\/div>\n                    \n            <div class=\"row\">\n                            <div class=\"col-12 mt-3\">\n                <!--start card-->\n                <div class=\"card-wrapper card-space\">\n                    <div class=\"card card-bg card-big border-bottom-card\">\n                        <div class=\"card-body \">\n                                                        <div class=\"category-top\">\n                                                                                                            <span class=\"\">\n                                        <svg class=\"icon icon-secondary\">\n                                            <use xlink:href=\"https:\/\/iicbelgrado.esteri.it\/wp-content\/themes\/sedi-tema\/assets\/svg\/sprites.svg#it-calendar\"><\/use>\n                                        <\/svg> 29 \u0430\u043f\u0440\u0438\u043b 2026                                    <\/span>\n                                                                    <\/div>\n                            <h5 class=\"card-title big-heading text-uppercase\"><a class=\"text-body text-decoration-none\" href=\"https:\/\/iicbelgrado.esteri.it\/sr\/news\/dall_istituto\/2026\/04\/17518\/\" title=\"DOPRINOSI ZA STUDIJSKI BORAVAK ISTRA\u017dIVA\u010cA, PROFESORA, EKSPERATA, UGLEDNIH LI\u010cNOSTI I KULTURNIH RADNIKA\">DOPRINOSI ZA STUDIJSKI BORAVAK ISTRA\u017dIVA\u010cA, PROFESORA, EKSPERATA, UGLEDNIH LI\u010cNOSTI I KULTURNIH RADNIKA<\/a><\/h5>\n                            <p class=\"card-text\">Odeljenje za koordinaciju Italijanskih instituta za kulturu Ministarstva spoljnih poslova i me\u0111unarodne saradnje finansira, prema bud\u017eetskoj stavci 2691\/7, slede\u0107e doprinose: 1. finansiranje putnih tro\u0161kova kao i studijski boravak za istra\u017eiva\u010de, profesore, eksperte, ugledne kulturne radnike, Italijane ili strance koji \u017eive u Italiji najmanje dve godine, a koji su pozvani od strane inostranih univerzitetskih ili kulturnih [&hellip;]<\/p>\n                                <a title=\"DOPRINOSI ZA STUDIJSKI BORAVAK ISTRA\u017dIVA\u010cA, PROFESORA, EKSPERATA, UGLEDNIH LI\u010cNOSTI I KULTURNIH RADNIKA\" class=\"read-more\" href=\"https:\/\/iicbelgrado.esteri.it\/sr\/news\/dall_istituto\/2026\/04\/17518\/\">\n                                    <span class=\"text\">Pro\u010ditaj vi\u0161e<\/span>\n                                    <svg class=\"icon\">\n                                    <use xlink:href=\"https:\/\/iicbelgrado.esteri.it\/wp-content\/themes\/sedi-tema\/assets\/svg\/sprites.svg#it-arrow-right\"><\/use>\n                                    <\/svg>\n                                <\/a>\n                                                    <\/div>\n                    <\/div>\n                <\/div>\n                <!--end card-->\n                <\/div><!-- col-12 .mt-3-->\n                            <div class=\"col-12 mt-3\">\n                <!--start card-->\n                <div class=\"card-wrapper card-space\">\n                    <div class=\"card card-bg card-big border-bottom-card\">\n                        <div class=\"card-body \">\n                                                        <div class=\"category-top\">\n                                                                                                            <span class=\"\">\n                                        <svg class=\"icon icon-secondary\">\n                                            <use xlink:href=\"https:\/\/iicbelgrado.esteri.it\/wp-content\/themes\/sedi-tema\/assets\/svg\/sprites.svg#it-calendar\"><\/use>\n                                        <\/svg> 26 \u043c\u0430\u0440\u0442 2026                                    <\/span>\n                                                                    <\/div>\n                            <h5 class=\"card-title big-heading text-uppercase\"><a class=\"text-body text-decoration-none\" href=\"https:\/\/iicbelgrado.esteri.it\/sr\/news\/dall_istituto\/2026\/03\/neradni-dan-povodom-praznika-6\/\" title=\"Neradni dan povodom praznika\">Neradni dan povodom praznika<\/a><\/h5>\n                            <p class=\"card-text\">Obave\u0161tavamo vas da Italijanski institut za kulturu u Beogradu ne\u0107e raditi u ponedeljak, 6. aprila 2026. godine povodom Uskr\u0161njeg ponedeljka.<\/p>\n                                <a title=\"Neradni dan povodom praznika\" class=\"read-more\" href=\"https:\/\/iicbelgrado.esteri.it\/sr\/news\/dall_istituto\/2026\/03\/neradni-dan-povodom-praznika-6\/\">\n                                    <span class=\"text\">Pro\u010ditaj vi\u0161e<\/span>\n                                    <svg class=\"icon\">\n                                    <use xlink:href=\"https:\/\/iicbelgrado.esteri.it\/wp-content\/themes\/sedi-tema\/assets\/svg\/sprites.svg#it-arrow-right\"><\/use>\n                                    <\/svg>\n                                <\/a>\n                                                    <\/div>\n                    <\/div>\n                <\/div>\n                <!--end card-->\n                <\/div><!-- col-12 .mt-3-->\n                            <div class=\"col-12 mt-3\">\n                <!--start card-->\n                <div class=\"card-wrapper card-space\">\n                    <div class=\"card card-bg card-big border-bottom-card\">\n                        <div class=\"card-body \">\n                                                        <div class=\"category-top\">\n                                                                                                            <span class=\"\">\n                                        <svg class=\"icon icon-secondary\">\n                                            <use xlink:href=\"https:\/\/iicbelgrado.esteri.it\/wp-content\/themes\/sedi-tema\/assets\/svg\/sprites.svg#it-calendar\"><\/use>\n                                        <\/svg> 20 \u043c\u0430\u0440\u0442 2026                                    <\/span>\n                                                                    <\/div>\n                            <h5 class=\"card-title big-heading text-uppercase\"><a class=\"text-body text-decoration-none\" href=\"https:\/\/iicbelgrado.esteri.it\/sr\/news\/dall_istituto\/2026\/03\/doprinosi-skolskim-institucijama-u-srbiji-3\/\" title=\"DOPRINOSI \u0160KOLSKIM INSTITUCIJAMA U SRBIJI\">DOPRINOSI \u0160KOLSKIM INSTITUCIJAMA U SRBIJI<\/a><\/h5>\n                            <p class=\"card-text\">I u 2026. godini\u00a0zainteresovane\u00a0\u0161kolske institucije u Srbiji mo\u0107i \u0107e da podnesu zahtev Ministarstvu spoljnih poslova i me\u0111unarodne saradnje za doprinose namenjene promovisanju italijanskog jezika i kulture kroz uvo\u0111enje i implementaciju italijanskog jezika u nastavu (doprinosi u vidu delimi\u010dnog udela u zaradi profesora zaposlenih direktno od strane same \u0161kole sa kojom sklapaju ugovor po lokalnom zakonu). [&hellip;]<\/p>\n                                <a title=\"DOPRINOSI \u0160KOLSKIM INSTITUCIJAMA U SRBIJI\" class=\"read-more\" href=\"https:\/\/iicbelgrado.esteri.it\/sr\/news\/dall_istituto\/2026\/03\/doprinosi-skolskim-institucijama-u-srbiji-3\/\">\n                                    <span class=\"text\">Pro\u010ditaj vi\u0161e<\/span>\n                                    <svg class=\"icon\">\n                                    <use xlink:href=\"https:\/\/iicbelgrado.esteri.it\/wp-content\/themes\/sedi-tema\/assets\/svg\/sprites.svg#it-arrow-right\"><\/use>\n                                    <\/svg>\n                                <\/a>\n                                                    <\/div>\n                    <\/div>\n                <\/div>\n                <!--end card-->\n                <\/div><!-- col-12 .mt-3-->\n                            <div class=\"col-12 mt-3\">\n                <!--start card-->\n                <div class=\"card-wrapper card-space\">\n                    <div class=\"card card-bg card-big border-bottom-card\">\n                        <div class=\"card-body \">\n                                                        <div class=\"category-top\">\n                                                                                                            <span class=\"\">\n                                        <svg class=\"icon icon-secondary\">\n                                            <use xlink:href=\"https:\/\/iicbelgrado.esteri.it\/wp-content\/themes\/sedi-tema\/assets\/svg\/sprites.svg#it-calendar\"><\/use>\n                                        <\/svg> 12 \u043c\u0430\u0440\u0442 2026                                    <\/span>\n                                                                    <\/div>\n                            <h5 class=\"card-title big-heading text-uppercase\"><a class=\"text-body text-decoration-none\" href=\"https:\/\/iicbelgrado.esteri.it\/sr\/news\/dall_istituto\/2026\/03\/stipendije-vlade-italije-za-strane-drzavljane-i-italijane-sa-stalnim-boravkom-u-inostranstvu-3\/\" title=\"Stipendije Vlade Italije za strane dr\u017eavljane i Italijane sa stalnim boravkom u inostranstvu\">Stipendije Vlade Italije za strane dr\u017eavljane i Italijane sa stalnim boravkom u inostranstvu<\/a><\/h5>\n                            <p class=\"card-text\">Ministarstvo spoljnih poslova i me\u0111unarodne saradnje Republike Italije (MAECI) nudi stipendije stranim studentima i italijanskim dr\u017eavljanima sa stalnim boravkom u inostranstvu (IRE) za akademsku 2026-2027. godinu, u cilju unapre\u0111enja kulturne, nau\u010dne i tehnolo\u0161ke saradnje i predstavljanja ekonomskog sistema Italije u svetu, kao i promovisanja u\u010denja italijanskog jezika i kulture (u skladu sa Zakonom 288\/55 i [&hellip;]<\/p>\n                                <a title=\"Stipendije Vlade Italije za strane dr\u017eavljane i Italijane sa stalnim boravkom u inostranstvu\" class=\"read-more\" href=\"https:\/\/iicbelgrado.esteri.it\/sr\/news\/dall_istituto\/2026\/03\/stipendije-vlade-italije-za-strane-drzavljane-i-italijane-sa-stalnim-boravkom-u-inostranstvu-3\/\">\n                                    <span class=\"text\">Pro\u010ditaj vi\u0161e<\/span>\n                                    <svg class=\"icon\">\n                                    <use xlink:href=\"https:\/\/iicbelgrado.esteri.it\/wp-content\/themes\/sedi-tema\/assets\/svg\/sprites.svg#it-arrow-right\"><\/use>\n                                    <\/svg>\n                                <\/a>\n                                                    <\/div>\n                    <\/div>\n                <\/div>\n                <!--end card-->\n                <\/div><!-- col-12 .mt-3-->\n                            <div class=\"col-12 mt-3\">\n                <!--start card-->\n                <div class=\"card-wrapper card-space\">\n                    <div class=\"card card-bg card-big border-bottom-card\">\n                        <div class=\"card-body \">\n                                                        <div class=\"category-top\">\n                                                                                                            <span class=\"\">\n                                        <svg class=\"icon icon-secondary\">\n                                            <use xlink:href=\"https:\/\/iicbelgrado.esteri.it\/wp-content\/themes\/sedi-tema\/assets\/svg\/sprites.svg#it-calendar\"><\/use>\n                                        <\/svg> 25 \u0444\u0435\u0431\u0440\u0443\u0430\u0440 2026                                    <\/span>\n                                                                    <\/div>\n                            <h5 class=\"card-title big-heading text-uppercase\"><a class=\"text-body text-decoration-none\" href=\"https:\/\/iicbelgrado.esteri.it\/sr\/news\/dall_istituto\/2026\/02\/premije-i-doprinosi-za-prevod-knjizevnih-i-naucnih-dela-i-u-digitalnom-formatu-za-produkciju-sinhronizaciju-ili-titlovanje-na-stranom-jeziku-kratkometraznih-i-dugometraznih-filmova-kao-i-televizi-3\/\" title=\"PREMIJE I DOPRINOSI ZA PREVOD KNJI\u017dEVNIH I NAU\u010cNIH DELA (I U DIGITALNOM FORMATU), ZA PRODUKCIJU, SINHRONIZACIJU ILI TITLOVANJE NA STRANOM JEZIKU KRATKOMETRA\u017dNIH I DUGOMETRA\u017dNIH FILMOVA, KAO I TELEVIZIJSKIH SERIJA\">PREMIJE I DOPRINOSI ZA PREVOD KNJI\u017dEVNIH I NAU\u010cNIH DELA (I U DIGITALNOM FORMATU), ZA PRODUKCIJU, SINHRONIZACIJU ILI TITLOVANJE NA STRANOM JEZIKU KRATKOMETRA\u017dNIH I DUGOMETRA\u017dNIH FILMOVA, KAO I TELEVIZIJSKIH SERIJA<\/a><\/h5>\n                            <p class=\"card-text\">Ministarstvo spoljnih poslova i me\u0111unarodne saradnje objavljuje jednom godi\u0161nje konkurs za dodelu premija i doprinosa za promovisanje italijanske knjige odnosno za prevo\u0111enje knji\u017eevnih i nau\u010dnih dela na strane jezike (i u digitalnom formatu), kao i za produkciju, sinhronizovanje ili titlovanje kratkometra\u017enih i dugometra\u017enih filmova ili televizijskih serija. Objavljen je konkurs za 2026. Izdava\u010di, prevodioci, produkcijske [&hellip;]<\/p>\n                                <a title=\"PREMIJE I DOPRINOSI ZA PREVOD KNJI\u017dEVNIH I NAU\u010cNIH DELA (I U DIGITALNOM FORMATU), ZA PRODUKCIJU, SINHRONIZACIJU ILI TITLOVANJE NA STRANOM JEZIKU KRATKOMETRA\u017dNIH I DUGOMETRA\u017dNIH FILMOVA, KAO I TELEVIZIJSKIH SERIJA\" class=\"read-more\" href=\"https:\/\/iicbelgrado.esteri.it\/sr\/news\/dall_istituto\/2026\/02\/premije-i-doprinosi-za-prevod-knjizevnih-i-naucnih-dela-i-u-digitalnom-formatu-za-produkciju-sinhronizaciju-ili-titlovanje-na-stranom-jeziku-kratkometraznih-i-dugometraznih-filmova-kao-i-televizi-3\/\">\n                                    <span class=\"text\">Pro\u010ditaj vi\u0161e<\/span>\n                                    <svg class=\"icon\">\n                                    <use xlink:href=\"https:\/\/iicbelgrado.esteri.it\/wp-content\/themes\/sedi-tema\/assets\/svg\/sprites.svg#it-arrow-right\"><\/use>\n                                    <\/svg>\n                                <\/a>\n                                                    <\/div>\n                    <\/div>\n                <\/div>\n                <!--end card-->\n                <\/div><!-- col-12 .mt-3-->\n                            <div class=\"col-12 mt-3\">\n                <!--start card-->\n                <div class=\"card-wrapper card-space\">\n                    <div class=\"card card-bg card-big border-bottom-card\">\n                        <div class=\"card-body \">\n                                                        <div class=\"category-top\">\n                                                                                                            <span class=\"\">\n                                        <svg class=\"icon icon-secondary\">\n                                            <use xlink:href=\"https:\/\/iicbelgrado.esteri.it\/wp-content\/themes\/sedi-tema\/assets\/svg\/sprites.svg#it-calendar\"><\/use>\n                                        <\/svg> 25 \u0444\u0435\u0431\u0440\u0443\u0430\u0440 2026                                    <\/span>\n                                                                    <\/div>\n                            <h5 class=\"card-title big-heading text-uppercase\"><a class=\"text-body text-decoration-none\" href=\"https:\/\/iicbelgrado.esteri.it\/sr\/news\/dall_istituto\/2026\/02\/doprinosi-univerzitetima-u-srbiji-za-strucno-usavrsavanje-profesora-italijanskog-jezika-2\/\" title=\"DOPRINOSI UNIVERZITETIMA U SRBIJI ZA STRU\u010cNO USAVR\u0160AVANJE PROFESORA ITALIJANSKOG JEZIKA\">DOPRINOSI UNIVERZITETIMA U SRBIJI ZA STRU\u010cNO USAVR\u0160AVANJE PROFESORA ITALIJANSKOG JEZIKA<\/a><\/h5>\n                            <p class=\"card-text\">I u 2026. godini\u00a0zainteresovane\u00a0univerzitetske institucije u Srbiji mo\u0107i \u0107e da podnesu zahtev Ministarstvu spoljnih poslova i me\u0111unarodne saradnje za doprinose namenjene promovisanju italijanskog jezika i kulture kroz organizaciju kurseva za stru\u010dno usavr\u0161avanje profesora italijanskog jezika. Za vi\u0161e informacija posalti mejl na\u00a0corsilingua.iicbelgrado@esteri.it.<\/p>\n                                <a title=\"DOPRINOSI UNIVERZITETIMA U SRBIJI ZA STRU\u010cNO USAVR\u0160AVANJE PROFESORA ITALIJANSKOG JEZIKA\" class=\"read-more\" href=\"https:\/\/iicbelgrado.esteri.it\/sr\/news\/dall_istituto\/2026\/02\/doprinosi-univerzitetima-u-srbiji-za-strucno-usavrsavanje-profesora-italijanskog-jezika-2\/\">\n                                    <span class=\"text\">Pro\u010ditaj vi\u0161e<\/span>\n                                    <svg class=\"icon\">\n                                    <use xlink:href=\"https:\/\/iicbelgrado.esteri.it\/wp-content\/themes\/sedi-tema\/assets\/svg\/sprites.svg#it-arrow-right\"><\/use>\n                                    <\/svg>\n                                <\/a>\n                                                    <\/div>\n                    <\/div>\n                <\/div>\n                <!--end card-->\n                <\/div><!-- col-12 .mt-3-->\n                            <div class=\"col-12 mt-3\">\n                <!--start card-->\n                <div class=\"card-wrapper card-space\">\n                    <div class=\"card card-bg card-big border-bottom-card\">\n                        <div class=\"card-body \">\n                                                        <div class=\"category-top\">\n                                                                                                            <span class=\"\">\n                                        <svg class=\"icon icon-secondary\">\n                                            <use xlink:href=\"https:\/\/iicbelgrado.esteri.it\/wp-content\/themes\/sedi-tema\/assets\/svg\/sprites.svg#it-calendar\"><\/use>\n                                        <\/svg> 25 \u0444\u0435\u0431\u0440\u0443\u0430\u0440 2026                                    <\/span>\n                                                                    <\/div>\n                            <h5 class=\"card-title big-heading text-uppercase\"><a class=\"text-body text-decoration-none\" href=\"https:\/\/iicbelgrado.esteri.it\/sr\/news\/dall_istituto\/2026\/02\/doprinosi-univerzitetima-u-srbiji-za-promovisanje-italijanskog-jezika-i-kulture-u-inostranstvu-3\/\" title=\"DOPRINOSI UNIVERZITETIMA U SRBIJI ZA PROMOVISANJE ITALIJANSKOG JEZIKA I KULTURE U INOSTRANSTVU\">DOPRINOSI UNIVERZITETIMA U SRBIJI ZA PROMOVISANJE ITALIJANSKOG JEZIKA I KULTURE U INOSTRANSTVU<\/a><\/h5>\n                            <p class=\"card-text\">I u 2026. godini\u00a0zainteresovane\u00a0univerzitetske institucije u Srbiji mo\u0107i \u0107e da podnesu zahtev Ministarstvu spoljnih poslova i me\u0111unarodne saradnje za doprinose namenjene promovisanju italijanskog jezika i kulture u cilju uvo\u0111enja i implementacije italijanskog jezika u nastavu. Za vi\u0161e informacija posalti mejl na\u00a0corsilingua.iicbelgrado@esteri.it.<\/p>\n                                <a title=\"DOPRINOSI UNIVERZITETIMA U SRBIJI ZA PROMOVISANJE ITALIJANSKOG JEZIKA I KULTURE U INOSTRANSTVU\" class=\"read-more\" href=\"https:\/\/iicbelgrado.esteri.it\/sr\/news\/dall_istituto\/2026\/02\/doprinosi-univerzitetima-u-srbiji-za-promovisanje-italijanskog-jezika-i-kulture-u-inostranstvu-3\/\">\n                                    <span class=\"text\">Pro\u010ditaj vi\u0161e<\/span>\n                                    <svg class=\"icon\">\n                                    <use xlink:href=\"https:\/\/iicbelgrado.esteri.it\/wp-content\/themes\/sedi-tema\/assets\/svg\/sprites.svg#it-arrow-right\"><\/use>\n                                    <\/svg>\n                                <\/a>\n                                                    <\/div>\n                    <\/div>\n                <\/div>\n                <!--end card-->\n                <\/div><!-- col-12 .mt-3-->\n                            <div class=\"col-12 mt-3\">\n                <!--start card-->\n                <div class=\"card-wrapper card-space\">\n                    <div class=\"card card-bg card-big border-bottom-card\">\n                        <div class=\"card-body \">\n                                                        <div class=\"category-top\">\n                                                                                                            <span class=\"\">\n                                        <svg class=\"icon icon-secondary\">\n                                            <use xlink:href=\"https:\/\/iicbelgrado.esteri.it\/wp-content\/themes\/sedi-tema\/assets\/svg\/sprites.svg#it-calendar\"><\/use>\n                                        <\/svg> 25 \u0444\u0435\u0431\u0440\u0443\u0430\u0440 2026                                    <\/span>\n                                                                    <\/div>\n                            <h5 class=\"card-title big-heading text-uppercase\"><a class=\"text-body text-decoration-none\" href=\"https:\/\/iicbelgrado.esteri.it\/sr\/news\/dall_istituto\/2026\/02\/zahtevi-za-nabavku-knjiga-i-didaktickog-materijala-i-u-digitalnom-formatu-namenjeni-skolskim-institucijama-i-univerzitetima-u-srbiji-kao-podrska-u-nastavi-italijanskog-jezika-2\/\" title=\"ZAHTEVI ZA NABAVKU KNJIGA I DIDAKTI\u010cKOG MATERIJALA, I U DIGITALNOM FORMATU, NAMENJENI \u0160KOLSKIM INSTITUCIJAMA I UNIVERZITETIMA U SRBIJI, KAO PODR\u0160KA U NASTAVI ITALIJANSKOG JEZIKA\">ZAHTEVI ZA NABAVKU KNJIGA I DIDAKTI\u010cKOG MATERIJALA, I U DIGITALNOM FORMATU, NAMENJENI \u0160KOLSKIM INSTITUCIJAMA I UNIVERZITETIMA U SRBIJI, KAO PODR\u0160KA U NASTAVI ITALIJANSKOG JEZIKA<\/a><\/h5>\n                            <p class=\"card-text\">\u0160kolske i univerzitetske institucije u Srbiji, dr\u017eavne kao i privatne ali priznate od nadle\u017enih institucija, i u 2026. godini mogu podneti zahtev italijanskom Ministarstvu spoljnih poslova i me\u0111unarodne saradnje za nabavku knjiga i didakti\u010dkog materijala (dostava je ura\u010dunata) koji mogu biti i u digitalnom formatu, kao podr\u0161ka u nastavi italijanskog jezika. Za vi\u0161e informacija:\u00a0corsilingua.iicbelgrado@esteri.it<\/p>\n                                <a title=\"ZAHTEVI ZA NABAVKU KNJIGA I DIDAKTI\u010cKOG MATERIJALA, I U DIGITALNOM FORMATU, NAMENJENI \u0160KOLSKIM INSTITUCIJAMA I UNIVERZITETIMA U SRBIJI, KAO PODR\u0160KA U NASTAVI ITALIJANSKOG JEZIKA\" class=\"read-more\" href=\"https:\/\/iicbelgrado.esteri.it\/sr\/news\/dall_istituto\/2026\/02\/zahtevi-za-nabavku-knjiga-i-didaktickog-materijala-i-u-digitalnom-formatu-namenjeni-skolskim-institucijama-i-univerzitetima-u-srbiji-kao-podrska-u-nastavi-italijanskog-jezika-2\/\">\n                                    <span class=\"text\">Pro\u010ditaj vi\u0161e<\/span>\n                                    <svg class=\"icon\">\n                                    <use xlink:href=\"https:\/\/iicbelgrado.esteri.it\/wp-content\/themes\/sedi-tema\/assets\/svg\/sprites.svg#it-arrow-right\"><\/use>\n                                    <\/svg>\n                                <\/a>\n                                                    <\/div>\n                    <\/div>\n                <\/div>\n                <!--end card-->\n                <\/div><!-- col-12 .mt-3-->\n                            <div class=\"col-12 mt-3\">\n                <!--start card-->\n                <div class=\"card-wrapper card-space\">\n                    <div class=\"card card-bg card-big border-bottom-card\">\n                        <div class=\"card-body \">\n                                                        <div class=\"category-top\">\n                                                                                                            <span class=\"\">\n                                        <svg class=\"icon icon-secondary\">\n                                            <use xlink:href=\"https:\/\/iicbelgrado.esteri.it\/wp-content\/themes\/sedi-tema\/assets\/svg\/sprites.svg#it-calendar\"><\/use>\n                                        <\/svg> 17 \u0444\u0435\u0431\u0440\u0443\u0430\u0440 2026                                    <\/span>\n                                                                    <\/div>\n                            <h5 class=\"card-title big-heading text-uppercase\"><a class=\"text-body text-decoration-none\" href=\"https:\/\/iicbelgrado.esteri.it\/sr\/news\/dall_istituto\/2026\/02\/vodic-diplomatija-rasta-expo-2027-beograd\/\" title=\"VODI\u010c \u201eDIPLOMATIJA RASTA: EXPO 2027 BEOGRAD\u201c\">VODI\u010c \u201eDIPLOMATIJA RASTA: EXPO 2027 BEOGRAD\u201c<\/a><\/h5>\n                            <p class=\"card-text\">Objavljen je vodi\u010d \u201eDiplomatija rasta: EXPO 2027 Beograd\u201c, prvi operativni dokument namenjen promociji u\u010de\u0161\u0107a Italije na EXPO 2027 Beograd. Vodi\u010d mo\u017eete preuzeti na slede\u0107em linku: https:\/\/ambbelgrado.esteri.it\/wp-content\/uploads\/2026\/02\/Guida-EXPO-2027-v01-versione-digitale-LOW-RES.pdf<\/p>\n                                <a title=\"VODI\u010c \u201eDIPLOMATIJA RASTA: EXPO 2027 BEOGRAD\u201c\" class=\"read-more\" href=\"https:\/\/iicbelgrado.esteri.it\/sr\/news\/dall_istituto\/2026\/02\/vodic-diplomatija-rasta-expo-2027-beograd\/\">\n                                    <span class=\"text\">Pro\u010ditaj vi\u0161e<\/span>\n                                    <svg class=\"icon\">\n                                    <use xlink:href=\"https:\/\/iicbelgrado.esteri.it\/wp-content\/themes\/sedi-tema\/assets\/svg\/sprites.svg#it-arrow-right\"><\/use>\n                                    <\/svg>\n                                <\/a>\n                                                    <\/div>\n                    <\/div>\n                <\/div>\n                <!--end card-->\n                <\/div><!-- col-12 .mt-3-->\n                            <div class=\"col-12 mt-3\">\n                <!--start card-->\n                <div class=\"card-wrapper card-space\">\n                    <div class=\"card card-bg card-big border-bottom-card\">\n                        <div class=\"card-body \">\n                                                        <div class=\"category-top\">\n                                                                                                            <span class=\"\">\n                                        <svg class=\"icon icon-secondary\">\n                                            <use xlink:href=\"https:\/\/iicbelgrado.esteri.it\/wp-content\/themes\/sedi-tema\/assets\/svg\/sprites.svg#it-calendar\"><\/use>\n                                        <\/svg> 31 \u0434\u0435\u0446\u0435\u043c\u0431\u0430\u0440 2025                                    <\/span>\n                                                                    <\/div>\n                            <h5 class=\"card-title big-heading text-uppercase\"><a class=\"text-body text-decoration-none\" href=\"https:\/\/iicbelgrado.esteri.it\/sr\/news\/dall_istituto\/2025\/12\/bando-per-la-richiesta-di-contributi-per-missioni-archeologiche-antropologiche-etnologiche-italiane-allestero\/\" title=\"BANDO PER LA RICHIESTA DI CONTRIBUTI PER MISSIONI ARCHEOLOGICHE, ANTROPOLOGICHE, ETNOLOGICHE ITALIANE ALL\u2019ESTERO\">BANDO PER LA RICHIESTA DI CONTRIBUTI PER MISSIONI ARCHEOLOGICHE, ANTROPOLOGICHE, ETNOLOGICHE ITALIANE ALL\u2019ESTERO<\/a><\/h5>\n                            <p class=\"card-text\">\u00c8 stato pubblicato il bando di concorso per la richiesta di contributi per Missioni archeologiche, antropologiche, etnologiche italiane all\u2019estero concessi dal Ministero degli Affari Esteri e della Cooperazione Internazionale, Direzione generale per la diplomazia pubblica e culturale. Si rende noto a codeste Sedi che \u00e8 stato aperto il portale Archeologia per la presentazione delle richieste [&hellip;]<\/p>\n                                <a title=\"BANDO PER LA RICHIESTA DI CONTRIBUTI PER MISSIONI ARCHEOLOGICHE, ANTROPOLOGICHE, ETNOLOGICHE ITALIANE ALL\u2019ESTERO\" class=\"read-more\" href=\"https:\/\/iicbelgrado.esteri.it\/sr\/news\/dall_istituto\/2025\/12\/bando-per-la-richiesta-di-contributi-per-missioni-archeologiche-antropologiche-etnologiche-italiane-allestero\/\">\n                                    <span class=\"text\">Pro\u010ditaj vi\u0161e<\/span>\n                                    <svg class=\"icon\">\n                                    <use xlink:href=\"https:\/\/iicbelgrado.esteri.it\/wp-content\/themes\/sedi-tema\/assets\/svg\/sprites.svg#it-arrow-right\"><\/use>\n                                    <\/svg>\n                                <\/a>\n                                                    <\/div>\n                    <\/div>\n                <\/div>\n                <!--end card-->\n                <\/div><!-- col-12 .mt-3-->\n            \n            <div class=\"col-md-12 mt-4 pb-4\">\n                <nav class=\"navigation col-md-12\" aria-label=\"Navigation\">\n                    <h2 class=\"screen-reader-text visually-hidden\">Strani\u010dne memorije<\/h2>\n                    <div class=\"nav-links\">\n                    <span aria-current=\"page\" class=\"page-numbers current\">1<\/span>\n<a class=\"page-numbers\" href=\"https:\/\/iicbelgrado.esteri.it\/sr\/wp-json\/wp\/v2\/pages\/125\/?pag=2\">2<\/a>\n<a class=\"page-numbers\" href=\"https:\/\/iicbelgrado.esteri.it\/sr\/wp-json\/wp\/v2\/pages\/125\/?pag=3\">3<\/a>\n<span class=\"page-numbers dots\">&hellip;<\/span>\n<a class=\"page-numbers\" href=\"https:\/\/iicbelgrado.esteri.it\/sr\/wp-json\/wp\/v2\/pages\/125\/?pag=6\">6<\/a>\n<a class=\"next page-numbers\" href=\"https:\/\/iicbelgrado.esteri.it\/sr\/wp-json\/wp\/v2\/pages\/125\/?pag=2\"><svg class=\"icon icon-primary\"><use xlink:href=\"https:\/\/iicbelgrado.esteri.it\/wp-content\/themes\/sedi-tema\/assets\/svg\/sprites.svg#it-chevron-right\"><\/use><\/svg>\n                                    <span class=\"visually-hidden\">Slede\u0107a stranica<\/span><\/a>                    <\/div>\n                <\/nav>\n            <\/div>   <!--.col-md-12 -->\n              <\/div><!--.row -->\n              \n","protected":false},"excerpt":{"rendered":"","protected":false},"author":1,"featured_media":0,"parent":0,"menu_order":8,"comment_status":"closed","ping_status":"closed","template":"","meta":{"footnotes":""},"class_list":["post-125","page","type-page","status-publish","hentry"],"_links":{"self":[{"href":"https:\/\/iicbelgrado.esteri.it\/sr\/wp-json\/wp\/v2\/pages\/125","targetHints":{"allow":["GET"]}}],"collection":[{"href":"https:\/\/iicbelgrado.esteri.it\/sr\/wp-json\/wp\/v2\/pages"}],"about":[{"href":"https:\/\/iicbelgrado.esteri.it\/sr\/wp-json\/wp\/v2\/types\/page"}],"author":[{"embeddable":true,"href":"https:\/\/iicbelgrado.esteri.it\/sr\/wp-json\/wp\/v2\/users\/1"}],"replies":[{"embeddable":true,"href":"https:\/\/iicbelgrado.esteri.it\/sr\/wp-json\/wp\/v2\/comments?post=125"}],"version-history":[{"count":2,"href":"https:\/\/iicbelgrado.esteri.it\/sr\/wp-json\/wp\/v2\/pages\/125\/revisions"}],"predecessor-version":[{"id":514,"href":"https:\/\/iicbelgrado.esteri.it\/sr\/wp-json\/wp\/v2\/pages\/125\/revisions\/514"}],"wp:attachment":[{"href":"https:\/\/iicbelgrado.esteri.it\/sr\/wp-json\/wp\/v2\/media?parent=125"}],"curies":[{"name":"wp","href":"https:\/\/api.w.org\/{rel}","templated":true}]}}