{"id":117,"date":"2023-04-03T20:52:42","date_gmt":"2023-04-03T18:52:42","guid":{"rendered":"https:\/\/iicbelgrado.esteri.it\/gli_eventi\/calendario\/"},"modified":"2024-08-05T19:58:23","modified_gmt":"2024-08-05T17:58:23","slug":"calendario","status":"publish","type":"page","link":"https:\/\/iicbelgrado.esteri.it\/sr\/gli_eventi\/calendario\/","title":{"rendered":"Aktuelni doga\u0111aji"},"content":{"rendered":"        <div class=\"row\">\n\t\t\t<!-- Ricerca sedi post -->\n\t\t\t<div class=\"col-12 mt-4\">\n\t\t\t  <div class=\"callout callout-highlight note ricerca-esteri p-4\">\n                    <div class=\"callout-title\">\n                        <svg class=\"icon\">\n                            <use xlink:href=\"https:\/\/iicbelgrado.esteri.it\/wp-content\/themes\/sedi-tema\/assets\/svg\/sprites.svg#it-search\"><\/use>\n                        <\/svg>Unesi parametre za pretragu                    <\/div>\n                    <form id=\"searchFormPost\" name=\"form-search-post\" class=\"form-row align-items-center\" action=\"https:\/\/iicbelgrado.esteri.it\/sr\/wp-json\/wp\/v2\/pages\/117\/\" method=\"GET\"> \n                        <!-- <div class=\"form-group pt-5\"> -->\n                            <!-- <input type=\"hidden\" id=\"lang\" name=\"lang\" value=\"\"> --> <!-- <\/div> -->\n\n                        <div class=\"it-datepicker-wrapper\">\n                            <div class=\"row\">\n                                <div class=\"form-group col-md-6\">\n                                    <label class=\"active\" for=\"date-init\">Od<\/label>\n                                    <input class=\"form-control\" name=\"date-init\" id=\"date-init\" type=\"date\" placeholder=\"gg\/mm\/aaaa\" value=\"\"lang=\"en-EN\">  \n                                <\/div>\n                                <div class=\"form-group col-md-6\">\n                                    <label class=\"active\" for=\"date-end\">Do<\/label>\n                                    <input class=\"form-control\" name=\"date-end\" id=\"date-end\" type=\"date\" placeholder=\"gg\/mm\/aaaa\" value=\"\">\n                                <\/div>\n                            <\/div>\n                        <\/div>\n                        <div class=\"form-group col-md-12 mt-3\">\n                            <label for=\"searchText\">Slobodna pretraga<\/label>\n                            <input type=\"text\" name=\"searchText\" class=\"form-control\" id=\"searchText\" value=\"\">\n                        <\/div>\n                        <div class=\"form-group col-md-4 offset-md-8 text-end\">\n                            <a href=\"https:\/\/iicbelgrado.esteri.it\/sr\/gli_eventi\/calendario\/\" title=\"Form reset\" id=\"resetImput\" class=\"btn btn-outline-primary btn-xs\">Reset<\/a>\n                            <button type=\"submit\" class=\"btn btn-primary btn-xs\">Prika\u017ei rezultate<\/button>\n                        <\/div>\n                    <\/form>\n\t\t\t\t<\/div>\n\t\t\t<\/div>\n\t\t<\/div>\n                    \n            <div class=\"row\">\n                            <div class=\"col-12 mt-3\">\n                <!--start card-->\n                <div class=\"card-wrapper card-space\">\n                    <div class=\"card card-bg card-big border-bottom-card\">\n                        <div class=\"card-body row\">\n                                                    <div class=\"col-sm-3\">\n                                <div class=\"img-responsive\">\n                                    <figure class=\"img-wrapper\">\n                                        <a href=\"https:\/\/iicbelgrado.esteri.it\/sr\/gli_eventi\/calendario\/hercegnovski-strip-festival\/\" title=\"Pro\u010ditajte \u010dlanak: Hercegnovski strip festival\">\n                                                                                            <img loading=\"lazy\" decoding=\"async\" width=\"213\" height=\"300\" src=\"https:\/\/iicbelgrado.esteri.it\/wp-content\/uploads\/2026\/09\/locandina-fumetto-Herceg-Novi-213x300.jpeg\" srcset=\"https:\/\/iicbelgrado.esteri.it\/wp-content\/uploads\/2026\/09\/locandina-fumetto-Herceg-Novi.jpeg 1063w, https:\/\/iicbelgrado.esteri.it\/wp-content\/uploads\/2026\/09\/locandina-fumetto-Herceg-Novi-213x300.jpeg 213w, https:\/\/iicbelgrado.esteri.it\/wp-content\/uploads\/2026\/09\/locandina-fumetto-Herceg-Novi-726x1024.jpeg 726w, https:\/\/iicbelgrado.esteri.it\/wp-content\/uploads\/2026\/09\/locandina-fumetto-Herceg-Novi-768x1083.jpeg 768w\" sizes=\"auto, (max-width: 1063px) 100vw, 1063px\"  title=\"locandina fumetto Herceg Novi\" alt=\"\" class=\"img-fluid\">\n                                                                                    <\/a>\n                                    <\/figure>\n                                <\/div>\n                            <\/div>\n                            <div class=\"col-sm-9\">\n                                                            <div class=\"category-top\">\n                                    <span class=\"fw-bold text-success\">U toku<\/span>                                                                        <span class=\"data\">\n                                        <svg class=\"icon icon-secondary\">\n                                            <use xlink:href=\"https:\/\/iicbelgrado.esteri.it\/wp-content\/themes\/sedi-tema\/assets\/svg\/sprites.svg#it-calendar\"><\/use>\n                                        <\/svg> \u041f\u0435\u0442 \u0441\u0435\u043f 04 2026<svg class=\"icon icon-xs icon-secondary me-1 ms-1\"><use href=\"https:\/\/iicbelgrado.esteri.it\/wp-content\/themes\/sedi-tema\/assets\/svg\/sprites.svg#it-arrow-right\"><\/use><\/svg>\u0421\u0440\u0435 \u0441\u0435\u043f 09 2026                                    <\/span>\n                                                                    <\/div>\n                            <h5 class=\"card-title big-heading text-uppercase\"><a class=\"text-body text-decoration-none\" href=\"https:\/\/iicbelgrado.esteri.it\/sr\/gli_eventi\/calendario\/hercegnovski-strip-festival\/\" title=\"Hercegnovski strip festival\">Hercegnovski strip festival<\/a><\/h5>\n                            <p class=\"card-text\">Od 4. do 9. septembra 2026. godine na vi\u0161e mesta u gradu odr\u017ea\u0107e se XX Hercegnovski strip festival, va\u017ena letnja manifestacija za sve ljubitelje devete umetnosti. Na ovom festivalu, koji su podr\u017eali Ambasada Italije u Podgorici i Italijanski institut za kulturu u Beogradu, u\u010destvova\u0107e brojni gosti iz Italije me\u0111u kojima su Rikardo Seki, Marko Kastijelo, [&hellip;]<\/p>\n                                <a title=\"Hercegnovski strip festival\" class=\"read-more\" href=\"https:\/\/iicbelgrado.esteri.it\/sr\/gli_eventi\/calendario\/hercegnovski-strip-festival\/\">\n                                    <span class=\"text\">Pro\u010ditaj vi\u0161e<\/span>\n                                    <svg class=\"icon\">\n                                    <use xlink:href=\"https:\/\/iicbelgrado.esteri.it\/wp-content\/themes\/sedi-tema\/assets\/svg\/sprites.svg#it-arrow-right\"><\/use>\n                                    <\/svg>\n                                <\/a>\n                                                        <\/div>\n                                                    <\/div>\n                    <\/div>\n                <\/div>\n                <!--end card-->\n                <\/div><!-- col-12 .mt-3-->\n                            <div class=\"col-12 mt-3\">\n                <!--start card-->\n                <div class=\"card-wrapper card-space\">\n                    <div class=\"card card-bg card-big border-bottom-card\">\n                        <div class=\"card-body row\">\n                                                    <div class=\"col-sm-3\">\n                                <div class=\"img-responsive\">\n                                    <figure class=\"img-wrapper\">\n                                        <a href=\"https:\/\/iicbelgrado.esteri.it\/sr\/gli_eventi\/calendario\/projekcije-filmova-anna-i-le-cose-non-dette-u-podgorici\/\" title=\"Pro\u010ditajte \u010dlanak: Projekcije filmova \u201eAnna\u201c i \u201eLe cose non dette\u201c u Podgorici\">\n                                                                                            <img loading=\"lazy\" decoding=\"async\" width=\"206\" height=\"300\" src=\"https:\/\/iicbelgrado.esteri.it\/wp-content\/uploads\/2026\/08\/locandina-Fare-Cinema-Podgorica-206x300.jpeg\" srcset=\"https:\/\/iicbelgrado.esteri.it\/wp-content\/uploads\/2026\/08\/locandina-Fare-Cinema-Podgorica.jpeg 1100w, https:\/\/iicbelgrado.esteri.it\/wp-content\/uploads\/2026\/08\/locandina-Fare-Cinema-Podgorica-206x300.jpeg 206w, https:\/\/iicbelgrado.esteri.it\/wp-content\/uploads\/2026\/08\/locandina-Fare-Cinema-Podgorica-704x1024.jpeg 704w, https:\/\/iicbelgrado.esteri.it\/wp-content\/uploads\/2026\/08\/locandina-Fare-Cinema-Podgorica-768x1117.jpeg 768w\" sizes=\"auto, (max-width: 1100px) 100vw, 1100px\"  title=\"locandina Fare Cinema Podgorica\" alt=\"\" class=\"img-fluid\">\n                                                                                    <\/a>\n                                    <\/figure>\n                                <\/div>\n                            <\/div>\n                            <div class=\"col-sm-9\">\n                                                            <div class=\"category-top\">\n                                    <span class=\"fw-bold \"><\/span>                                                                        <span class=\"\">\n                                        <svg class=\"icon icon-secondary\">\n                                            <use xlink:href=\"https:\/\/iicbelgrado.esteri.it\/wp-content\/themes\/sedi-tema\/assets\/svg\/sprites.svg#it-calendar\"><\/use>\n                                        <\/svg> \u0423\u0442\u043e \u0441\u0435\u043f 08 2026<svg class=\"icon icon-xs icon-secondary me-1 ms-1\"><use href=\"https:\/\/iicbelgrado.esteri.it\/wp-content\/themes\/sedi-tema\/assets\/svg\/sprites.svg#it-arrow-right\"><\/use><\/svg>\u0421\u0440\u0435 \u0441\u0435\u043f 09 2026                                    <\/span>\n                                                                    <\/div>\n                            <h5 class=\"card-title big-heading text-uppercase\"><a class=\"text-body text-decoration-none\" href=\"https:\/\/iicbelgrado.esteri.it\/sr\/gli_eventi\/calendario\/projekcije-filmova-anna-i-le-cose-non-dette-u-podgorici\/\" title=\"Projekcije filmova \u201eAnna\u201c i \u201eLe cose non dette\u201c u Podgorici\">Projekcije filmova \u201eAnna\u201c i \u201eLe cose non dette\u201c u Podgorici<\/a><\/h5>\n                            <p class=\"card-text\">U okviru tematske smotre \u201eFare Cinema\u201c, koju je osmislilo Ministarstvo spoljnih poslova i me\u0111unarodne saradnje Italije u cilju promocije italijanskog filma i italijanske filmske industrije u svetu, Ambasada Italije u Podgorici u saradnji sa Italijanskim institutom za kulturu u Beogradu predstavlja projekcije filmova \u201eAnna\u201c (2025) Monike Gveritore i \u201eLe cose non dette\u201c (2025) Gabrijelea Mu\u010dina. [&hellip;]<\/p>\n                                <a title=\"Projekcije filmova \u201eAnna\u201c i \u201eLe cose non dette\u201c u Podgorici\" class=\"read-more\" href=\"https:\/\/iicbelgrado.esteri.it\/sr\/gli_eventi\/calendario\/projekcije-filmova-anna-i-le-cose-non-dette-u-podgorici\/\">\n                                    <span class=\"text\">Pro\u010ditaj vi\u0161e<\/span>\n                                    <svg class=\"icon\">\n                                    <use xlink:href=\"https:\/\/iicbelgrado.esteri.it\/wp-content\/themes\/sedi-tema\/assets\/svg\/sprites.svg#it-arrow-right\"><\/use>\n                                    <\/svg>\n                                <\/a>\n                                                        <\/div>\n                                                    <\/div>\n                    <\/div>\n                <\/div>\n                <!--end card-->\n                <\/div><!-- col-12 .mt-3-->\n                            <div class=\"col-12 mt-3\">\n                <!--start card-->\n                <div class=\"card-wrapper card-space\">\n                    <div class=\"card card-bg card-big border-bottom-card\">\n                        <div class=\"card-body row\">\n                                                    <div class=\"col-sm-3\">\n                                <div class=\"img-responsive\">\n                                    <figure class=\"img-wrapper\">\n                                        <a href=\"https:\/\/iicbelgrado.esteri.it\/sr\/gli_eventi\/calendario\/koncert-gitarskog-dua-2gs\/\" title=\"Pro\u010ditajte \u010dlanak: Koncert gitarskog dua 2G\u2019s\">\n                                                                                            <img loading=\"lazy\" decoding=\"async\" width=\"240\" height=\"300\" src=\"https:\/\/iicbelgrado.esteri.it\/wp-content\/uploads\/2026\/09\/2Gs-240x300.jpg\" srcset=\"https:\/\/iicbelgrado.esteri.it\/wp-content\/uploads\/2026\/09\/2Gs.jpg 1280w, https:\/\/iicbelgrado.esteri.it\/wp-content\/uploads\/2026\/09\/2Gs-240x300.jpg 240w, https:\/\/iicbelgrado.esteri.it\/wp-content\/uploads\/2026\/09\/2Gs-819x1024.jpg 819w, https:\/\/iicbelgrado.esteri.it\/wp-content\/uploads\/2026\/09\/2Gs-768x960.jpg 768w\" sizes=\"auto, (max-width: 1280px) 100vw, 1280px\"  title=\"2G&#8217;s\" alt=\"\" class=\"img-fluid\">\n                                                                                    <\/a>\n                                    <\/figure>\n                                <\/div>\n                            <\/div>\n                            <div class=\"col-sm-9\">\n                                                            <div class=\"category-top\">\n                                    <span class=\"fw-bold \"><\/span>                                                                        <span class=\"\">\n                                        <svg class=\"icon icon-secondary\">\n                                            <use xlink:href=\"https:\/\/iicbelgrado.esteri.it\/wp-content\/themes\/sedi-tema\/assets\/svg\/sprites.svg#it-calendar\"><\/use>\n                                        <\/svg> \u0427\u0435\u0442 \u0441\u0435\u043f 10 2026                                    <\/span>\n                                                                    <\/div>\n                            <h5 class=\"card-title big-heading text-uppercase\"><a class=\"text-body text-decoration-none\" href=\"https:\/\/iicbelgrado.esteri.it\/sr\/gli_eventi\/calendario\/koncert-gitarskog-dua-2gs\/\" title=\"Koncert gitarskog dua 2G\u2019s\">Koncert gitarskog dua 2G\u2019s<\/a><\/h5>\n                            <p class=\"card-text\">U \u010detvrtak, 10. septembra u 19.00 \u010dasova u Italijanskom institutu za kulturu u Beogradu, u organizaciji Beogradskog gitarskog dru\u0161tva, udru\u017eenja koje se bavi promocijom mladih gitarista, odr\u017ea\u0107e se koncert gitarskog dua 2G\u2019s, koji \u010dine Pavle \u017darki\u0107 i Milo\u0161 Vukovi\u0107. Na programu su dela Albeniza, Baha, Gan\u0111ija i Domenikonija. Pavle \u017darki\u0107 i Milo\u0161 Vukovi\u0107 zavr\u0161ili su [&hellip;]<\/p>\n                                <a title=\"Koncert gitarskog dua 2G\u2019s\" class=\"read-more\" href=\"https:\/\/iicbelgrado.esteri.it\/sr\/gli_eventi\/calendario\/koncert-gitarskog-dua-2gs\/\">\n                                    <span class=\"text\">Pro\u010ditaj vi\u0161e<\/span>\n                                    <svg class=\"icon\">\n                                    <use xlink:href=\"https:\/\/iicbelgrado.esteri.it\/wp-content\/themes\/sedi-tema\/assets\/svg\/sprites.svg#it-arrow-right\"><\/use>\n                                    <\/svg>\n                                <\/a>\n                                                        <\/div>\n                                                    <\/div>\n                    <\/div>\n                <\/div>\n                <!--end card-->\n                <\/div><!-- col-12 .mt-3-->\n                            <div class=\"col-12 mt-3\">\n                <!--start card-->\n                <div class=\"card-wrapper card-space\">\n                    <div class=\"card card-bg card-big border-bottom-card\">\n                        <div class=\"card-body row\">\n                                                    <div class=\"col-sm-3\">\n                                <div class=\"img-responsive\">\n                                    <figure class=\"img-wrapper\">\n                                        <a href=\"https:\/\/iicbelgrado.esteri.it\/sr\/gli_eventi\/calendario\/ljubavni-napitak-na-otvorenom-u-kragujevcu\/\" title=\"Pro\u010ditajte \u010dlanak: \u201eLjubavni napitak\u201c na otvorenom u Kragujevcu\">\n                                                                                            <img loading=\"lazy\" decoding=\"async\" width=\"300\" height=\"225\" src=\"https:\/\/iicbelgrado.esteri.it\/wp-content\/uploads\/2026\/09\/baner-sajt-1-300x225.jpg\" srcset=\"https:\/\/iicbelgrado.esteri.it\/wp-content\/uploads\/2026\/09\/baner-sajt-1.jpg 1200w, https:\/\/iicbelgrado.esteri.it\/wp-content\/uploads\/2026\/09\/baner-sajt-1-300x225.jpg 300w, https:\/\/iicbelgrado.esteri.it\/wp-content\/uploads\/2026\/09\/baner-sajt-1-1024x768.jpg 1024w, https:\/\/iicbelgrado.esteri.it\/wp-content\/uploads\/2026\/09\/baner-sajt-1-768x576.jpg 768w\" sizes=\"auto, (max-width: 1200px) 100vw, 1200px\"  title=\"baner-sajt (1)\" alt=\"\" class=\"img-fluid\">\n                                                                                    <\/a>\n                                    <\/figure>\n                                <\/div>\n                            <\/div>\n                            <div class=\"col-sm-9\">\n                                                            <div class=\"category-top\">\n                                    <span class=\"fw-bold \"><\/span>                                                                        <span class=\"\">\n                                        <svg class=\"icon icon-secondary\">\n                                            <use xlink:href=\"https:\/\/iicbelgrado.esteri.it\/wp-content\/themes\/sedi-tema\/assets\/svg\/sprites.svg#it-calendar\"><\/use>\n                                        <\/svg> \u0427\u0435\u0442 \u0441\u0435\u043f 10 2026                                    <\/span>\n                                                                    <\/div>\n                            <h5 class=\"card-title big-heading text-uppercase\"><a class=\"text-body text-decoration-none\" href=\"https:\/\/iicbelgrado.esteri.it\/sr\/gli_eventi\/calendario\/ljubavni-napitak-na-otvorenom-u-kragujevcu\/\" title=\"\u201eLjubavni napitak\u201c na otvorenom u Kragujevcu\">\u201eLjubavni napitak\u201c na otvorenom u Kragujevcu<\/a><\/h5>\n                            <p class=\"card-text\">U \u010detvrtak, 10. septembra u 20.00 \u010dasova u ba\u0161ti Top pivare u Kragujevcu odr\u017ea\u0107e se kamerna verzija opere \u201eLjubavni napitak\u201c Gaetana Donicetija. Ovaj doga\u0111aj organizuju Muzi\u010dki centar Kragujevac i \u201ePiccolo Opera Festival\u201c iz pokrajine Friuli Venecija \u0110ulija u saradnji sa Italijanskim institutom za kulturu u Beogradu. Nastupi\u0107e peva\u010di Isidora Moles (sopran), Marko Kosti\u0107 (tenor), Vasa [&hellip;]<\/p>\n                                <a title=\"\u201eLjubavni napitak\u201c na otvorenom u Kragujevcu\" class=\"read-more\" href=\"https:\/\/iicbelgrado.esteri.it\/sr\/gli_eventi\/calendario\/ljubavni-napitak-na-otvorenom-u-kragujevcu\/\">\n                                    <span class=\"text\">Pro\u010ditaj vi\u0161e<\/span>\n                                    <svg class=\"icon\">\n                                    <use xlink:href=\"https:\/\/iicbelgrado.esteri.it\/wp-content\/themes\/sedi-tema\/assets\/svg\/sprites.svg#it-arrow-right\"><\/use>\n                                    <\/svg>\n                                <\/a>\n                                                        <\/div>\n                                                    <\/div>\n                    <\/div>\n                <\/div>\n                <!--end card-->\n                <\/div><!-- col-12 .mt-3-->\n                            <div class=\"col-12 mt-3\">\n                <!--start card-->\n                <div class=\"card-wrapper card-space\">\n                    <div class=\"card card-bg card-big border-bottom-card\">\n                        <div class=\"card-body row\">\n                                                    <div class=\"col-sm-3\">\n                                <div class=\"img-responsive\">\n                                    <figure class=\"img-wrapper\">\n                                        <a href=\"https:\/\/iicbelgrado.esteri.it\/sr\/gli_eventi\/calendario\/koncert-dua-euterpe\/\" title=\"Pro\u010ditajte \u010dlanak: Koncert Dua Euterpe\">\n                                                                                            <img loading=\"lazy\" decoding=\"async\" width=\"240\" height=\"300\" src=\"https:\/\/iicbelgrado.esteri.it\/wp-content\/uploads\/2026\/09\/DUO-EUTERPE-240x300.png\" srcset=\"https:\/\/iicbelgrado.esteri.it\/wp-content\/uploads\/2026\/09\/DUO-EUTERPE.png 1080w, https:\/\/iicbelgrado.esteri.it\/wp-content\/uploads\/2026\/09\/DUO-EUTERPE-240x300.png 240w, https:\/\/iicbelgrado.esteri.it\/wp-content\/uploads\/2026\/09\/DUO-EUTERPE-819x1024.png 819w, https:\/\/iicbelgrado.esteri.it\/wp-content\/uploads\/2026\/09\/DUO-EUTERPE-768x960.png 768w\" sizes=\"auto, (max-width: 1080px) 100vw, 1080px\"  title=\"DUO EUTERPE\" alt=\"\" class=\"img-fluid\">\n                                                                                    <\/a>\n                                    <\/figure>\n                                <\/div>\n                            <\/div>\n                            <div class=\"col-sm-9\">\n                                                            <div class=\"category-top\">\n                                    <span class=\"fw-bold \"><\/span>                                                                        <span class=\"\">\n                                        <svg class=\"icon icon-secondary\">\n                                            <use xlink:href=\"https:\/\/iicbelgrado.esteri.it\/wp-content\/themes\/sedi-tema\/assets\/svg\/sprites.svg#it-calendar\"><\/use>\n                                        <\/svg> \u041f\u043e\u043d \u0441\u0435\u043f 14 2026                                    <\/span>\n                                                                    <\/div>\n                            <h5 class=\"card-title big-heading text-uppercase\"><a class=\"text-body text-decoration-none\" href=\"https:\/\/iicbelgrado.esteri.it\/sr\/gli_eventi\/calendario\/koncert-dua-euterpe\/\" title=\"Koncert Dua Euterpe\">Koncert Dua Euterpe<\/a><\/h5>\n                            <p class=\"card-text\">U ponedeljak, 14. septembra 2026. u 20.00 \u010dasova u Italijanskom institutu za kulturu u Beogradu odr\u017ea\u0107e se koncert iz ciklusa \u201eMladi u Italiji\u201c koji organizuje Muzi\u010dka omladina Beograda u okviru projekta \u201eMladi za mlade\u201c. Nastupi\u0107e Duo Euterpe, koji \u010dine Kristina Gagi\u0107 (sopran) i Igor Glava\u0161i\u0107 (klavir), a na programu su dela Mocarta, Tostija, Pu\u010dinija, Obradorsa, [&hellip;]<\/p>\n                                <a title=\"Koncert Dua Euterpe\" class=\"read-more\" href=\"https:\/\/iicbelgrado.esteri.it\/sr\/gli_eventi\/calendario\/koncert-dua-euterpe\/\">\n                                    <span class=\"text\">Pro\u010ditaj vi\u0161e<\/span>\n                                    <svg class=\"icon\">\n                                    <use xlink:href=\"https:\/\/iicbelgrado.esteri.it\/wp-content\/themes\/sedi-tema\/assets\/svg\/sprites.svg#it-arrow-right\"><\/use>\n                                    <\/svg>\n                                <\/a>\n                                                        <\/div>\n                                                    <\/div>\n                    <\/div>\n                <\/div>\n                <!--end card-->\n                <\/div><!-- col-12 .mt-3-->\n                            <div class=\"col-12 mt-3\">\n                <!--start card-->\n                <div class=\"card-wrapper card-space\">\n                    <div class=\"card card-bg card-big border-bottom-card\">\n                        <div class=\"card-body row\">\n                                                    <div class=\"col-sm-3\">\n                                <div class=\"img-responsive\">\n                                    <figure class=\"img-wrapper\">\n                                        <a href=\"https:\/\/iicbelgrado.esteri.it\/sr\/gli_eventi\/calendario\/koncert-dua-jeunesses-musicales\/\" title=\"Pro\u010ditajte \u010dlanak: Koncert Dua Jeunesses Musicales\">\n                                                                                            <img loading=\"lazy\" decoding=\"async\" width=\"240\" height=\"300\" src=\"https:\/\/iicbelgrado.esteri.it\/wp-content\/uploads\/2026\/09\/locandina-21-settembre-240x300.png\" srcset=\"https:\/\/iicbelgrado.esteri.it\/wp-content\/uploads\/2026\/09\/locandina-21-settembre.png 1080w, https:\/\/iicbelgrado.esteri.it\/wp-content\/uploads\/2026\/09\/locandina-21-settembre-240x300.png 240w, https:\/\/iicbelgrado.esteri.it\/wp-content\/uploads\/2026\/09\/locandina-21-settembre-819x1024.png 819w, https:\/\/iicbelgrado.esteri.it\/wp-content\/uploads\/2026\/09\/locandina-21-settembre-768x960.png 768w\" sizes=\"auto, (max-width: 1080px) 100vw, 1080px\"  title=\"locandina 21 settembre\" alt=\"\" class=\"img-fluid\">\n                                                                                    <\/a>\n                                    <\/figure>\n                                <\/div>\n                            <\/div>\n                            <div class=\"col-sm-9\">\n                                                            <div class=\"category-top\">\n                                    <span class=\"fw-bold \"><\/span>                                                                        <span class=\"\">\n                                        <svg class=\"icon icon-secondary\">\n                                            <use xlink:href=\"https:\/\/iicbelgrado.esteri.it\/wp-content\/themes\/sedi-tema\/assets\/svg\/sprites.svg#it-calendar\"><\/use>\n                                        <\/svg> \u041f\u043e\u043d \u0441\u0435\u043f 21 2026                                    <\/span>\n                                                                    <\/div>\n                            <h5 class=\"card-title big-heading text-uppercase\"><a class=\"text-body text-decoration-none\" href=\"https:\/\/iicbelgrado.esteri.it\/sr\/gli_eventi\/calendario\/koncert-dua-jeunesses-musicales\/\" title=\"Koncert Dua Jeunesses Musicales\">Koncert Dua Jeunesses Musicales<\/a><\/h5>\n                            <p class=\"card-text\">U ponedeljak, 21. septembra 2026. u 20.00 \u010dasova u Italijanskom institutu za kulturu u Beogradu odr\u017ea\u0107e se koncert koji organizuje Muzi\u010dka omladina Beograda u saradnji sa Muzi\u010dkom omladinom Severne Makedonije u okviru projekta \u201eMladi za mlade\u201c. Nastupi\u0107e Duo Jeunesses Musicales, koji \u010dine violistkinja Leona Kondratenko (Severna Makedonija) i pijanistkinja Fatima Alieva (Azerbejd\u017ean), a na programu [&hellip;]<\/p>\n                                <a title=\"Koncert Dua Jeunesses Musicales\" class=\"read-more\" href=\"https:\/\/iicbelgrado.esteri.it\/sr\/gli_eventi\/calendario\/koncert-dua-jeunesses-musicales\/\">\n                                    <span class=\"text\">Pro\u010ditaj vi\u0161e<\/span>\n                                    <svg class=\"icon\">\n                                    <use xlink:href=\"https:\/\/iicbelgrado.esteri.it\/wp-content\/themes\/sedi-tema\/assets\/svg\/sprites.svg#it-arrow-right\"><\/use>\n                                    <\/svg>\n                                <\/a>\n                                                        <\/div>\n                                                    <\/div>\n                    <\/div>\n                <\/div>\n                <!--end card-->\n                <\/div><!-- col-12 .mt-3-->\n                            <div class=\"col-12 mt-3\">\n                <!--start card-->\n                <div class=\"card-wrapper card-space\">\n                    <div class=\"card card-bg card-big border-bottom-card\">\n                        <div class=\"card-body row\">\n                                                    <div class=\"col-sm-3\">\n                                <div class=\"img-responsive\">\n                                    <figure class=\"img-wrapper\">\n                                        <a href=\"https:\/\/iicbelgrado.esteri.it\/sr\/gli_eventi\/calendario\/predstava-es-slatko-uznemirujuce-na-festivalu-cirkobalkana\/\" title=\"Pro\u010ditajte \u010dlanak: Predstava \u201eES \u2013 slatko uznemiruju\u0107e\u201c na Festivalu Cirkobalkana\">\n                                                                                            <img loading=\"lazy\" decoding=\"async\" width=\"240\" height=\"300\" src=\"https:\/\/iicbelgrado.esteri.it\/wp-content\/uploads\/2026\/08\/ES-SLATKO-UZNEMIRUJUCE-240x300.png\" srcset=\"https:\/\/iicbelgrado.esteri.it\/wp-content\/uploads\/2026\/08\/ES-SLATKO-UZNEMIRUJUCE.png 1080w, https:\/\/iicbelgrado.esteri.it\/wp-content\/uploads\/2026\/08\/ES-SLATKO-UZNEMIRUJUCE-240x300.png 240w, https:\/\/iicbelgrado.esteri.it\/wp-content\/uploads\/2026\/08\/ES-SLATKO-UZNEMIRUJUCE-819x1024.png 819w, https:\/\/iicbelgrado.esteri.it\/wp-content\/uploads\/2026\/08\/ES-SLATKO-UZNEMIRUJUCE-768x960.png 768w\" sizes=\"auto, (max-width: 1080px) 100vw, 1080px\"  title=\"ES &#8211; SLATKO UZNEMIRUJUCE\" alt=\"\" class=\"img-fluid\">\n                                                                                    <\/a>\n                                    <\/figure>\n                                <\/div>\n                            <\/div>\n                            <div class=\"col-sm-9\">\n                                                            <div class=\"category-top\">\n                                    <span class=\"fw-bold \"><\/span>                                                                        <span class=\"\">\n                                        <svg class=\"icon icon-secondary\">\n                                            <use xlink:href=\"https:\/\/iicbelgrado.esteri.it\/wp-content\/themes\/sedi-tema\/assets\/svg\/sprites.svg#it-calendar\"><\/use>\n                                        <\/svg> \u041f\u0435\u0442 \u0441\u0435\u043f 25 2026                                    <\/span>\n                                                                    <\/div>\n                            <h5 class=\"card-title big-heading text-uppercase\"><a class=\"text-body text-decoration-none\" href=\"https:\/\/iicbelgrado.esteri.it\/sr\/gli_eventi\/calendario\/predstava-es-slatko-uznemirujuce-na-festivalu-cirkobalkana\/\" title=\"Predstava \u201eES \u2013 slatko uznemiruju\u0107e\u201c na Festivalu Cirkobalkana\">Predstava \u201eES \u2013 slatko uznemiruju\u0107e\u201c na Festivalu Cirkobalkana<\/a><\/h5>\n                            <p class=\"card-text\">Od 11. do 26. septembra 2026. u Ciglani u Beogradu odr\u017ea\u0107e se 14. izdanje Festivala savremenog cirkusa Cirkobalkana, koji organizuju udru\u017eenja Cirkusfera i Cirkorama u saradnji sa razli\u010ditim lokalnim i stranim partnerima, uz program bogat predstavama, radionicama i muzi\u010dkim doga\u0111ajima za velike i male. U okviru ove manifestacije, Italijanski institut za kulturu u Beogradu predstavlja [&hellip;]<\/p>\n                                <a title=\"Predstava \u201eES \u2013 slatko uznemiruju\u0107e\u201c na Festivalu Cirkobalkana\" class=\"read-more\" href=\"https:\/\/iicbelgrado.esteri.it\/sr\/gli_eventi\/calendario\/predstava-es-slatko-uznemirujuce-na-festivalu-cirkobalkana\/\">\n                                    <span class=\"text\">Pro\u010ditaj vi\u0161e<\/span>\n                                    <svg class=\"icon\">\n                                    <use xlink:href=\"https:\/\/iicbelgrado.esteri.it\/wp-content\/themes\/sedi-tema\/assets\/svg\/sprites.svg#it-arrow-right\"><\/use>\n                                    <\/svg>\n                                <\/a>\n                                                        <\/div>\n                                                    <\/div>\n                    <\/div>\n                <\/div>\n                <!--end card-->\n                <\/div><!-- col-12 .mt-3-->\n            \n            <div class=\"col-md-12 mt-4 pb-4\">\n                <nav class=\"navigation col-md-12\" aria-label=\"Navigation\">\n                    <h2 class=\"screen-reader-text visually-hidden\">Strani\u010dne memorije<\/h2>\n                    <div class=\"nav-links\">\n                                        <\/div>\n                <\/nav>\n            <\/div>   <!--.col-md-12 -->\n              <\/div><!--.row -->\n              \n","protected":false},"excerpt":{"rendered":"","protected":false},"author":1,"featured_media":0,"parent":116,"menu_order":0,"comment_status":"closed","ping_status":"closed","template":"","meta":{"footnotes":""},"class_list":["post-117","page","type-page","status-publish","hentry"],"_links":{"self":[{"href":"https:\/\/iicbelgrado.esteri.it\/sr\/wp-json\/wp\/v2\/pages\/117","targetHints":{"allow":["GET"]}}],"collection":[{"href":"https:\/\/iicbelgrado.esteri.it\/sr\/wp-json\/wp\/v2\/pages"}],"about":[{"href":"https:\/\/iicbelgrado.esteri.it\/sr\/wp-json\/wp\/v2\/types\/page"}],"author":[{"embeddable":true,"href":"https:\/\/iicbelgrado.esteri.it\/sr\/wp-json\/wp\/v2\/users\/1"}],"replies":[{"embeddable":true,"href":"https:\/\/iicbelgrado.esteri.it\/sr\/wp-json\/wp\/v2\/comments?post=117"}],"version-history":[{"count":4,"href":"https:\/\/iicbelgrado.esteri.it\/sr\/wp-json\/wp\/v2\/pages\/117\/revisions"}],"predecessor-version":[{"id":8675,"href":"https:\/\/iicbelgrado.esteri.it\/sr\/wp-json\/wp\/v2\/pages\/117\/revisions\/8675"}],"up":[{"embeddable":true,"href":"https:\/\/iicbelgrado.esteri.it\/sr\/wp-json\/wp\/v2\/pages\/116"}],"wp:attachment":[{"href":"https:\/\/iicbelgrado.esteri.it\/sr\/wp-json\/wp\/v2\/media?parent=117"}],"curies":[{"name":"wp","href":"https:\/\/api.w.org\/{rel}","templated":true}]}}