{"id":8585,"date":"2024-07-16T10:28:07","date_gmt":"2024-07-16T08:28:07","guid":{"rendered":"https:\/\/iicbelgrado.esteri.it\/?page_id=8585"},"modified":"2024-07-16T10:28:07","modified_gmt":"2024-07-16T08:28:07","slug":"archivio-eventi","status":"publish","type":"page","link":"https:\/\/iicbelgrado.esteri.it\/it\/gli_eventi\/archivio-eventi\/","title":{"rendered":"Archivio eventi"},"content":{"rendered":"        <div class=\"row\">\n\t\t\t<!-- Ricerca sedi post -->\n\t\t\t<div class=\"col-12 mt-4\">\n\t\t\t  <div class=\"callout callout-highlight note ricerca-esteri p-4\">\n                    <div class=\"callout-title\">\n                        <svg class=\"icon\">\n                            <use xlink:href=\"https:\/\/iicbelgrado.esteri.it\/wp-content\/themes\/sedi-tema\/assets\/svg\/sprites.svg#it-search\"><\/use>\n                        <\/svg>Inserisci i parametri di ricerca                    <\/div>\n                    <form id=\"searchFormPost\" name=\"form-search-post\" class=\"form-row align-items-center\" action=\"https:\/\/iicbelgrado.esteri.it\/it\/wp-json\/wp\/v2\/pages\/8585\/\" method=\"GET\"> \n                        <!-- <div class=\"form-group pt-5\"> -->\n                            <!-- <input type=\"hidden\" id=\"lang\" name=\"lang\" value=\"\"> --> <!-- <\/div> -->\n\n                        <div class=\"it-datepicker-wrapper\">\n                            <div class=\"row\">\n                                <div class=\"form-group col-md-6\">\n                                    <label class=\"active\" for=\"date-init\">Dal<\/label>\n                                    <input class=\"form-control\" name=\"date-init\" id=\"date-init\" type=\"date\" placeholder=\"gg\/mm\/aaaa\" value=\"\"lang=\"en-EN\">  \n                                <\/div>\n                                <div class=\"form-group col-md-6\">\n                                    <label class=\"active\" for=\"date-end\">Al<\/label>\n                                    <input class=\"form-control\" name=\"date-end\" id=\"date-end\" type=\"date\" placeholder=\"gg\/mm\/aaaa\" value=\"\">\n                                <\/div>\n                            <\/div>\n                        <\/div>\n                        <div class=\"form-group col-md-12 mt-3\">\n                            <label for=\"searchText\">Campo ricerca libera<\/label>\n                            <input type=\"text\" name=\"searchText\" class=\"form-control\" id=\"searchText\" value=\"\">\n                        <\/div>\n                        <div class=\"form-group col-md-4 offset-md-8 text-end\">\n                            <a href=\"https:\/\/iicbelgrado.esteri.it\/it\/gli_eventi\/archivio-eventi\/\" title=\"Form reset\" id=\"resetImput\" class=\"btn btn-outline-primary btn-xs\">Reset<\/a>\n                            <button type=\"submit\" class=\"btn btn-primary btn-xs\">Mostra risultati<\/button>\n                        <\/div>\n                    <\/form>\n\t\t\t\t<\/div>\n\t\t\t<\/div>\n\t\t<\/div>\n                    \n            <div class=\"row\">\n                            <div class=\"col-12 mt-3\">\n                <!--start card-->\n                <div class=\"card-wrapper card-space\">\n                    <div class=\"card card-bg card-big border-bottom-card\">\n                        <div class=\"card-body row\">\n                                                    <div class=\"col-sm-3\">\n                                <div class=\"img-responsive\">\n                                    <figure class=\"img-wrapper\">\n                                        <a href=\"https:\/\/iicbelgrado.esteri.it\/it\/gli_eventi\/calendario\/concerto-degli-studenti-di-canto-lirico-della-facolta-di-musica-di-belgrado-5\/\" title=\"Leggi l'articolo: Concerto degli studenti di canto lirico della Facolt\u00e0 di Musica di Belgrado\">\n                                                                                            <img loading=\"lazy\" decoding=\"async\" width=\"240\" height=\"300\" src=\"https:\/\/iicbelgrado.esteri.it\/wp-content\/uploads\/2026\/04\/solo-pevaci-240x300.jpg\" srcset=\"https:\/\/iicbelgrado.esteri.it\/wp-content\/uploads\/2026\/04\/solo-pevaci.jpg 1080w, https:\/\/iicbelgrado.esteri.it\/wp-content\/uploads\/2026\/04\/solo-pevaci-240x300.jpg 240w, https:\/\/iicbelgrado.esteri.it\/wp-content\/uploads\/2026\/04\/solo-pevaci-819x1024.jpg 819w, https:\/\/iicbelgrado.esteri.it\/wp-content\/uploads\/2026\/04\/solo-pevaci-768x960.jpg 768w\" sizes=\"auto, (max-width: 1080px) 100vw, 1080px\"  title=\"solo pevaci\" alt=\"\" class=\"img-fluid\">\n                                                                                    <\/a>\n                                    <\/figure>\n                                <\/div>\n                            <\/div>\n                            <div class=\"col-sm-9\">\n                                                            <div class=\"category-top\">\n                                    <span class=\"fw-bold text-danger\">Concluso<\/span>                                                                        <span class=\"data\">\n                                        <svg class=\"icon icon-secondary\">\n                                            <use xlink:href=\"https:\/\/iicbelgrado.esteri.it\/wp-content\/themes\/sedi-tema\/assets\/svg\/sprites.svg#it-calendar\"><\/use>\n                                        <\/svg> Gio 30 Apr 2026                                    <\/span>\n                                                                    <\/div>\n                            <h5 class=\"card-title big-heading text-uppercase\"><a class=\"text-body text-decoration-none\" href=\"https:\/\/iicbelgrado.esteri.it\/it\/gli_eventi\/calendario\/concerto-degli-studenti-di-canto-lirico-della-facolta-di-musica-di-belgrado-5\/\" title=\"Concerto degli studenti di canto lirico della Facolt\u00e0 di Musica di Belgrado\">Concerto degli studenti di canto lirico della Facolt\u00e0 di Musica di Belgrado<\/a><\/h5>\n                            <p class=\"card-text\">Gioved\u00ec 30 aprile alle ore 19.00 presso l\u2019Istituto Italiano di Cultura di Belgrado si terr\u00e0 il concerto degli studenti di canto lirico della Facolt\u00e0 di Musica di Belgrado. Il programma prevede opere di Mozart, Rossini, Donizetti, Catalani, Ponchielli, Rachmaninov.<\/p>\n                                <a title=\"Concerto degli studenti di canto lirico della Facolt\u00e0 di Musica di Belgrado\" class=\"read-more\" href=\"https:\/\/iicbelgrado.esteri.it\/it\/gli_eventi\/calendario\/concerto-degli-studenti-di-canto-lirico-della-facolta-di-musica-di-belgrado-5\/\">\n                                    <span class=\"text\">Leggi di pi\u00f9<\/span>\n                                    <svg class=\"icon\">\n                                    <use xlink:href=\"https:\/\/iicbelgrado.esteri.it\/wp-content\/themes\/sedi-tema\/assets\/svg\/sprites.svg#it-arrow-right\"><\/use>\n                                    <\/svg>\n                                <\/a>\n                                                        <\/div>\n                                                    <\/div>\n                    <\/div>\n                <\/div>\n                <!--end card-->\n                <\/div><!-- col-12 .mt-3-->\n                            <div class=\"col-12 mt-3\">\n                <!--start card-->\n                <div class=\"card-wrapper card-space\">\n                    <div class=\"card card-bg card-big border-bottom-card\">\n                        <div class=\"card-body row\">\n                                                    <div class=\"col-sm-3\">\n                                <div class=\"img-responsive\">\n                                    <figure class=\"img-wrapper\">\n                                        <a href=\"https:\/\/iicbelgrado.esteri.it\/it\/gli_eventi\/calendario\/concerto-degli-alunni-della-scuola-di-musica-davorin-jenko\/\" title=\"Leggi l'articolo: Concerto degli alunni della Scuola di Musica \u201cDavorin Jenko\u201d\">\n                                                                                            <img loading=\"lazy\" decoding=\"async\" width=\"212\" height=\"300\" src=\"https:\/\/iicbelgrado.esteri.it\/wp-content\/uploads\/2026\/04\/75-\u0433\u043e\u0434\u0438\u043d\u0430_\u0418\u0442\u0430\u043b\u0438\u0458\u0430\u043d\u0441\u043a\u0438-\u0438\u043d\u0441\u0442\u0438\u0442\u0443\u0442_28.04.2026-212x300.jpg\" srcset=\"https:\/\/iicbelgrado.esteri.it\/wp-content\/uploads\/2026\/04\/75-\u0433\u043e\u0434\u0438\u043d\u0430_\u0418\u0442\u0430\u043b\u0438\u0458\u0430\u043d\u0441\u043a\u0438-\u0438\u043d\u0441\u0442\u0438\u0442\u0443\u0442_28.04.2026.jpg 1755w, https:\/\/iicbelgrado.esteri.it\/wp-content\/uploads\/2026\/04\/75-\u0433\u043e\u0434\u0438\u043d\u0430_\u0418\u0442\u0430\u043b\u0438\u0458\u0430\u043d\u0441\u043a\u0438-\u0438\u043d\u0441\u0442\u0438\u0442\u0443\u0442_28.04.2026-212x300.jpg 212w, https:\/\/iicbelgrado.esteri.it\/wp-content\/uploads\/2026\/04\/75-\u0433\u043e\u0434\u0438\u043d\u0430_\u0418\u0442\u0430\u043b\u0438\u0458\u0430\u043d\u0441\u043a\u0438-\u0438\u043d\u0441\u0442\u0438\u0442\u0443\u0442_28.04.2026-725x1024.jpg 725w, https:\/\/iicbelgrado.esteri.it\/wp-content\/uploads\/2026\/04\/75-\u0433\u043e\u0434\u0438\u043d\u0430_\u0418\u0442\u0430\u043b\u0438\u0458\u0430\u043d\u0441\u043a\u0438-\u0438\u043d\u0441\u0442\u0438\u0442\u0443\u0442_28.04.2026-768x1085.jpg 768w\" sizes=\"auto, (max-width: 1755px) 100vw, 1755px\"  title=\"75 \u0433\u043e\u0434\u0438\u043d\u0430\" alt=\"\" class=\"img-fluid\">\n                                                                                    <\/a>\n                                    <\/figure>\n                                <\/div>\n                            <\/div>\n                            <div class=\"col-sm-9\">\n                                                            <div class=\"category-top\">\n                                    <span class=\"fw-bold text-danger\">Concluso<\/span>                                                                        <span class=\"data\">\n                                        <svg class=\"icon icon-secondary\">\n                                            <use xlink:href=\"https:\/\/iicbelgrado.esteri.it\/wp-content\/themes\/sedi-tema\/assets\/svg\/sprites.svg#it-calendar\"><\/use>\n                                        <\/svg> Mar 28 Apr 2026                                    <\/span>\n                                                                    <\/div>\n                            <h5 class=\"card-title big-heading text-uppercase\"><a class=\"text-body text-decoration-none\" href=\"https:\/\/iicbelgrado.esteri.it\/it\/gli_eventi\/calendario\/concerto-degli-alunni-della-scuola-di-musica-davorin-jenko\/\" title=\"Concerto degli alunni della Scuola di Musica \u201cDavorin Jenko\u201d\">Concerto degli alunni della Scuola di Musica \u201cDavorin Jenko\u201d<\/a><\/h5>\n                            <p class=\"card-text\">In occasione del suo 75\u00b0 anniversario, la Scuola di Musica \u201cDavorin Jenko\u201d presenta un concerto degli alunni che avr\u00e0 luogo marted\u00ec 28 aprile alle ore 19.00 presso l\u2019Istituto Italiano di Cultura di Belgrado. Il programma del concerto prevede musiche di Paganini, Scarlatti, Rosa, Bach, Brahms e altri.<\/p>\n                                <a title=\"Concerto degli alunni della Scuola di Musica \u201cDavorin Jenko\u201d\" class=\"read-more\" href=\"https:\/\/iicbelgrado.esteri.it\/it\/gli_eventi\/calendario\/concerto-degli-alunni-della-scuola-di-musica-davorin-jenko\/\">\n                                    <span class=\"text\">Leggi di pi\u00f9<\/span>\n                                    <svg class=\"icon\">\n                                    <use xlink:href=\"https:\/\/iicbelgrado.esteri.it\/wp-content\/themes\/sedi-tema\/assets\/svg\/sprites.svg#it-arrow-right\"><\/use>\n                                    <\/svg>\n                                <\/a>\n                                                        <\/div>\n                                                    <\/div>\n                    <\/div>\n                <\/div>\n                <!--end card-->\n                <\/div><!-- col-12 .mt-3-->\n                            <div class=\"col-12 mt-3\">\n                <!--start card-->\n                <div class=\"card-wrapper card-space\">\n                    <div class=\"card card-bg card-big border-bottom-card\">\n                        <div class=\"card-body row\">\n                                                    <div class=\"col-sm-3\">\n                                <div class=\"img-responsive\">\n                                    <figure class=\"img-wrapper\">\n                                        <a href=\"https:\/\/iicbelgrado.esteri.it\/it\/gli_eventi\/calendario\/proiezione-del-docufilm-cartapesta-il-carnevale-di-fano-il-film-a-kragujevac\/\" title=\"Leggi l'articolo: Proiezione del docufilm \u201cCartapesta. Il Carnevale di Fano \u2013 il Film\u201d a Kragujevac\">\n                                                                                            <img loading=\"lazy\" decoding=\"async\" width=\"214\" height=\"300\" src=\"https:\/\/iicbelgrado.esteri.it\/wp-content\/uploads\/2026\/03\/Kragujevac1-214x300.jpg\" srcset=\"https:\/\/iicbelgrado.esteri.it\/wp-content\/uploads\/2026\/03\/Kragujevac1.jpg 1417w, https:\/\/iicbelgrado.esteri.it\/wp-content\/uploads\/2026\/03\/Kragujevac1-214x300.jpg 214w, https:\/\/iicbelgrado.esteri.it\/wp-content\/uploads\/2026\/03\/Kragujevac1-731x1024.jpg 731w, https:\/\/iicbelgrado.esteri.it\/wp-content\/uploads\/2026\/03\/Kragujevac1-768x1075.jpg 768w\" sizes=\"auto, (max-width: 1417px) 100vw, 1417px\"  title=\"Kragujevac1\" alt=\"\" class=\"img-fluid\">\n                                                                                    <\/a>\n                                    <\/figure>\n                                <\/div>\n                            <\/div>\n                            <div class=\"col-sm-9\">\n                                                            <div class=\"category-top\">\n                                    <span class=\"fw-bold text-danger\">Concluso<\/span>                                                                        <span class=\"data\">\n                                        <svg class=\"icon icon-secondary\">\n                                            <use xlink:href=\"https:\/\/iicbelgrado.esteri.it\/wp-content\/themes\/sedi-tema\/assets\/svg\/sprites.svg#it-calendar\"><\/use>\n                                        <\/svg> Lun 27 Apr 2026                                    <\/span>\n                                                                    <\/div>\n                            <h5 class=\"card-title big-heading text-uppercase\"><a class=\"text-body text-decoration-none\" href=\"https:\/\/iicbelgrado.esteri.it\/it\/gli_eventi\/calendario\/proiezione-del-docufilm-cartapesta-il-carnevale-di-fano-il-film-a-kragujevac\/\" title=\"Proiezione del docufilm \u201cCartapesta. Il Carnevale di Fano \u2013 il Film\u201d a Kragujevac\">Proiezione del docufilm \u201cCartapesta. Il Carnevale di Fano \u2013 il Film\u201d a Kragujevac<\/a><\/h5>\n                            <p class=\"card-text\">\u201cIl Carnevale \u00e8 una citt\u00e0 sospesa, dove l\u2019uomo pu\u00f2 camminare tra le sue ombre senza paura\u201d scriveva Italo Calvino ne Le citt\u00e0 invisibili: alla sua strepitosa vitalit\u00e0 il regista Andrea Lodovichetti ha dedicato un docufilm dal titolo \u201cCartapesta: il Carnevale di Fano \u2013 il Film\u201d. Un\u2019opera che celebra una tradizione secolare, attraversando un immaginario collettivo [&hellip;]<\/p>\n                                <a title=\"Proiezione del docufilm \u201cCartapesta. Il Carnevale di Fano \u2013 il Film\u201d a Kragujevac\" class=\"read-more\" href=\"https:\/\/iicbelgrado.esteri.it\/it\/gli_eventi\/calendario\/proiezione-del-docufilm-cartapesta-il-carnevale-di-fano-il-film-a-kragujevac\/\">\n                                    <span class=\"text\">Leggi di pi\u00f9<\/span>\n                                    <svg class=\"icon\">\n                                    <use xlink:href=\"https:\/\/iicbelgrado.esteri.it\/wp-content\/themes\/sedi-tema\/assets\/svg\/sprites.svg#it-arrow-right\"><\/use>\n                                    <\/svg>\n                                <\/a>\n                                                        <\/div>\n                                                    <\/div>\n                    <\/div>\n                <\/div>\n                <!--end card-->\n                <\/div><!-- col-12 .mt-3-->\n                            <div class=\"col-12 mt-3\">\n                <!--start card-->\n                <div class=\"card-wrapper card-space\">\n                    <div class=\"card card-bg card-big border-bottom-card\">\n                        <div class=\"card-body row\">\n                                                    <div class=\"col-sm-3\">\n                                <div class=\"img-responsive\">\n                                    <figure class=\"img-wrapper\">\n                                        <a href=\"https:\/\/iicbelgrado.esteri.it\/it\/gli_eventi\/calendario\/conferenza-scientifica-internazionale-euromuse-musei-musica-e-pubblico-verso-una-pratica-culturale-inclusiva-e-fondata-sui-dati\/\" title=\"Leggi l'articolo: Conferenza scientifica internazionale EUROMUSE \u2013 \u201cMusei, musica e pubblico: verso una pratica culturale inclusiva e fondata sui dati\u201d\">\n                                                                                            <img loading=\"lazy\" decoding=\"async\" width=\"300\" height=\"150\" src=\"https:\/\/iicbelgrado.esteri.it\/wp-content\/uploads\/2026\/04\/Euromuse-Program-WEB-final-1-300x150.jpg\" srcset=\"https:\/\/iicbelgrado.esteri.it\/wp-content\/uploads\/2026\/04\/Euromuse-Program-WEB-final-1.jpg 1920w, https:\/\/iicbelgrado.esteri.it\/wp-content\/uploads\/2026\/04\/Euromuse-Program-WEB-final-1-300x150.jpg 300w, https:\/\/iicbelgrado.esteri.it\/wp-content\/uploads\/2026\/04\/Euromuse-Program-WEB-final-1-1024x511.jpg 1024w, https:\/\/iicbelgrado.esteri.it\/wp-content\/uploads\/2026\/04\/Euromuse-Program-WEB-final-1-768x384.jpg 768w\" sizes=\"auto, (max-width: 1920px) 100vw, 1920px\"  title=\"Euromuse-Program-WEB-final-1\" alt=\"\" class=\"img-fluid\">\n                                                                                    <\/a>\n                                    <\/figure>\n                                <\/div>\n                            <\/div>\n                            <div class=\"col-sm-9\">\n                                                            <div class=\"category-top\">\n                                    <span class=\"fw-bold text-danger\">Concluso<\/span>                                                                        <span class=\"data\">\n                                        <svg class=\"icon icon-secondary\">\n                                            <use xlink:href=\"https:\/\/iicbelgrado.esteri.it\/wp-content\/themes\/sedi-tema\/assets\/svg\/sprites.svg#it-calendar\"><\/use>\n                                        <\/svg> Sab 25 Apr 2026<svg class=\"icon icon-xs icon-secondary me-1 ms-1\"><use href=\"https:\/\/iicbelgrado.esteri.it\/wp-content\/themes\/sedi-tema\/assets\/svg\/sprites.svg#it-arrow-right\"><\/use><\/svg>Dom 26 Apr 2026                                    <\/span>\n                                                                    <\/div>\n                            <h5 class=\"card-title big-heading text-uppercase\"><a class=\"text-body text-decoration-none\" href=\"https:\/\/iicbelgrado.esteri.it\/it\/gli_eventi\/calendario\/conferenza-scientifica-internazionale-euromuse-musei-musica-e-pubblico-verso-una-pratica-culturale-inclusiva-e-fondata-sui-dati\/\" title=\"Conferenza scientifica internazionale EUROMUSE \u2013 \u201cMusei, musica e pubblico: verso una pratica culturale inclusiva e fondata sui dati\u201d\">Conferenza scientifica internazionale EUROMUSE \u2013 \u201cMusei, musica e pubblico: verso una pratica culturale inclusiva e fondata sui dati\u201d<\/a><\/h5>\n                            <p class=\"card-text\">Si terr\u00e0 sabato 25 e domenica 26 aprile 2026 presso la Facolt\u00e0 di Media e Comunicazione, il Museo della Scienza e della Tecnologia e il Museo Etnografico di Belgrado la Conferenza scientifica internazionale EUROMUSE intitolata \u201cMusei, musica e pubblico: verso una pratica culturale inclusiva e fondata sui dati\u201d. La conferenza riunisce esperti di museologia, musica [&hellip;]<\/p>\n                                <a title=\"Conferenza scientifica internazionale EUROMUSE \u2013 \u201cMusei, musica e pubblico: verso una pratica culturale inclusiva e fondata sui dati\u201d\" class=\"read-more\" href=\"https:\/\/iicbelgrado.esteri.it\/it\/gli_eventi\/calendario\/conferenza-scientifica-internazionale-euromuse-musei-musica-e-pubblico-verso-una-pratica-culturale-inclusiva-e-fondata-sui-dati\/\">\n                                    <span class=\"text\">Leggi di pi\u00f9<\/span>\n                                    <svg class=\"icon\">\n                                    <use xlink:href=\"https:\/\/iicbelgrado.esteri.it\/wp-content\/themes\/sedi-tema\/assets\/svg\/sprites.svg#it-arrow-right\"><\/use>\n                                    <\/svg>\n                                <\/a>\n                                                        <\/div>\n                                                    <\/div>\n                    <\/div>\n                <\/div>\n                <!--end card-->\n                <\/div><!-- col-12 .mt-3-->\n                            <div class=\"col-12 mt-3\">\n                <!--start card-->\n                <div class=\"card-wrapper card-space\">\n                    <div class=\"card card-bg card-big border-bottom-card\">\n                        <div class=\"card-body row\">\n                                                    <div class=\"col-sm-3\">\n                                <div class=\"img-responsive\">\n                                    <figure class=\"img-wrapper\">\n                                        <a href=\"https:\/\/iicbelgrado.esteri.it\/it\/gli_eventi\/calendario\/concerto-e-masterclass-di-vito-nicola-paradiso-a-leskovac\/\" title=\"Leggi l'articolo: Concerto e masterclass di Vito Nicola Paradiso a Leskovac\">\n                                                                                            <img loading=\"lazy\" decoding=\"async\" width=\"212\" height=\"300\" src=\"https:\/\/iicbelgrado.esteri.it\/wp-content\/uploads\/2026\/04\/Vito-Nicola-Paradiso-212x300.png\" srcset=\"https:\/\/iicbelgrado.esteri.it\/wp-content\/uploads\/2026\/04\/Vito-Nicola-Paradiso.png 1149w, https:\/\/iicbelgrado.esteri.it\/wp-content\/uploads\/2026\/04\/Vito-Nicola-Paradiso-212x300.png 212w, https:\/\/iicbelgrado.esteri.it\/wp-content\/uploads\/2026\/04\/Vito-Nicola-Paradiso-724x1024.png 724w, https:\/\/iicbelgrado.esteri.it\/wp-content\/uploads\/2026\/04\/Vito-Nicola-Paradiso-768x1086.png 768w\" sizes=\"auto, (max-width: 1149px) 100vw, 1149px\"  title=\"Vito Nicola Paradiso\" alt=\"\" class=\"img-fluid\">\n                                                                                    <\/a>\n                                    <\/figure>\n                                <\/div>\n                            <\/div>\n                            <div class=\"col-sm-9\">\n                                                            <div class=\"category-top\">\n                                    <span class=\"fw-bold text-danger\">Concluso<\/span>                                                                        <span class=\"data\">\n                                        <svg class=\"icon icon-secondary\">\n                                            <use xlink:href=\"https:\/\/iicbelgrado.esteri.it\/wp-content\/themes\/sedi-tema\/assets\/svg\/sprites.svg#it-calendar\"><\/use>\n                                        <\/svg> Ven 24 Apr 2026                                    <\/span>\n                                                                    <\/div>\n                            <h5 class=\"card-title big-heading text-uppercase\"><a class=\"text-body text-decoration-none\" href=\"https:\/\/iicbelgrado.esteri.it\/it\/gli_eventi\/calendario\/concerto-e-masterclass-di-vito-nicola-paradiso-a-leskovac\/\" title=\"Concerto e masterclass di Vito Nicola Paradiso a Leskovac\">Concerto e masterclass di Vito Nicola Paradiso a Leskovac<\/a><\/h5>\n                            <p class=\"card-text\">Nell\u2019ambito della XVIII edizione del Festival internazionale della chitarra, organizzato dalla Scuola di Musica \u201cStanislav Bini\u010dki\u201d di Leskovac dal 23 al 25 aprile 2026, il Guitar Art Festival e l\u2019Istituto Italiano di Cultura di Belgrado presentano la partecipazione del chitarrista, compositore e docente italiano Vito Nicola Paradiso.\u00a0 Il M\u00b0 Paradiso si esibir\u00e0 come solista e [&hellip;]<\/p>\n                                <a title=\"Concerto e masterclass di Vito Nicola Paradiso a Leskovac\" class=\"read-more\" href=\"https:\/\/iicbelgrado.esteri.it\/it\/gli_eventi\/calendario\/concerto-e-masterclass-di-vito-nicola-paradiso-a-leskovac\/\">\n                                    <span class=\"text\">Leggi di pi\u00f9<\/span>\n                                    <svg class=\"icon\">\n                                    <use xlink:href=\"https:\/\/iicbelgrado.esteri.it\/wp-content\/themes\/sedi-tema\/assets\/svg\/sprites.svg#it-arrow-right\"><\/use>\n                                    <\/svg>\n                                <\/a>\n                                                        <\/div>\n                                                    <\/div>\n                    <\/div>\n                <\/div>\n                <!--end card-->\n                <\/div><!-- col-12 .mt-3-->\n                            <div class=\"col-12 mt-3\">\n                <!--start card-->\n                <div class=\"card-wrapper card-space\">\n                    <div class=\"card card-bg card-big border-bottom-card\">\n                        <div class=\"card-body row\">\n                                                    <div class=\"col-sm-3\">\n                                <div class=\"img-responsive\">\n                                    <figure class=\"img-wrapper\">\n                                        <a href=\"https:\/\/iicbelgrado.esteri.it\/it\/gli_eventi\/calendario\/concerto-di-gala-dialogo-sinfonico-musica-classica-film-tango-e-soul\/\" title=\"Leggi l'articolo: Concerto di Gala \u201cDialogo sinfonico: musica classica, film, tango e soul\u201d &#8211; ANNULLATO\">\n                                                                                            <img loading=\"lazy\" decoding=\"async\" width=\"240\" height=\"300\" src=\"https:\/\/iicbelgrado.esteri.it\/wp-content\/uploads\/2026\/04\/Gala-koncert_Instagram-Post-1080-x-1350px-srp-CANCELLED-240x300.jpg\" srcset=\"https:\/\/iicbelgrado.esteri.it\/wp-content\/uploads\/2026\/04\/Gala-koncert_Instagram-Post-1080-x-1350px-srp-CANCELLED.jpg 1080w, https:\/\/iicbelgrado.esteri.it\/wp-content\/uploads\/2026\/04\/Gala-koncert_Instagram-Post-1080-x-1350px-srp-CANCELLED-240x300.jpg 240w, https:\/\/iicbelgrado.esteri.it\/wp-content\/uploads\/2026\/04\/Gala-koncert_Instagram-Post-1080-x-1350px-srp-CANCELLED-819x1024.jpg 819w, https:\/\/iicbelgrado.esteri.it\/wp-content\/uploads\/2026\/04\/Gala-koncert_Instagram-Post-1080-x-1350px-srp-CANCELLED-768x960.jpg 768w\" sizes=\"auto, (max-width: 1080px) 100vw, 1080px\"  title=\"Gala-koncert_Instagram-Post-1080-x-1350px-srp-CANCELLED\" alt=\"\" class=\"img-fluid\">\n                                                                                    <\/a>\n                                    <\/figure>\n                                <\/div>\n                            <\/div>\n                            <div class=\"col-sm-9\">\n                                                            <div class=\"category-top\">\n                                    <span class=\"fw-bold text-danger\">Concluso<\/span>                                                                        <span class=\"data\">\n                                        <svg class=\"icon icon-secondary\">\n                                            <use xlink:href=\"https:\/\/iicbelgrado.esteri.it\/wp-content\/themes\/sedi-tema\/assets\/svg\/sprites.svg#it-calendar\"><\/use>\n                                        <\/svg> Gio 23 Apr 2026                                    <\/span>\n                                                                    <\/div>\n                            <h5 class=\"card-title big-heading text-uppercase\"><a class=\"text-body text-decoration-none\" href=\"https:\/\/iicbelgrado.esteri.it\/it\/gli_eventi\/calendario\/concerto-di-gala-dialogo-sinfonico-musica-classica-film-tango-e-soul\/\" title=\"Concerto di Gala \u201cDialogo sinfonico: musica classica, film, tango e soul\u201d &#8211; ANNULLATO\">Concerto di Gala \u201cDialogo sinfonico: musica classica, film, tango e soul\u201d &#8211; ANNULLATO<\/a><\/h5>\n                            <p class=\"card-text\">L\u2019Agenzia Fabrika presenta il Concerto di Gala \u201cDialogo sinfonico: musica classica, film, tango e soul\u201d, un evento speciale che unisce generi e linguaggi diversi, in programma gioved\u00ec 23 aprile alle ore 20.00 presso la Sala grande della Fondazione Ilija M. Kolarac. Protagonisti il violinista Alessandro Quarta, il direttore d\u2019orchestra M\u00b0 Jacopo Sipari di Pescasseroli e [&hellip;]<\/p>\n                                <a title=\"Concerto di Gala \u201cDialogo sinfonico: musica classica, film, tango e soul\u201d &#8211; ANNULLATO\" class=\"read-more\" href=\"https:\/\/iicbelgrado.esteri.it\/it\/gli_eventi\/calendario\/concerto-di-gala-dialogo-sinfonico-musica-classica-film-tango-e-soul\/\">\n                                    <span class=\"text\">Leggi di pi\u00f9<\/span>\n                                    <svg class=\"icon\">\n                                    <use xlink:href=\"https:\/\/iicbelgrado.esteri.it\/wp-content\/themes\/sedi-tema\/assets\/svg\/sprites.svg#it-arrow-right\"><\/use>\n                                    <\/svg>\n                                <\/a>\n                                                        <\/div>\n                                                    <\/div>\n                    <\/div>\n                <\/div>\n                <!--end card-->\n                <\/div><!-- col-12 .mt-3-->\n                            <div class=\"col-12 mt-3\">\n                <!--start card-->\n                <div class=\"card-wrapper card-space\">\n                    <div class=\"card card-bg card-big border-bottom-card\">\n                        <div class=\"card-body row\">\n                                                    <div class=\"col-sm-3\">\n                                <div class=\"img-responsive\">\n                                    <figure class=\"img-wrapper\">\n                                        <a href=\"https:\/\/iicbelgrado.esteri.it\/it\/gli_eventi\/calendario\/concerto-del-pianista-bruno-francesco-leone\/\" title=\"Leggi l'articolo: Concerto del pianista Bruno Francesco Leone\">\n                                                                                            <img loading=\"lazy\" decoding=\"async\" width=\"300\" height=\"300\" src=\"https:\/\/iicbelgrado.esteri.it\/wp-content\/uploads\/2026\/03\/BFL2-300x300.jpg\" srcset=\"https:\/\/iicbelgrado.esteri.it\/wp-content\/uploads\/2026\/03\/BFL2.jpg 1920w, https:\/\/iicbelgrado.esteri.it\/wp-content\/uploads\/2026\/03\/BFL2-300x300.jpg 300w, https:\/\/iicbelgrado.esteri.it\/wp-content\/uploads\/2026\/03\/BFL2-1024x1024.jpg 1024w, https:\/\/iicbelgrado.esteri.it\/wp-content\/uploads\/2026\/03\/BFL2-150x150.jpg 150w, https:\/\/iicbelgrado.esteri.it\/wp-content\/uploads\/2026\/03\/BFL2-768x768.jpg 768w\" sizes=\"auto, (max-width: 1920px) 100vw, 1920px\"  title=\"BFL2\" alt=\"\" class=\"img-fluid\">\n                                                                                    <\/a>\n                                    <\/figure>\n                                <\/div>\n                            <\/div>\n                            <div class=\"col-sm-9\">\n                                                            <div class=\"category-top\">\n                                    <span class=\"fw-bold text-danger\">Concluso<\/span>                                                                        <span class=\"data\">\n                                        <svg class=\"icon icon-secondary\">\n                                            <use xlink:href=\"https:\/\/iicbelgrado.esteri.it\/wp-content\/themes\/sedi-tema\/assets\/svg\/sprites.svg#it-calendar\"><\/use>\n                                        <\/svg> Mar 21 Apr 2026                                    <\/span>\n                                                                    <\/div>\n                            <h5 class=\"card-title big-heading text-uppercase\"><a class=\"text-body text-decoration-none\" href=\"https:\/\/iicbelgrado.esteri.it\/it\/gli_eventi\/calendario\/concerto-del-pianista-bruno-francesco-leone\/\" title=\"Concerto del pianista Bruno Francesco Leone\">Concerto del pianista Bruno Francesco Leone<\/a><\/h5>\n                            <p class=\"card-text\">Marted\u00ec 21 aprile alle ore 18.00 presso l\u2019Istituto Italiano di Cultura di Belgrado si terr\u00e0 il concerto del pianista italiano Bruno Francesco Leone, organizzato in collaborazione con il Sirmium Music Fest di Sremska Mitrovica la cui decima edizione si svolger\u00e0 dal 20 al 26 aprile 2026. Il programma del concerto prevede musiche di Beethoven, Rachmaninov, [&hellip;]<\/p>\n                                <a title=\"Concerto del pianista Bruno Francesco Leone\" class=\"read-more\" href=\"https:\/\/iicbelgrado.esteri.it\/it\/gli_eventi\/calendario\/concerto-del-pianista-bruno-francesco-leone\/\">\n                                    <span class=\"text\">Leggi di pi\u00f9<\/span>\n                                    <svg class=\"icon\">\n                                    <use xlink:href=\"https:\/\/iicbelgrado.esteri.it\/wp-content\/themes\/sedi-tema\/assets\/svg\/sprites.svg#it-arrow-right\"><\/use>\n                                    <\/svg>\n                                <\/a>\n                                                        <\/div>\n                                                    <\/div>\n                    <\/div>\n                <\/div>\n                <!--end card-->\n                <\/div><!-- col-12 .mt-3-->\n                            <div class=\"col-12 mt-3\">\n                <!--start card-->\n                <div class=\"card-wrapper card-space\">\n                    <div class=\"card card-bg card-big border-bottom-card\">\n                        <div class=\"card-body row\">\n                                                    <div class=\"col-sm-3\">\n                                <div class=\"img-responsive\">\n                                    <figure class=\"img-wrapper\">\n                                        <a href=\"https:\/\/iicbelgrado.esteri.it\/it\/gli_eventi\/calendario\/concerto-del-pianista-aljosa-keserovic\/\" title=\"Leggi l'articolo: Concerto del pianista Aljo\u0161a Keserovi\u0107\">\n                                                                                            <img loading=\"lazy\" decoding=\"async\" width=\"240\" height=\"300\" src=\"https:\/\/iicbelgrado.esteri.it\/wp-content\/uploads\/2026\/04\/aljosa-keserovic-240x300.png\" srcset=\"https:\/\/iicbelgrado.esteri.it\/wp-content\/uploads\/2026\/04\/aljosa-keserovic.png 1080w, https:\/\/iicbelgrado.esteri.it\/wp-content\/uploads\/2026\/04\/aljosa-keserovic-240x300.png 240w, https:\/\/iicbelgrado.esteri.it\/wp-content\/uploads\/2026\/04\/aljosa-keserovic-819x1024.png 819w, https:\/\/iicbelgrado.esteri.it\/wp-content\/uploads\/2026\/04\/aljosa-keserovic-768x960.png 768w\" sizes=\"auto, (max-width: 1080px) 100vw, 1080px\"  title=\"aljos\u030ca keserovic\" alt=\"\" class=\"img-fluid\">\n                                                                                    <\/a>\n                                    <\/figure>\n                                <\/div>\n                            <\/div>\n                            <div class=\"col-sm-9\">\n                                                            <div class=\"category-top\">\n                                    <span class=\"fw-bold text-danger\">Concluso<\/span>                                                                        <span class=\"data\">\n                                        <svg class=\"icon icon-secondary\">\n                                            <use xlink:href=\"https:\/\/iicbelgrado.esteri.it\/wp-content\/themes\/sedi-tema\/assets\/svg\/sprites.svg#it-calendar\"><\/use>\n                                        <\/svg> Lun 20 Apr 2026                                    <\/span>\n                                                                    <\/div>\n                            <h5 class=\"card-title big-heading text-uppercase\"><a class=\"text-body text-decoration-none\" href=\"https:\/\/iicbelgrado.esteri.it\/it\/gli_eventi\/calendario\/concerto-del-pianista-aljosa-keserovic\/\" title=\"Concerto del pianista Aljo\u0161a Keserovi\u0107\">Concerto del pianista Aljo\u0161a Keserovi\u0107<\/a><\/h5>\n                            <p class=\"card-text\">Luned\u00ec 20 aprile 2026 alle ore 20.00 presso l\u2019Istituto Italiano di Cultura di Belgrado si terr\u00e0 il concerto del ciclo \u201cGiovani in Italia\u201d organizzato dalla Giovent\u00f9 Musicale di Belgrado nell\u2019ambito del progetto \u201cGiovani per i giovani\u201d. A esibirsi sar\u00e0 il pianista Aljo\u0161a Keserovi\u0107 che eseguir\u00e0 musiche di Busoni, Scarlatti, Schumann e Rachmaninov. Per maggiori informazioni: [&hellip;]<\/p>\n                                <a title=\"Concerto del pianista Aljo\u0161a Keserovi\u0107\" class=\"read-more\" href=\"https:\/\/iicbelgrado.esteri.it\/it\/gli_eventi\/calendario\/concerto-del-pianista-aljosa-keserovic\/\">\n                                    <span class=\"text\">Leggi di pi\u00f9<\/span>\n                                    <svg class=\"icon\">\n                                    <use xlink:href=\"https:\/\/iicbelgrado.esteri.it\/wp-content\/themes\/sedi-tema\/assets\/svg\/sprites.svg#it-arrow-right\"><\/use>\n                                    <\/svg>\n                                <\/a>\n                                                        <\/div>\n                                                    <\/div>\n                    <\/div>\n                <\/div>\n                <!--end card-->\n                <\/div><!-- col-12 .mt-3-->\n                            <div class=\"col-12 mt-3\">\n                <!--start card-->\n                <div class=\"card-wrapper card-space\">\n                    <div class=\"card card-bg card-big border-bottom-card\">\n                        <div class=\"card-body row\">\n                                                    <div class=\"col-sm-3\">\n                                <div class=\"img-responsive\">\n                                    <figure class=\"img-wrapper\">\n                                        <a href=\"https:\/\/iicbelgrado.esteri.it\/it\/gli_eventi\/calendario\/prima-edizione-del-festival-letterario-europeo-book-on-stage\/\" title=\"Leggi l'articolo: Prima edizione del Festival letterario europeo \u201cBook on Stage\u201d\">\n                                                                                            <img loading=\"lazy\" decoding=\"async\" width=\"240\" height=\"300\" src=\"https:\/\/iicbelgrado.esteri.it\/wp-content\/uploads\/2026\/04\/Milan-Milos-i-Melanija-240x300.jpg\" srcset=\"https:\/\/iicbelgrado.esteri.it\/wp-content\/uploads\/2026\/04\/Milan-Milos-i-Melanija.jpg 1080w, https:\/\/iicbelgrado.esteri.it\/wp-content\/uploads\/2026\/04\/Milan-Milos-i-Melanija-240x300.jpg 240w, https:\/\/iicbelgrado.esteri.it\/wp-content\/uploads\/2026\/04\/Milan-Milos-i-Melanija-819x1024.jpg 819w, https:\/\/iicbelgrado.esteri.it\/wp-content\/uploads\/2026\/04\/Milan-Milos-i-Melanija-768x960.jpg 768w\" sizes=\"auto, (max-width: 1080px) 100vw, 1080px\"  title=\"Milan,-Milos-i-Melanija\" alt=\"\" class=\"img-fluid\">\n                                                                                    <\/a>\n                                    <\/figure>\n                                <\/div>\n                            <\/div>\n                            <div class=\"col-sm-9\">\n                                                            <div class=\"category-top\">\n                                    <span class=\"fw-bold text-danger\">Concluso<\/span>                                                                        <span class=\"data\">\n                                        <svg class=\"icon icon-secondary\">\n                                            <use xlink:href=\"https:\/\/iicbelgrado.esteri.it\/wp-content\/themes\/sedi-tema\/assets\/svg\/sprites.svg#it-calendar\"><\/use>\n                                        <\/svg> Sab 18 Apr 2026                                    <\/span>\n                                                                    <\/div>\n                            <h5 class=\"card-title big-heading text-uppercase\"><a class=\"text-body text-decoration-none\" href=\"https:\/\/iicbelgrado.esteri.it\/it\/gli_eventi\/calendario\/prima-edizione-del-festival-letterario-europeo-book-on-stage\/\" title=\"Prima edizione del Festival letterario europeo \u201cBook on Stage\u201d\">Prima edizione del Festival letterario europeo \u201cBook on Stage\u201d<\/a><\/h5>\n                            <p class=\"card-text\">Dal 17 al 19 aprile 2026 il Centro Ceco di Belgrado ospiter\u00e0 la prima edizione del Festival letterario europeo \u201cBook on Stage\u201d, organizzato dalla rete EUNIC Serbia e dalla casa editrice Blum. Il festival si propone di riportare la letteratura europea contemporanea al centro dello spazio pubblico, incoraggiando il dialogo tra autori, editori e pubblico. [&hellip;]<\/p>\n                                <a title=\"Prima edizione del Festival letterario europeo \u201cBook on Stage\u201d\" class=\"read-more\" href=\"https:\/\/iicbelgrado.esteri.it\/it\/gli_eventi\/calendario\/prima-edizione-del-festival-letterario-europeo-book-on-stage\/\">\n                                    <span class=\"text\">Leggi di pi\u00f9<\/span>\n                                    <svg class=\"icon\">\n                                    <use xlink:href=\"https:\/\/iicbelgrado.esteri.it\/wp-content\/themes\/sedi-tema\/assets\/svg\/sprites.svg#it-arrow-right\"><\/use>\n                                    <\/svg>\n                                <\/a>\n                                                        <\/div>\n                                                    <\/div>\n                    <\/div>\n                <\/div>\n                <!--end card-->\n                <\/div><!-- col-12 .mt-3-->\n                            <div class=\"col-12 mt-3\">\n                <!--start card-->\n                <div class=\"card-wrapper card-space\">\n                    <div class=\"card card-bg card-big border-bottom-card\">\n                        <div class=\"card-body row\">\n                                                    <div class=\"col-sm-3\">\n                                <div class=\"img-responsive\">\n                                    <figure class=\"img-wrapper\">\n                                        <a href=\"https:\/\/iicbelgrado.esteri.it\/it\/gli_eventi\/calendario\/concerto-del-chitarrista-milos-arsenijevic\/\" title=\"Leggi l'articolo: Concerto del chitarrista Milo\u0161 Arsenijevi\u0107\">\n                                                                                            <img loading=\"lazy\" decoding=\"async\" width=\"225\" height=\"300\" src=\"https:\/\/iicbelgrado.esteri.it\/wp-content\/uploads\/2026\/04\/chitarristi-16-aprile-225x300.jpg\" srcset=\"https:\/\/iicbelgrado.esteri.it\/wp-content\/uploads\/2026\/04\/chitarristi-16-aprile.jpg 1920w, https:\/\/iicbelgrado.esteri.it\/wp-content\/uploads\/2026\/04\/chitarristi-16-aprile-225x300.jpg 225w, https:\/\/iicbelgrado.esteri.it\/wp-content\/uploads\/2026\/04\/chitarristi-16-aprile-768x1024.jpg 768w\" sizes=\"auto, (max-width: 1920px) 100vw, 1920px\"  title=\"chitarristi 16 aprile\" alt=\"\" class=\"img-fluid\">\n                                                                                    <\/a>\n                                    <\/figure>\n                                <\/div>\n                            <\/div>\n                            <div class=\"col-sm-9\">\n                                                            <div class=\"category-top\">\n                                    <span class=\"fw-bold text-danger\">Concluso<\/span>                                                                        <span class=\"data\">\n                                        <svg class=\"icon icon-secondary\">\n                                            <use xlink:href=\"https:\/\/iicbelgrado.esteri.it\/wp-content\/themes\/sedi-tema\/assets\/svg\/sprites.svg#it-calendar\"><\/use>\n                                        <\/svg> Gio 16 Apr 2026                                    <\/span>\n                                                                    <\/div>\n                            <h5 class=\"card-title big-heading text-uppercase\"><a class=\"text-body text-decoration-none\" href=\"https:\/\/iicbelgrado.esteri.it\/it\/gli_eventi\/calendario\/concerto-del-chitarrista-milos-arsenijevic\/\" title=\"Concerto del chitarrista Milo\u0161 Arsenijevi\u0107\">Concerto del chitarrista Milo\u0161 Arsenijevi\u0107<\/a><\/h5>\n                            <p class=\"card-text\">Gioved\u00ec 16 aprile alle ore 19.00 presso l\u2019Istituto Italiano di Cultura di Belgrado si terr\u00e0 il concerto del chitarrista Milo\u0161 Arsenijevi\u0107, organizzato dalla Societ\u00e0 Chitarristica di Belgrado, associazione impegnata nella promozione di giovani chitarristi. Il programma del concerto prevede musiche di Bach, Sor, Legnani e Britten. Milo\u0161 Arsenijevi\u0107 nasce nel 1997 a Negotin. Comincia a [&hellip;]<\/p>\n                                <a title=\"Concerto del chitarrista Milo\u0161 Arsenijevi\u0107\" class=\"read-more\" href=\"https:\/\/iicbelgrado.esteri.it\/it\/gli_eventi\/calendario\/concerto-del-chitarrista-milos-arsenijevic\/\">\n                                    <span class=\"text\">Leggi di pi\u00f9<\/span>\n                                    <svg class=\"icon\">\n                                    <use xlink:href=\"https:\/\/iicbelgrado.esteri.it\/wp-content\/themes\/sedi-tema\/assets\/svg\/sprites.svg#it-arrow-right\"><\/use>\n                                    <\/svg>\n                                <\/a>\n                                                        <\/div>\n                                                    <\/div>\n                    <\/div>\n                <\/div>\n                <!--end card-->\n                <\/div><!-- col-12 .mt-3-->\n            \n            <div class=\"col-md-12 mt-4 pb-4\">\n                <nav class=\"navigation col-md-12\" aria-label=\"Navigation\">\n                    <h2 class=\"screen-reader-text visually-hidden\">Paginazione<\/h2>\n                    <div class=\"nav-links\">\n                    <span aria-current=\"page\" class=\"page-numbers current\">1<\/span>\n<a class=\"page-numbers\" href=\"https:\/\/iicbelgrado.esteri.it\/it\/wp-json\/wp\/v2\/pages\/8585\/?pag=2\">2<\/a>\n<a class=\"page-numbers\" href=\"https:\/\/iicbelgrado.esteri.it\/it\/wp-json\/wp\/v2\/pages\/8585\/?pag=3\">3<\/a>\n<span class=\"page-numbers dots\">&hellip;<\/span>\n<a class=\"page-numbers\" href=\"https:\/\/iicbelgrado.esteri.it\/it\/wp-json\/wp\/v2\/pages\/8585\/?pag=223\">223<\/a>\n<a class=\"next page-numbers\" href=\"https:\/\/iicbelgrado.esteri.it\/it\/wp-json\/wp\/v2\/pages\/8585\/?pag=2\"><svg class=\"icon icon-primary\"><use xlink:href=\"https:\/\/iicbelgrado.esteri.it\/wp-content\/themes\/sedi-tema\/assets\/svg\/sprites.svg#it-chevron-right\"><\/use><\/svg>\n                                    <span class=\"visually-hidden\">Pagina successiva<\/span><\/a>                    <\/div>\n                <\/nav>\n            <\/div>   <!--.col-md-12 -->\n              <\/div><!--.row -->\n              \n<p>&nbsp;<\/p>\n","protected":false},"excerpt":{"rendered":"&nbsp;","protected":false},"author":1,"featured_media":0,"parent":17,"menu_order":0,"comment_status":"closed","ping_status":"closed","template":"","meta":{"footnotes":""},"class_list":["post-8585","page","type-page","status-publish","hentry"],"_links":{"self":[{"href":"https:\/\/iicbelgrado.esteri.it\/it\/wp-json\/wp\/v2\/pages\/8585","targetHints":{"allow":["GET"]}}],"collection":[{"href":"https:\/\/iicbelgrado.esteri.it\/it\/wp-json\/wp\/v2\/pages"}],"about":[{"href":"https:\/\/iicbelgrado.esteri.it\/it\/wp-json\/wp\/v2\/types\/page"}],"author":[{"embeddable":true,"href":"https:\/\/iicbelgrado.esteri.it\/it\/wp-json\/wp\/v2\/users\/1"}],"replies":[{"embeddable":true,"href":"https:\/\/iicbelgrado.esteri.it\/it\/wp-json\/wp\/v2\/comments?post=8585"}],"version-history":[{"count":1,"href":"https:\/\/iicbelgrado.esteri.it\/it\/wp-json\/wp\/v2\/pages\/8585\/revisions"}],"predecessor-version":[{"id":8588,"href":"https:\/\/iicbelgrado.esteri.it\/it\/wp-json\/wp\/v2\/pages\/8585\/revisions\/8588"}],"up":[{"embeddable":true,"href":"https:\/\/iicbelgrado.esteri.it\/it\/wp-json\/wp\/v2\/pages\/17"}],"wp:attachment":[{"href":"https:\/\/iicbelgrado.esteri.it\/it\/wp-json\/wp\/v2\/media?parent=8585"}],"curies":[{"name":"wp","href":"https:\/\/api.w.org\/{rel}","templated":true}]}}