{"id":39,"date":"2023-04-03T20:54:50","date_gmt":"2023-04-03T18:54:50","guid":{"rendered":"https:\/\/istitutobuenosaires.esteri.it\/?page_id=39"},"modified":"2025-12-17T11:12:26","modified_gmt":"2025-12-17T10:12:26","slug":"il-personale","status":"publish","type":"page","link":"https:\/\/iicbelgrado.esteri.it\/it\/chi-siamo\/il-personale\/","title":{"rendered":"Il personale"},"content":{"rendered":"<p><span class=\"titoloRosso\"><span class=\"titoloPagina\">Si prega di inviare le proposte di eventi culturali e le richieste di collaborazione esclusivamente a questo indirizzo:\u00a0<a href=\"mailto:iicbelgrado@esteri.it\">iicbelgrado@esteri.it<\/a><\/span><br \/>\n<\/span><\/p>\n<table class=\"tableRed table\" border=\"0\" cellspacing=\"1\" cellpadding=\"0\">\n<tbody>\n<tr>\n<th width=\"157\">Fotografia<\/th>\n<th width=\"463\">Descrizione<\/th>\n<\/tr>\n<tr>\n<td class=\"tableRed\" width=\"157\" height=\"103\"><img loading=\"lazy\" decoding=\"async\" class=\"alignnone wp-image-8057 img-fluid\" src=\"https:\/\/iicbelgrado.esteri.it\/wp-content\/uploads\/2024\/06\/rc_foto_sito_iic.png\" alt=\"\" width=\"92\" height=\"91\" srcset=\"https:\/\/iicbelgrado.esteri.it\/wp-content\/uploads\/2024\/06\/rc_foto_sito_iic.png 475w, https:\/\/iicbelgrado.esteri.it\/wp-content\/uploads\/2024\/06\/rc_foto_sito_iic-300x297.png 300w, https:\/\/iicbelgrado.esteri.it\/wp-content\/uploads\/2024\/06\/rc_foto_sito_iic-150x150.png 150w\" sizes=\"auto, (max-width: 92px) 100vw, 92px\" \/><\/td>\n<td class=\"tableRed\" valign=\"top\" width=\"463\" height=\"103\"><strong>Direttore<br \/>\n<\/strong>Roberto Cincotta<\/td>\n<\/tr>\n<tr>\n<td class=\"tableRed\" width=\"157\" height=\"103\"><\/td>\n<td class=\"tableRed\" valign=\"top\" width=\"463\" height=\"103\"><strong>Addetta culturale<br \/>\n<\/strong>Alessandra Henke<\/td>\n<\/tr>\n<tr>\n<td class=\"tableRed\" width=\"157\" height=\"103\"><img loading=\"lazy\" decoding=\"async\" class=\"alignnone wp-image-8051 img-fluid\" src=\"https:\/\/iicbelgrado.esteri.it\/wp-content\/uploads\/2024\/06\/andrea_28.9.2015.jpg\" alt=\"\" width=\"92\" height=\"115\" srcset=\"https:\/\/iicbelgrado.esteri.it\/wp-content\/uploads\/2024\/06\/andrea_28.9.2015.jpg 477w, https:\/\/iicbelgrado.esteri.it\/wp-content\/uploads\/2024\/06\/andrea_28.9.2015-241x300.jpg 241w\" sizes=\"auto, (max-width: 92px) 100vw, 92px\" \/><\/td>\n<td class=\"tableRed\" valign=\"top\" width=\"463\" height=\"103\"><strong>Contabilit\u00e0<\/strong><br \/>\nAndrea Dardi<br \/>\ncontabilita.iicbelgrado@esteri.it<\/td>\n<\/tr>\n<tr>\n<td class=\"tableRed\" width=\"157\" height=\"103\"><img loading=\"lazy\" decoding=\"async\" class=\"alignnone wp-image-8059 img-fluid\" src=\"https:\/\/iicbelgrado.esteri.it\/wp-content\/uploads\/2024\/06\/jelena_3.jpg\" alt=\"\" width=\"90\" height=\"121\" srcset=\"https:\/\/iicbelgrado.esteri.it\/wp-content\/uploads\/2024\/06\/jelena_3.jpg 415w, https:\/\/iicbelgrado.esteri.it\/wp-content\/uploads\/2024\/06\/jelena_3-224x300.jpg 224w\" sizes=\"auto, (max-width: 90px) 100vw, 90px\" \/><\/td>\n<td class=\"tableRed\" valign=\"top\" width=\"463\" height=\"103\"><strong>Eventi culturali<br \/>\n<\/strong>Jelena Radovanovi\u0107<br \/>\ndirezione.iicbelgrado@esteri.it<\/td>\n<\/tr>\n<tr>\n<td class=\"tableRed\" width=\"157\" height=\"103\"><img loading=\"lazy\" decoding=\"async\" class=\"alignnone size-full wp-image-179 img-fluid\" src=\"https:\/\/iicbelgrado.esteri.it\/wp-content\/uploads\/2023\/06\/Spomenka-Zojic.jpg\" alt=\"\" width=\"90\" height=\"120\" \/><\/td>\n<td class=\"tableRed\" valign=\"top\" width=\"463\" height=\"103\"><strong>Segreteria Corsi di Lingua e Certificazione competenze in Lingua italiana<\/strong><br \/>\nSpomenka Zoji\u0107 Majdevac<br \/>\ncorsilingua.iicbelgrado@esteri.it<\/td>\n<\/tr>\n<tr>\n<td class=\"tableRed\" width=\"157\" height=\"103\"><img loading=\"lazy\" decoding=\"async\" class=\"alignnone wp-image-1185 img-fluid\" src=\"https:\/\/iicbelgrado.esteri.it\/wp-content\/uploads\/2023\/10\/tihana-225x300.jpg\" alt=\"\" width=\"89\" height=\"118\" srcset=\"https:\/\/iicbelgrado.esteri.it\/wp-content\/uploads\/2023\/10\/tihana-225x300.jpg 225w, https:\/\/iicbelgrado.esteri.it\/wp-content\/uploads\/2023\/10\/tihana.jpg 443w\" sizes=\"auto, (max-width: 89px) 100vw, 89px\" \/><\/td>\n<td class=\"tableRed\" valign=\"top\" width=\"463\" height=\"103\"><strong>Eventi culturali<\/strong><br \/>\nTihana Trkulja<br \/>\nmediateca.iicbelgrado@esteri.it<\/td>\n<\/tr>\n<tr>\n<td class=\"tableRed\" width=\"157\" height=\"103\"><\/td>\n<td class=\"tableRed\" valign=\"top\" width=\"463\" height=\"103\"><strong>Segreteria, archivio<br \/>\n<\/strong>Maja Carli<br \/>\niicbelgrado@esteri.it<\/td>\n<\/tr>\n<tr>\n<td class=\"tableRed\" width=\"157\" height=\"103\"><\/td>\n<td class=\"tableRed\" valign=\"top\" width=\"463\" height=\"103\"><strong>Autista-commesso-centralinista<\/strong><\/td>\n<\/tr>\n<tr>\n<td class=\"tableRed\" width=\"157\" height=\"103\"><\/td>\n<td class=\"tableRed\" valign=\"top\" width=\"463\" height=\"103\"><strong>Biblioteca<br \/>\n<\/strong>biblioteca.iicbelgrado@esteri.it<\/td>\n<\/tr>\n<tr>\n<td class=\"tableRed\" width=\"157\" height=\"103\"><\/td>\n<td class=\"tableRed\" valign=\"top\" width=\"463\" height=\"103\"><strong>Webmaster<\/strong><br \/>\ninformatica.iicbelgrado@esteri.it<\/td>\n<\/tr>\n<\/tbody>\n<\/table>\n<p>&nbsp;<\/p>\n","protected":false},"excerpt":{"rendered":"Si prega di inviare le proposte di eventi culturali e le richieste di collaborazione esclusivamente a questo indirizzo:\u00a0iicbelgrado@esteri.it Fotografia Descrizione Direttore Roberto Cincotta Addetta culturale Alessandra Henke Contabilit\u00e0 Andrea Dardi contabilita.iicbelgrado@esteri.it Eventi culturali Jelena Radovanovi\u0107 direzione.iicbelgrado@esteri.it Segreteria Corsi di Lingua e Certificazione competenze in Lingua italiana Spomenka Zoji\u0107 Majdevac corsilingua.iicbelgrado@esteri.it Eventi culturali Tihana Trkulja mediateca.iicbelgrado@esteri.it [&hellip;]","protected":false},"author":1,"featured_media":0,"parent":15,"menu_order":0,"comment_status":"closed","ping_status":"closed","template":"","meta":{"footnotes":""},"class_list":["post-39","page","type-page","status-publish","hentry"],"_links":{"self":[{"href":"https:\/\/iicbelgrado.esteri.it\/it\/wp-json\/wp\/v2\/pages\/39","targetHints":{"allow":["GET"]}}],"collection":[{"href":"https:\/\/iicbelgrado.esteri.it\/it\/wp-json\/wp\/v2\/pages"}],"about":[{"href":"https:\/\/iicbelgrado.esteri.it\/it\/wp-json\/wp\/v2\/types\/page"}],"author":[{"embeddable":true,"href":"https:\/\/iicbelgrado.esteri.it\/it\/wp-json\/wp\/v2\/users\/1"}],"replies":[{"embeddable":true,"href":"https:\/\/iicbelgrado.esteri.it\/it\/wp-json\/wp\/v2\/comments?post=39"}],"version-history":[{"count":7,"href":"https:\/\/iicbelgrado.esteri.it\/it\/wp-json\/wp\/v2\/pages\/39\/revisions"}],"predecessor-version":[{"id":15907,"href":"https:\/\/iicbelgrado.esteri.it\/it\/wp-json\/wp\/v2\/pages\/39\/revisions\/15907"}],"up":[{"embeddable":true,"href":"https:\/\/iicbelgrado.esteri.it\/it\/wp-json\/wp\/v2\/pages\/15"}],"wp:attachment":[{"href":"https:\/\/iicbelgrado.esteri.it\/it\/wp-json\/wp\/v2\/media?parent=39"}],"curies":[{"name":"wp","href":"https:\/\/api.w.org\/{rel}","templated":true}]}}