{"id":17,"date":"2023-04-03T20:31:30","date_gmt":"2023-04-03T18:31:30","guid":{"rendered":"https:\/\/istitutobuenosaires.esteri.it\/?page_id=17"},"modified":"2023-06-20T10:59:40","modified_gmt":"2023-06-20T08:59:40","slug":"gli_eventi","status":"publish","type":"page","link":"https:\/\/iicbelgrado.esteri.it\/it\/gli_eventi\/","title":{"rendered":"Eventi"},"content":{"rendered":"        <div class=\"row\">\n\t\t\t<!-- Ricerca sedi post -->\n\t\t\t<div class=\"col-12 mt-4\">\n\t\t\t  <div class=\"callout callout-highlight note ricerca-esteri p-4\">\n                    <div class=\"callout-title\">\n                        <svg class=\"icon\">\n                            <use xlink:href=\"https:\/\/iicbelgrado.esteri.it\/wp-content\/themes\/sedi-tema\/assets\/svg\/sprites.svg#it-search\"><\/use>\n                        <\/svg>Inserisci i parametri di ricerca                    <\/div>\n                    <form id=\"searchFormPost\" name=\"form-search-post\" class=\"form-row align-items-center\" action=\"https:\/\/iicbelgrado.esteri.it\/it\/wp-json\/wp\/v2\/pages\/17\/\" method=\"GET\"> \n                        <!-- <div class=\"form-group pt-5\"> -->\n                            <!-- <input type=\"hidden\" id=\"lang\" name=\"lang\" value=\"\"> --> <!-- <\/div> -->\n\n                        <div class=\"it-datepicker-wrapper\">\n                            <div class=\"row\">\n                                <div class=\"form-group col-md-6\">\n                                    <label class=\"active\" for=\"date-init\">Dal<\/label>\n                                    <input class=\"form-control\" name=\"date-init\" id=\"date-init\" type=\"date\" placeholder=\"gg\/mm\/aaaa\" value=\"\"lang=\"en-EN\">  \n                                <\/div>\n                                <div class=\"form-group col-md-6\">\n                                    <label class=\"active\" for=\"date-end\">Al<\/label>\n                                    <input class=\"form-control\" name=\"date-end\" id=\"date-end\" type=\"date\" placeholder=\"gg\/mm\/aaaa\" value=\"\">\n                                <\/div>\n                            <\/div>\n                        <\/div>\n                        <div class=\"form-group col-md-12 mt-3\">\n                            <label for=\"searchText\">Campo ricerca libera<\/label>\n                            <input type=\"text\" name=\"searchText\" class=\"form-control\" id=\"searchText\" value=\"\">\n                        <\/div>\n                        <div class=\"form-group col-md-4 offset-md-8 text-end\">\n                            <a href=\"https:\/\/iicbelgrado.esteri.it\/it\/gli_eventi\/\" title=\"Form reset\" id=\"resetImput\" class=\"btn btn-outline-primary btn-xs\">Reset<\/a>\n                            <button type=\"submit\" class=\"btn btn-primary btn-xs\">Mostra risultati<\/button>\n                        <\/div>\n                    <\/form>\n\t\t\t\t<\/div>\n\t\t\t<\/div>\n\t\t<\/div>\n                    \n            <div class=\"row\">\n                            <div class=\"col-12 mt-3\">\n                <!--start card-->\n                <div class=\"card-wrapper card-space\">\n                    <div class=\"card card-bg card-big border-bottom-card\">\n                        <div class=\"card-body row\">\n                                                    <div class=\"col-sm-3\">\n                                <div class=\"img-responsive\">\n                                    <figure class=\"img-wrapper\">\n                                        <a href=\"https:\/\/iicbelgrado.esteri.it\/it\/gli_eventi\/calendario\/festival-del-fumetto-di-herceg-novi\/\" title=\"Leggi l'articolo: Festival del Fumetto di Herceg Novi\">\n                                                                                            <img loading=\"lazy\" decoding=\"async\" width=\"213\" height=\"300\" src=\"https:\/\/iicbelgrado.esteri.it\/wp-content\/uploads\/2026\/09\/locandina-fumetto-Herceg-Novi-213x300.jpeg\" srcset=\"https:\/\/iicbelgrado.esteri.it\/wp-content\/uploads\/2026\/09\/locandina-fumetto-Herceg-Novi.jpeg 1063w, https:\/\/iicbelgrado.esteri.it\/wp-content\/uploads\/2026\/09\/locandina-fumetto-Herceg-Novi-213x300.jpeg 213w, https:\/\/iicbelgrado.esteri.it\/wp-content\/uploads\/2026\/09\/locandina-fumetto-Herceg-Novi-726x1024.jpeg 726w, https:\/\/iicbelgrado.esteri.it\/wp-content\/uploads\/2026\/09\/locandina-fumetto-Herceg-Novi-768x1083.jpeg 768w\" sizes=\"auto, (max-width: 1063px) 100vw, 1063px\"  title=\"locandina fumetto Herceg Novi\" alt=\"\" class=\"img-fluid\">\n                                                                                    <\/a>\n                                    <\/figure>\n                                <\/div>\n                            <\/div>\n                            <div class=\"col-sm-9\">\n                                                            <div class=\"category-top\">\n                                    <span class=\"fw-bold \"><\/span>                                                                        <span class=\"\">\n                                        <svg class=\"icon icon-secondary\">\n                                            <use xlink:href=\"https:\/\/iicbelgrado.esteri.it\/wp-content\/themes\/sedi-tema\/assets\/svg\/sprites.svg#it-calendar\"><\/use>\n                                        <\/svg> Ven 04 Set 2026<svg class=\"icon icon-xs icon-secondary me-1 ms-1\"><use href=\"https:\/\/iicbelgrado.esteri.it\/wp-content\/themes\/sedi-tema\/assets\/svg\/sprites.svg#it-arrow-right\"><\/use><\/svg>Mer 09 Set 2026                                    <\/span>\n                                                                    <\/div>\n                            <h5 class=\"card-title big-heading text-uppercase\"><a class=\"text-body text-decoration-none\" href=\"https:\/\/iicbelgrado.esteri.it\/it\/gli_eventi\/calendario\/festival-del-fumetto-di-herceg-novi\/\" title=\"Festival del Fumetto di Herceg Novi\">Festival del Fumetto di Herceg Novi<\/a><\/h5>\n                            <p class=\"card-text\">Si terr\u00e0 dal 4 al 9 settembre 2026 in diversi luoghi della citt\u00e0 il XX Festival del Fumetto di Herceg Novi, importante appuntamento estivo per gli appassionati della nona arte. Il festival, sostenuto dall\u2019Ambasciata d\u2019Italia a Podgorica e dall\u2019Istituto Italiano di Cultura di Belgrado, vedr\u00e0 la partecipazione di numerosi ospiti italiani tra cui Riccardo Secchi, [&hellip;]<\/p>\n                                <a title=\"Festival del Fumetto di Herceg Novi\" class=\"read-more\" href=\"https:\/\/iicbelgrado.esteri.it\/it\/gli_eventi\/calendario\/festival-del-fumetto-di-herceg-novi\/\">\n                                    <span class=\"text\">Leggi di pi\u00f9<\/span>\n                                    <svg class=\"icon\">\n                                    <use xlink:href=\"https:\/\/iicbelgrado.esteri.it\/wp-content\/themes\/sedi-tema\/assets\/svg\/sprites.svg#it-arrow-right\"><\/use>\n                                    <\/svg>\n                                <\/a>\n                                                        <\/div>\n                                                    <\/div>\n                    <\/div>\n                <\/div>\n                <!--end card-->\n                <\/div><!-- col-12 .mt-3-->\n                            <div class=\"col-12 mt-3\">\n                <!--start card-->\n                <div class=\"card-wrapper card-space\">\n                    <div class=\"card card-bg card-big border-bottom-card\">\n                        <div class=\"card-body row\">\n                                                    <div class=\"col-sm-3\">\n                                <div class=\"img-responsive\">\n                                    <figure class=\"img-wrapper\">\n                                        <a href=\"https:\/\/iicbelgrado.esteri.it\/it\/gli_eventi\/calendario\/proiezione-dei-film-anna-e-le-cose-non-dette-a-podgorica\/\" title=\"Leggi l'articolo: Proiezione dei film \u201cAnna\u201d e \u201cLe cose non dette\u201d a Podgorica\">\n                                                                                            <img loading=\"lazy\" decoding=\"async\" width=\"206\" height=\"300\" src=\"https:\/\/iicbelgrado.esteri.it\/wp-content\/uploads\/2026\/08\/locandina-Fare-Cinema-Podgorica-206x300.jpeg\" srcset=\"https:\/\/iicbelgrado.esteri.it\/wp-content\/uploads\/2026\/08\/locandina-Fare-Cinema-Podgorica.jpeg 1100w, https:\/\/iicbelgrado.esteri.it\/wp-content\/uploads\/2026\/08\/locandina-Fare-Cinema-Podgorica-206x300.jpeg 206w, https:\/\/iicbelgrado.esteri.it\/wp-content\/uploads\/2026\/08\/locandina-Fare-Cinema-Podgorica-704x1024.jpeg 704w, https:\/\/iicbelgrado.esteri.it\/wp-content\/uploads\/2026\/08\/locandina-Fare-Cinema-Podgorica-768x1117.jpeg 768w\" sizes=\"auto, (max-width: 1100px) 100vw, 1100px\"  title=\"locandina Fare Cinema Podgorica\" alt=\"\" class=\"img-fluid\">\n                                                                                    <\/a>\n                                    <\/figure>\n                                <\/div>\n                            <\/div>\n                            <div class=\"col-sm-9\">\n                                                            <div class=\"category-top\">\n                                    <span class=\"fw-bold \"><\/span>                                                                        <span class=\"\">\n                                        <svg class=\"icon icon-secondary\">\n                                            <use xlink:href=\"https:\/\/iicbelgrado.esteri.it\/wp-content\/themes\/sedi-tema\/assets\/svg\/sprites.svg#it-calendar\"><\/use>\n                                        <\/svg> Mar 08 Set 2026<svg class=\"icon icon-xs icon-secondary me-1 ms-1\"><use href=\"https:\/\/iicbelgrado.esteri.it\/wp-content\/themes\/sedi-tema\/assets\/svg\/sprites.svg#it-arrow-right\"><\/use><\/svg>Mer 09 Set 2026                                    <\/span>\n                                                                    <\/div>\n                            <h5 class=\"card-title big-heading text-uppercase\"><a class=\"text-body text-decoration-none\" href=\"https:\/\/iicbelgrado.esteri.it\/it\/gli_eventi\/calendario\/proiezione-dei-film-anna-e-le-cose-non-dette-a-podgorica\/\" title=\"Proiezione dei film \u201cAnna\u201d e \u201cLe cose non dette\u201d a Podgorica\">Proiezione dei film \u201cAnna\u201d e \u201cLe cose non dette\u201d a Podgorica<\/a><\/h5>\n                            <p class=\"card-text\">Nell\u2019ambito della rassegna tematica \u201cFare Cinema\u201d, ideata dal Ministero degli Affari Esteri e della Cooperazione Internazionale per promuovere il cinema e l\u2019industria cinematografica italiana nel mondo, l\u2019Ambasciata d\u2019Italia a Podgorica in collaborazione con l\u2019Istituto Italiano di Cultura di Belgrado presenta la proiezione dei film \u201cAnna\u201d (2025) di Monica Guerritore e \u201cLe cose non dette\u201d (2025) [&hellip;]<\/p>\n                                <a title=\"Proiezione dei film \u201cAnna\u201d e \u201cLe cose non dette\u201d a Podgorica\" class=\"read-more\" href=\"https:\/\/iicbelgrado.esteri.it\/it\/gli_eventi\/calendario\/proiezione-dei-film-anna-e-le-cose-non-dette-a-podgorica\/\">\n                                    <span class=\"text\">Leggi di pi\u00f9<\/span>\n                                    <svg class=\"icon\">\n                                    <use xlink:href=\"https:\/\/iicbelgrado.esteri.it\/wp-content\/themes\/sedi-tema\/assets\/svg\/sprites.svg#it-arrow-right\"><\/use>\n                                    <\/svg>\n                                <\/a>\n                                                        <\/div>\n                                                    <\/div>\n                    <\/div>\n                <\/div>\n                <!--end card-->\n                <\/div><!-- col-12 .mt-3-->\n                            <div class=\"col-12 mt-3\">\n                <!--start card-->\n                <div class=\"card-wrapper card-space\">\n                    <div class=\"card card-bg card-big border-bottom-card\">\n                        <div class=\"card-body row\">\n                                                    <div class=\"col-sm-3\">\n                                <div class=\"img-responsive\">\n                                    <figure class=\"img-wrapper\">\n                                        <a href=\"https:\/\/iicbelgrado.esteri.it\/it\/gli_eventi\/calendario\/concerto-del-duo-chitarristico-2gs\/\" title=\"Leggi l'articolo: Concerto del Duo chitarristico 2G\u2019s\">\n                                                                                            <img loading=\"lazy\" decoding=\"async\" width=\"240\" height=\"300\" src=\"https:\/\/iicbelgrado.esteri.it\/wp-content\/uploads\/2026\/09\/2Gs-240x300.jpg\" srcset=\"https:\/\/iicbelgrado.esteri.it\/wp-content\/uploads\/2026\/09\/2Gs.jpg 1280w, https:\/\/iicbelgrado.esteri.it\/wp-content\/uploads\/2026\/09\/2Gs-240x300.jpg 240w, https:\/\/iicbelgrado.esteri.it\/wp-content\/uploads\/2026\/09\/2Gs-819x1024.jpg 819w, https:\/\/iicbelgrado.esteri.it\/wp-content\/uploads\/2026\/09\/2Gs-768x960.jpg 768w\" sizes=\"auto, (max-width: 1280px) 100vw, 1280px\"  title=\"2G&#8217;s\" alt=\"\" class=\"img-fluid\">\n                                                                                    <\/a>\n                                    <\/figure>\n                                <\/div>\n                            <\/div>\n                            <div class=\"col-sm-9\">\n                                                            <div class=\"category-top\">\n                                    <span class=\"fw-bold \"><\/span>                                                                        <span class=\"\">\n                                        <svg class=\"icon icon-secondary\">\n                                            <use xlink:href=\"https:\/\/iicbelgrado.esteri.it\/wp-content\/themes\/sedi-tema\/assets\/svg\/sprites.svg#it-calendar\"><\/use>\n                                        <\/svg> Gio 10 Set 2026                                    <\/span>\n                                                                    <\/div>\n                            <h5 class=\"card-title big-heading text-uppercase\"><a class=\"text-body text-decoration-none\" href=\"https:\/\/iicbelgrado.esteri.it\/it\/gli_eventi\/calendario\/concerto-del-duo-chitarristico-2gs\/\" title=\"Concerto del Duo chitarristico 2G\u2019s\">Concerto del Duo chitarristico 2G\u2019s<\/a><\/h5>\n                            <p class=\"card-text\">Gioved\u00ec 10 settembre alle ore 19.00 presso l\u2019Istituto Italiano di Cultura di Belgrado si terr\u00e0 il concerto del Duo chitarristico 2G\u2019s, formato da Pavle \u017darki\u0107 e Milo\u0161 Vukovi\u0107, organizzato dalla Societ\u00e0 Chitarristica di Belgrado, associazione impegnata nella promozione di giovani chitarristi. Il programma del concerto prevede musiche di Albeniz, Bach, Gangi e Domeniconi. Pavle \u017darki\u0107 [&hellip;]<\/p>\n                                <a title=\"Concerto del Duo chitarristico 2G\u2019s\" class=\"read-more\" href=\"https:\/\/iicbelgrado.esteri.it\/it\/gli_eventi\/calendario\/concerto-del-duo-chitarristico-2gs\/\">\n                                    <span class=\"text\">Leggi di pi\u00f9<\/span>\n                                    <svg class=\"icon\">\n                                    <use xlink:href=\"https:\/\/iicbelgrado.esteri.it\/wp-content\/themes\/sedi-tema\/assets\/svg\/sprites.svg#it-arrow-right\"><\/use>\n                                    <\/svg>\n                                <\/a>\n                                                        <\/div>\n                                                    <\/div>\n                    <\/div>\n                <\/div>\n                <!--end card-->\n                <\/div><!-- col-12 .mt-3-->\n                            <div class=\"col-12 mt-3\">\n                <!--start card-->\n                <div class=\"card-wrapper card-space\">\n                    <div class=\"card card-bg card-big border-bottom-card\">\n                        <div class=\"card-body row\">\n                                                    <div class=\"col-sm-3\">\n                                <div class=\"img-responsive\">\n                                    <figure class=\"img-wrapper\">\n                                        <a href=\"https:\/\/iicbelgrado.esteri.it\/it\/gli_eventi\/calendario\/concerto-del-duo-euterpe\/\" title=\"Leggi l'articolo: Concerto del Duo Euterpe\">\n                                                                                            <img loading=\"lazy\" decoding=\"async\" width=\"240\" height=\"300\" src=\"https:\/\/iicbelgrado.esteri.it\/wp-content\/uploads\/2026\/09\/DUO-EUTERPE-240x300.png\" srcset=\"https:\/\/iicbelgrado.esteri.it\/wp-content\/uploads\/2026\/09\/DUO-EUTERPE.png 1080w, https:\/\/iicbelgrado.esteri.it\/wp-content\/uploads\/2026\/09\/DUO-EUTERPE-240x300.png 240w, https:\/\/iicbelgrado.esteri.it\/wp-content\/uploads\/2026\/09\/DUO-EUTERPE-819x1024.png 819w, https:\/\/iicbelgrado.esteri.it\/wp-content\/uploads\/2026\/09\/DUO-EUTERPE-768x960.png 768w\" sizes=\"auto, (max-width: 1080px) 100vw, 1080px\"  title=\"DUO EUTERPE\" alt=\"\" class=\"img-fluid\">\n                                                                                    <\/a>\n                                    <\/figure>\n                                <\/div>\n                            <\/div>\n                            <div class=\"col-sm-9\">\n                                                            <div class=\"category-top\">\n                                    <span class=\"fw-bold \"><\/span>                                                                        <span class=\"\">\n                                        <svg class=\"icon icon-secondary\">\n                                            <use xlink:href=\"https:\/\/iicbelgrado.esteri.it\/wp-content\/themes\/sedi-tema\/assets\/svg\/sprites.svg#it-calendar\"><\/use>\n                                        <\/svg> Lun 14 Set 2026                                    <\/span>\n                                                                    <\/div>\n                            <h5 class=\"card-title big-heading text-uppercase\"><a class=\"text-body text-decoration-none\" href=\"https:\/\/iicbelgrado.esteri.it\/it\/gli_eventi\/calendario\/concerto-del-duo-euterpe\/\" title=\"Concerto del Duo Euterpe\">Concerto del Duo Euterpe<\/a><\/h5>\n                            <p class=\"card-text\">Luned\u00ec 14 settembre 2026 alle ore 20.00 presso l\u2019Istituto Italiano di Cultura di Belgrado si terr\u00e0 il concerto del ciclo \u201cGiovani in Italia\u201d organizzato dalla Giovent\u00f9 Musicale di Belgrado nell\u2019ambito del progetto \u201cGiovani per i giovani\u201d. A esibirsi sar\u00e0 il Duo Euterpe, formato da Kristina Gagi\u0107 (soprano) e Igor Glava\u0161i\u0107 (pianoforte), che eseguir\u00e0 musiche di [&hellip;]<\/p>\n                                <a title=\"Concerto del Duo Euterpe\" class=\"read-more\" href=\"https:\/\/iicbelgrado.esteri.it\/it\/gli_eventi\/calendario\/concerto-del-duo-euterpe\/\">\n                                    <span class=\"text\">Leggi di pi\u00f9<\/span>\n                                    <svg class=\"icon\">\n                                    <use xlink:href=\"https:\/\/iicbelgrado.esteri.it\/wp-content\/themes\/sedi-tema\/assets\/svg\/sprites.svg#it-arrow-right\"><\/use>\n                                    <\/svg>\n                                <\/a>\n                                                        <\/div>\n                                                    <\/div>\n                    <\/div>\n                <\/div>\n                <!--end card-->\n                <\/div><!-- col-12 .mt-3-->\n                            <div class=\"col-12 mt-3\">\n                <!--start card-->\n                <div class=\"card-wrapper card-space\">\n                    <div class=\"card card-bg card-big border-bottom-card\">\n                        <div class=\"card-body row\">\n                                                    <div class=\"col-sm-3\">\n                                <div class=\"img-responsive\">\n                                    <figure class=\"img-wrapper\">\n                                        <a href=\"https:\/\/iicbelgrado.esteri.it\/it\/gli_eventi\/calendario\/concerto-del-duo-jeunesses-musicales\/\" title=\"Leggi l'articolo: Concerto del Duo Jeunesses Musicales\">\n                                                                                            <img loading=\"lazy\" decoding=\"async\" width=\"240\" height=\"300\" src=\"https:\/\/iicbelgrado.esteri.it\/wp-content\/uploads\/2026\/09\/locandina-21-settembre-240x300.png\" srcset=\"https:\/\/iicbelgrado.esteri.it\/wp-content\/uploads\/2026\/09\/locandina-21-settembre.png 1080w, https:\/\/iicbelgrado.esteri.it\/wp-content\/uploads\/2026\/09\/locandina-21-settembre-240x300.png 240w, https:\/\/iicbelgrado.esteri.it\/wp-content\/uploads\/2026\/09\/locandina-21-settembre-819x1024.png 819w, https:\/\/iicbelgrado.esteri.it\/wp-content\/uploads\/2026\/09\/locandina-21-settembre-768x960.png 768w\" sizes=\"auto, (max-width: 1080px) 100vw, 1080px\"  title=\"locandina 21 settembre\" alt=\"\" class=\"img-fluid\">\n                                                                                    <\/a>\n                                    <\/figure>\n                                <\/div>\n                            <\/div>\n                            <div class=\"col-sm-9\">\n                                                            <div class=\"category-top\">\n                                    <span class=\"fw-bold \"><\/span>                                                                        <span class=\"\">\n                                        <svg class=\"icon icon-secondary\">\n                                            <use xlink:href=\"https:\/\/iicbelgrado.esteri.it\/wp-content\/themes\/sedi-tema\/assets\/svg\/sprites.svg#it-calendar\"><\/use>\n                                        <\/svg> Lun 21 Set 2026                                    <\/span>\n                                                                    <\/div>\n                            <h5 class=\"card-title big-heading text-uppercase\"><a class=\"text-body text-decoration-none\" href=\"https:\/\/iicbelgrado.esteri.it\/it\/gli_eventi\/calendario\/concerto-del-duo-jeunesses-musicales\/\" title=\"Concerto del Duo Jeunesses Musicales\">Concerto del Duo Jeunesses Musicales<\/a><\/h5>\n                            <p class=\"card-text\">Luned\u00ec 21 settembre 2026 alle ore 20.00 presso l\u2019Istituto Italiano di Cultura di Belgrado si terr\u00e0 il concerto organizzato dalla Giovent\u00f9 Musicale di Belgrado in collaborazione con la Giovent\u00f9 Musicale della Macedonia del Nord nell\u2019ambito del progetto \u201cGiovani per i giovani\u201d. A esibirsi sar\u00e0 il Duo Jeunesses Musicales, formato dalla violista Leona Kondratenko (Macedonia del [&hellip;]<\/p>\n                                <a title=\"Concerto del Duo Jeunesses Musicales\" class=\"read-more\" href=\"https:\/\/iicbelgrado.esteri.it\/it\/gli_eventi\/calendario\/concerto-del-duo-jeunesses-musicales\/\">\n                                    <span class=\"text\">Leggi di pi\u00f9<\/span>\n                                    <svg class=\"icon\">\n                                    <use xlink:href=\"https:\/\/iicbelgrado.esteri.it\/wp-content\/themes\/sedi-tema\/assets\/svg\/sprites.svg#it-arrow-right\"><\/use>\n                                    <\/svg>\n                                <\/a>\n                                                        <\/div>\n                                                    <\/div>\n                    <\/div>\n                <\/div>\n                <!--end card-->\n                <\/div><!-- col-12 .mt-3-->\n                            <div class=\"col-12 mt-3\">\n                <!--start card-->\n                <div class=\"card-wrapper card-space\">\n                    <div class=\"card card-bg card-big border-bottom-card\">\n                        <div class=\"card-body row\">\n                                                    <div class=\"col-sm-3\">\n                                <div class=\"img-responsive\">\n                                    <figure class=\"img-wrapper\">\n                                        <a href=\"https:\/\/iicbelgrado.esteri.it\/it\/gli_eventi\/calendario\/spettacolo-es-dolcemente-disturbante-al-festival-cirkobalkana\/\" title=\"Leggi l'articolo: Spettacolo \u201cES \u2013 Dolcemente disturbante\u201d al Festival Cirkobalkana\">\n                                                                                            <img loading=\"lazy\" decoding=\"async\" width=\"240\" height=\"300\" src=\"https:\/\/iicbelgrado.esteri.it\/wp-content\/uploads\/2026\/08\/ES-SLATKO-UZNEMIRUJUCE-240x300.png\" srcset=\"https:\/\/iicbelgrado.esteri.it\/wp-content\/uploads\/2026\/08\/ES-SLATKO-UZNEMIRUJUCE.png 1080w, https:\/\/iicbelgrado.esteri.it\/wp-content\/uploads\/2026\/08\/ES-SLATKO-UZNEMIRUJUCE-240x300.png 240w, https:\/\/iicbelgrado.esteri.it\/wp-content\/uploads\/2026\/08\/ES-SLATKO-UZNEMIRUJUCE-819x1024.png 819w, https:\/\/iicbelgrado.esteri.it\/wp-content\/uploads\/2026\/08\/ES-SLATKO-UZNEMIRUJUCE-768x960.png 768w\" sizes=\"auto, (max-width: 1080px) 100vw, 1080px\"  title=\"ES &#8211; SLATKO UZNEMIRUJUCE\" alt=\"\" class=\"img-fluid\">\n                                                                                    <\/a>\n                                    <\/figure>\n                                <\/div>\n                            <\/div>\n                            <div class=\"col-sm-9\">\n                                                            <div class=\"category-top\">\n                                    <span class=\"fw-bold \"><\/span>                                                                        <span class=\"\">\n                                        <svg class=\"icon icon-secondary\">\n                                            <use xlink:href=\"https:\/\/iicbelgrado.esteri.it\/wp-content\/themes\/sedi-tema\/assets\/svg\/sprites.svg#it-calendar\"><\/use>\n                                        <\/svg> Ven 25 Set 2026                                    <\/span>\n                                                                    <\/div>\n                            <h5 class=\"card-title big-heading text-uppercase\"><a class=\"text-body text-decoration-none\" href=\"https:\/\/iicbelgrado.esteri.it\/it\/gli_eventi\/calendario\/spettacolo-es-dolcemente-disturbante-al-festival-cirkobalkana\/\" title=\"Spettacolo \u201cES \u2013 Dolcemente disturbante\u201d al Festival Cirkobalkana\">Spettacolo \u201cES \u2013 Dolcemente disturbante\u201d al Festival Cirkobalkana<\/a><\/h5>\n                            <p class=\"card-text\">Si svolge dall\u201911 al 26 settembre prossimi presso lo spazio Ciglana a Belgrado la 14\u00b0 edizione del Festival di circo contemporaneo Cirkobalkana, organizzato dalle associazioni Cirkusfera e Cirkorama in collaborazione con diversi partner locali e stranieri, con un programma ricco di spettacoli, laboratori ed eventi musicali per il pubblico di tutte le et\u00e0. In questa [&hellip;]<\/p>\n                                <a title=\"Spettacolo \u201cES \u2013 Dolcemente disturbante\u201d al Festival Cirkobalkana\" class=\"read-more\" href=\"https:\/\/iicbelgrado.esteri.it\/it\/gli_eventi\/calendario\/spettacolo-es-dolcemente-disturbante-al-festival-cirkobalkana\/\">\n                                    <span class=\"text\">Leggi di pi\u00f9<\/span>\n                                    <svg class=\"icon\">\n                                    <use xlink:href=\"https:\/\/iicbelgrado.esteri.it\/wp-content\/themes\/sedi-tema\/assets\/svg\/sprites.svg#it-arrow-right\"><\/use>\n                                    <\/svg>\n                                <\/a>\n                                                        <\/div>\n                                                    <\/div>\n                    <\/div>\n                <\/div>\n                <!--end card-->\n                <\/div><!-- col-12 .mt-3-->\n            \n            <div class=\"col-md-12 mt-4 pb-4\">\n                <nav class=\"navigation col-md-12\" aria-label=\"Navigation\">\n                    <h2 class=\"screen-reader-text visually-hidden\">Paginazione<\/h2>\n                    <div class=\"nav-links\">\n                                        <\/div>\n                <\/nav>\n            <\/div>   <!--.col-md-12 -->\n              <\/div><!--.row -->\n              \n","protected":false},"excerpt":{"rendered":"","protected":false},"author":1,"featured_media":0,"parent":0,"menu_order":6,"comment_status":"closed","ping_status":"closed","template":"","meta":{"footnotes":""},"class_list":["post-17","page","type-page","status-publish","hentry"],"_links":{"self":[{"href":"https:\/\/iicbelgrado.esteri.it\/it\/wp-json\/wp\/v2\/pages\/17","targetHints":{"allow":["GET"]}}],"collection":[{"href":"https:\/\/iicbelgrado.esteri.it\/it\/wp-json\/wp\/v2\/pages"}],"about":[{"href":"https:\/\/iicbelgrado.esteri.it\/it\/wp-json\/wp\/v2\/types\/page"}],"author":[{"embeddable":true,"href":"https:\/\/iicbelgrado.esteri.it\/it\/wp-json\/wp\/v2\/users\/1"}],"replies":[{"embeddable":true,"href":"https:\/\/iicbelgrado.esteri.it\/it\/wp-json\/wp\/v2\/comments?post=17"}],"version-history":[{"count":1,"href":"https:\/\/iicbelgrado.esteri.it\/it\/wp-json\/wp\/v2\/pages\/17\/revisions"}],"predecessor-version":[{"id":21,"href":"https:\/\/iicbelgrado.esteri.it\/it\/wp-json\/wp\/v2\/pages\/17\/revisions\/21"}],"wp:attachment":[{"href":"https:\/\/iicbelgrado.esteri.it\/it\/wp-json\/wp\/v2\/media?parent=17"}],"curies":[{"name":"wp","href":"https:\/\/api.w.org\/{rel}","templated":true}]}}